{"id":27585199,"date":"2025-11-07T13:00:06","date_gmt":"2025-11-07T11:00:06","guid":{"rendered":"https:\/\/die-mundgesundheitsstiftung.de\/?page_id=27585199"},"modified":"2025-11-07T15:09:06","modified_gmt":"2025-11-07T13:09:06","slug":"neurologie","status":"publish","type":"page","link":"https:\/\/die-mundgesundheitsstiftung.de\/en\/neurologie\/","title":{"rendered":"Neurology"},"content":{"rendered":"<p>[et_pb_section fb_built=&#8221;1&#8243; _builder_version=&#8221;4.24.0&#8243; _module_preset=&#8221;default&#8221; background_enable_color=&#8221;off&#8221; background_enable_image=&#8221;off&#8221; background_size=&#8221;initial&#8221; background_position=&#8221;bottom_left&#8221; background_video_mp4=&#8221;https:\/\/ki-ausbildungszentrum.de\/wp-content\/uploads\/2025\/10\/MasterClass24_Event_Video_v02.mp4&#8243; custom_padding=&#8221;100px||100px||true|false&#8221; custom_css_main_element=&#8221;  background-image: ||    url(%22https:\/\/ki-ausbildungszentrum.de\/wp-content\/uploads\/2025\/10\/bubble-teal-7-small.CB9IRssv.png%22),||    url(%22https:\/\/ki-ausbildungszentrum.de\/wp-content\/uploads\/2025\/10\/bubble-teal-8-small.CqyivRlk.png%22);||  background-position: right top, left bottom;||  background-repeat: no-repeat, no-repeat;||  background-size: auto, auto;&#8221; global_colors_info=&#8221;{}&#8221;][et_pb_row column_structure=&#8221;2_3,1_3&#8243; use_custom_gutter=&#8221;on&#8221; gutter_width=&#8221;2&#8243; make_equal=&#8221;on&#8221; custom_padding_last_edited=&#8221;off|desktop&#8221; _builder_version=&#8221;4.24.0&#8243; _module_preset=&#8221;default&#8221; background_enable_color=&#8221;off&#8221; width=&#8221;90%&#8221; max_width=&#8221;1920px&#8221; custom_padding_tablet=&#8221;27px|50px|27px|50px|true|true&#8221; custom_padding_phone=&#8221;10px|10px|10px|10px|true|true&#8221; custom_css_main_element=&#8221;align-items:center;&#8221; border_radii=&#8221;on|15px|15px|15px|15px&#8221; global_colors_info=&#8221;{}&#8221;][et_pb_column type=&#8221;2_3&#8243; _builder_version=&#8221;4.27.4&#8243; _module_preset=&#8221;default&#8221; global_colors_info=&#8221;{}&#8221;][et_pb_text _builder_version=&#8221;4.24.0&#8243; _module_preset=&#8221;default&#8221; text_font=&#8221;Lexend Deca|600||on|||||&#8221; text_text_color=&#8221;#FE5E13&#8243; text_letter_spacing=&#8221;1px&#8221; header_6_font=&#8221;Lexend Deca|600|||||||&#8221; header_6_text_color=&#8221;#FE5E13&#8243; header_6_letter_spacing=&#8221;1px&#8221; custom_margin=&#8221;||10px||false|false&#8221; global_colors_info=&#8221;{}&#8221;]<\/p>\n<h6>Deutsche mundgesundheitsstiftung<\/h6>\n<p>[\/et_pb_text][et_pb_text _builder_version=&#8221;4.24.0&#8243; _module_preset=&#8221;default&#8221; header_font=&#8221;Lexend Deca||||||||&#8221; header_text_color=&#8221;#FFFFFF&#8221; header_font_size=&#8221;65px&#8221; header_letter_spacing=&#8221;-2px&#8221; header_line_height=&#8221;1.2em&#8221; max_width=&#8221;720px&#8221; custom_margin=&#8221;||0px||false|false&#8221; header_font_size_tablet=&#8221;65px&#8221; header_font_size_phone=&#8221;45px&#8221; header_font_size_last_edited=&#8221;on|phone&#8221; global_colors_info=&#8221;{}&#8221;]<\/p>\n<h1>Neurologie\/Psychiatrie<\/h1>\n<p>[\/et_pb_text][et_pb_text _builder_version=&#8221;4.24.0&#8243; _module_preset=&#8221;default&#8221; text_font=&#8221;Lexend||||||||&#8221; text_text_color=&#8221;#FFFFFF&#8221; text_font_size=&#8221;1.3rem&#8221; text_line_height=&#8221;1.8em&#8221; text_font_size_tablet=&#8221;16px&#8221; text_font_size_phone=&#8221;16px&#8221; text_font_size_last_edited=&#8221;on|tablet&#8221; global_colors_info=&#8221;{}&#8221;]<\/p>\n<p>Ihre Chance auf mehr seelische und mentale Gesundheit<\/p>\n<p>[\/et_pb_text][et_pb_button button_url=&#8221;#mehr&#8221; button_text=&#8221;Jetzt mehr erfahren&#8221; _builder_version=&#8221;4.24.0&#8243; _module_preset=&#8221;default&#8221; custom_button=&#8221;on&#8221; button_text_size=&#8221;0.9rem&#8221; button_text_color=&#8221;#FFFFFF&#8221; button_bg_color=&#8221;#FE5E13&#8243; button_border_width=&#8221;0px&#8221; button_border_radius=&#8221;8px&#8221; button_letter_spacing=&#8221;1px&#8221; button_font=&#8221;Lexend Deca|||on|||||&#8221; button_use_icon=&#8221;off&#8221; custom_padding=&#8221;20px|25px|20px|25px|true|true&#8221; global_colors_info=&#8221;{}&#8221;][\/et_pb_button][\/et_pb_column][et_pb_column type=&#8221;1_3&#8243; _builder_version=&#8221;4.27.4&#8243; _module_preset=&#8221;default&#8221; global_colors_info=&#8221;{}&#8221;][\/et_pb_column][\/et_pb_row][\/et_pb_section][et_pb_section fb_built=&#8221;1&#8243; custom_padding_last_edited=&#8221;on|phone&#8221; _builder_version=&#8221;4.24.0&#8243; _module_preset=&#8221;default&#8221; background_enable_color=&#8221;off&#8221; custom_margin_tablet=&#8221;&#8221; custom_margin_phone=&#8221;0px||||false|false&#8221; custom_margin_last_edited=&#8221;on|phone&#8221; custom_padding=&#8221;||||false|false&#8221; custom_padding_tablet=&#8221;0px||||false|false&#8221; custom_padding_phone=&#8221;0px||20px||false|false&#8221; custom_css_main_element=&#8221; &#8221; global_colors_info=&#8221;{}&#8221;][et_pb_row column_structure=&#8221;1_2,1_2&#8243; use_custom_gutter=&#8221;on&#8221; gutter_width=&#8221;2&#8243; make_equal=&#8221;on&#8221; module_id=&#8221;mehr&#8221; _builder_version=&#8221;4.24.0&#8243; _module_preset=&#8221;default&#8221; width=&#8221;90%&#8221; max_width=&#8221;1920px&#8221; global_colors_info=&#8221;{}&#8221;][et_pb_column type=&#8221;1_2&#8243; _builder_version=&#8221;4.24.0&#8243; _module_preset=&#8221;default&#8221; background_enable_color=&#8221;off&#8221; custom_padding=&#8221;60px|50px|60px|50px|true|true&#8221; custom_padding_tablet=&#8221;60px|50px|60px|50px|true|true&#8221; custom_padding_phone=&#8221;10px|10px|10px|10px|true|true&#8221; custom_padding_last_edited=&#8221;on|phone&#8221; border_radii=&#8221;on|10px|10px|10px|10px&#8221; global_colors_info=&#8221;{}&#8221;][et_pb_text _builder_version=&#8221;4.24.0&#8243; _module_preset=&#8221;default&#8221; text_font=&#8221;Lexend||||||||&#8221; text_text_color=&#8221;#042729&#8243; text_font_size=&#8221;18px&#8221; text_line_height=&#8221;2em&#8221; ul_line_height=&#8221;1.8em&#8221; max_width=&#8221;820px&#8221; custom_margin=&#8221;||||false|false&#8221; text_font_tablet=&#8221;Lexend||||||||&#8221; text_font_phone=&#8221;Lexend||||||||&#8221; text_font_last_edited=&#8221;on|phone&#8221; text_font_size_tablet=&#8221;1.2rem&#8221; text_font_size_phone=&#8221;16px&#8221; text_font_size_last_edited=&#8221;on|phone&#8221; locked=&#8221;off&#8221; global_colors_info=&#8221;{}&#8221;]<\/p>\n<p>Als Deutsche Mundgesundheitsstiftung (DMS) m\u00f6chten wir Sie auf dem Weg in ein ges\u00fcnderes, fitteres Leben begleiten. Hierbei spielt personalisierte Pr\u00e4vention mit funktionellen Biomarkern wie aMMP-8 eine Schl\u00fcsselrolle. Denn chronische, stille Entz\u00fcndungen \u2013 zum Beispiel im Mundraum \u2013 k\u00f6nnen nicht nur k\u00f6rperliche, sondern auch psychische Beschwerden verst\u00e4rken. Lassen Sie daher regelm\u00e4\u00dfig Ihren aMMP-8-Wert im Speichel bestimmen \u2013 in Ihrer neurologischen oder psychiatrischen Praxis oder in jedem zertifizierten OralFitness\u00ae Center.<\/p>\n<p>[\/et_pb_text][\/et_pb_column][et_pb_column type=&#8221;1_2&#8243; _builder_version=&#8221;4.24.0&#8243; _module_preset=&#8221;default&#8221; background_color=&#8221;#F5F5F5&#8243; custom_padding=&#8221;60px|50px|60px|50px|true|true&#8221; custom_padding_tablet=&#8221;60px|50px|60px|50px|true|true&#8221; custom_padding_phone=&#8221;20px|20px|20px|20px|true|true&#8221; custom_padding_last_edited=&#8221;on|phone&#8221; border_radii=&#8221;on|10px|10px|10px|10px&#8221; global_colors_info=&#8221;{}&#8221;][et_pb_text _builder_version=&#8221;4.24.0&#8243; _module_preset=&#8221;default&#8221; text_font=&#8221;Lexend||||||||&#8221; text_text_color=&#8221;#042729&#8243; text_font_size=&#8221;18px&#8221; text_line_height=&#8221;2em&#8221; ul_line_height=&#8221;1.8em&#8221; max_width=&#8221;820px&#8221; custom_margin_tablet=&#8221;&#8221; custom_margin_phone=&#8221;&#8221; custom_margin_last_edited=&#8221;on|phone&#8221; custom_padding_tablet=&#8221;&#8221; custom_padding_phone=&#8221;&#8221; custom_padding_last_edited=&#8221;on|phone&#8221; text_font_size_tablet=&#8221;1.2rem&#8221; text_font_size_phone=&#8221;16px&#8221; text_font_size_last_edited=&#8221;on|phone&#8221; locked=&#8221;off&#8221; global_colors_info=&#8221;{}&#8221;]<\/p>\n<p><strong>Das aMMP-8-Speichelscreening<\/strong><\/p>\n<p>Das aMMP-8-Speichelscreening misst die Zerst\u00f6rung der extrazellul\u00e4ren Matrix<span>\u00b9<\/span>\u00a0und Kollagenolyse<span>\u00b2<\/span>\u00a0in Echtzeit. Kollagen ist das h\u00e4ufigste Strukturprotein im menschlichen K\u00f6rper. Es st\u00e4rkt die orale Immunbarriere, indem es der Mundschleimhaut Struktur und Stabilit\u00e4t verleiht und so das Eindringen von Krankheitserregern erschwert. \u00dcber Sch\u00e4den in der Mundschleimhaut k\u00f6nnen Entz\u00fcndungen und Krankheitserreger in den Blutkreislauf gelangen und so systemische Erkrankungen beg\u00fcnstigen. Daher ist Vorsorge so wirkungsvoll.<\/p>\n<p>[\/et_pb_text][et_pb_text _builder_version=&#8221;4.27.4&#8243; _module_preset=&#8221;default&#8221; text_font=&#8221;Lexend||||||||&#8221; text_text_color=&#8221;#042729&#8243; text_font_size=&#8221;0.8rem&#8221; ul_line_height=&#8221;1.8em&#8221; max_width=&#8221;820px&#8221; locked=&#8221;off&#8221; global_colors_info=&#8221;{}&#8221;]<\/p>\n<p><span>\u00b9 Netzwerk aus Eiwei\u00dfen und Zuckermolek\u00fclen zwischen den Zellen, das dem Gewebe Halt, Struktur und Stabilit\u00e4t verleiht<\/span><\/p>\n<p><span>\u00b2 Abbau von Kollagenfasern<\/p>\n<p>\u00b3 Diese Inhalte stammen aus dem Konsensuspapier 25\/2026 des Gesundheitssenats der DMS<br \/><\/span><\/p>\n<p>[\/et_pb_text][\/et_pb_column][\/et_pb_row][\/et_pb_section][et_pb_section fb_built=&#8221;1&#8243; custom_padding_last_edited=&#8221;on|phone&#8221; _builder_version=&#8221;4.24.0&#8243; _module_preset=&#8221;default&#8221; background_color=&#8221;#fe5e13&#8243; custom_padding=&#8221;60px||100px||false|false&#8221; custom_padding_tablet=&#8221;60px||100px||false|false&#8221; custom_padding_phone=&#8221;20px||40px||false|false&#8221; locked=&#8221;off&#8221; global_colors_info=&#8221;{}&#8221;][et_pb_row column_structure=&#8221;2_3,1_3&#8243; use_custom_gutter=&#8221;on&#8221; gutter_width=&#8221;2&#8243; make_equal=&#8221;on&#8221; _builder_version=&#8221;4.24.0&#8243; _module_preset=&#8221;default&#8221; width=&#8221;90%&#8221; max_width=&#8221;1920px&#8221; custom_padding=&#8221;||20px||false|false&#8221; custom_css_main_element=&#8221;align-items:flex-end;&#8221; locked=&#8221;off&#8221; global_colors_info=&#8221;{}&#8221;][et_pb_column type=&#8221;2_3&#8243; _builder_version=&#8221;4.27.4&#8243; _module_preset=&#8221;default&#8221; global_colors_info=&#8221;{}&#8221;][et_pb_text _builder_version=&#8221;4.24.0&#8243; _module_preset=&#8221;default&#8221; header_text_color=&#8221;#FFFFFF&#8221; header_2_font=&#8221;Lexend Deca||||||||&#8221; header_2_text_color=&#8221;#FFFFFF&#8221; header_2_font_size=&#8221;55px&#8221; header_2_letter_spacing=&#8221;-1px&#8221; header_2_line_height=&#8221;1.3em&#8221; custom_margin=&#8221;||10px||false|false&#8221; custom_margin_tablet=&#8221;||0px||false|false&#8221; custom_margin_phone=&#8221;||0px||false|false&#8221; custom_margin_last_edited=&#8221;on|phone&#8221; text_line_height_tablet=&#8221;&#8221; text_line_height_phone=&#8221;1.7em&#8221; text_line_height_last_edited=&#8221;on|phone&#8221; header_2_font_size_tablet=&#8221;40px&#8221; header_2_font_size_phone=&#8221;35px&#8221; header_2_font_size_last_edited=&#8221;on|phone&#8221; header_2_line_height_tablet=&#8221;1.3em&#8221; header_2_line_height_phone=&#8221;1.3em&#8221; header_2_line_height_last_edited=&#8221;on|tablet&#8221; locked=&#8221;off&#8221; global_colors_info=&#8221;{}&#8221;]<\/p>\n<h2>Entz\u00fcndung und Psyche \u2013 wie h\u00e4ngt das zusammen?<strong><br \/>\n<\/strong><\/h2>\n<p>[\/et_pb_text][et_pb_text _builder_version=&#8221;4.24.0&#8243; _module_preset=&#8221;default&#8221; text_font=&#8221;Lexend||||||||&#8221; text_text_color=&#8221;#FFE8DE&#8221; text_font_size=&#8221;18px&#8221; text_line_height=&#8221;1.8em&#8221; text_font_size_tablet=&#8221;18px&#8221; text_font_size_phone=&#8221;16px&#8221; text_font_size_last_edited=&#8221;on|phone&#8221; locked=&#8221;off&#8221; global_colors_info=&#8221;{}&#8221;]<\/p>\n<p>Viele Menschen mit Depressionen, Angstst\u00f6rungen oder Ersch\u00f6pfungssymptomen zeigen erh\u00f6hte Entz\u00fcndungswerte im K\u00f6rper. H\u00e4ufig bleibt dabei eine chronische Entz\u00fcndung im Mundraum unbemerkt \u2013 obwohl sie das Immunsystem dauerhaft reizt.<\/p>\n<p>Hier setzt der aMMP-8-Test an:<\/p>\n<p>[\/et_pb_text][\/et_pb_column][et_pb_column type=&#8221;1_3&#8243; disabled_on=&#8221;on|on|off&#8221; _builder_version=&#8221;4.24.0&#8243; _module_preset=&#8221;default&#8221; global_colors_info=&#8221;{}&#8221;][\/et_pb_column][\/et_pb_row][et_pb_row custom_padding_last_edited=&#8221;on|phone&#8221; _builder_version=&#8221;4.24.0&#8243; _module_preset=&#8221;default&#8221; background_color=&#8221;#FFFFFF&#8221; width=&#8221;90%&#8221; max_width=&#8221;1920px&#8221; custom_padding=&#8221;50px|40px|100px|40px|false|true&#8221; custom_padding_tablet=&#8221;50px|40px|100px|40px|false|true&#8221; custom_padding_phone=&#8221;30px|30px|100px|30px|false|true&#8221; border_radii=&#8221;on|15px|15px|15px|15px&#8221; locked=&#8221;off&#8221; global_colors_info=&#8221;{}&#8221;][et_pb_column type=&#8221;4_4&#8243; _builder_version=&#8221;4.24.0&#8243; _module_preset=&#8221;default&#8221; global_colors_info=&#8221;{}&#8221;][dipi_carousel columns=&#8221;1&#8243; container_padding=&#8221;0px|0px|0px|0px|true|true&#8221; loop_wide=&#8221;on&#8221; autoplay_wide=&#8221;on&#8221; loop_mid=&#8221;on&#8221; autoplay_mid=&#8221;on&#8221; loop_small=&#8221;on&#8221; autoplay_small=&#8221;on&#8221; show_lightbox=&#8221;off&#8221; navigation=&#8221;on&#8221; navigation_prev_icon_yn=&#8221;on&#8221; navigation_prev_icon=&#8221;&#x23;||divi||400&#8243; navigation_next_icon_yn=&#8221;on&#8221; navigation_next_icon=&#8221;&#x24;||divi||400&#8243; navigation_padding=&#8221;0&#8243; navigation_color=&#8221;#0B0400&#8243; navigation_position_left=&#8221;0px&#8221; navigation_position_right=&#8221;95%&#8221; navigation_position_right_tablet=&#8221;85%&#8221; navigation_position_right_phone=&#8221;75%&#8221; navigation_position_right_last_edited=&#8221;on|phone&#8221; _builder_version=&#8221;4.24.0&#8243; _module_preset=&#8221;default&#8221; desc_font=&#8221;Lexend Deca||||||||&#8221; desc_text_align=&#8221;left&#8221; desc_text_color=&#8221;#0B0400&#8243; desc_font_size=&#8221;18px&#8221; desc_line_height=&#8221;1.7em&#8221; desc_font_size_tablet=&#8221;18px&#8221; desc_font_size_phone=&#8221;16px&#8221; desc_font_size_last_edited=&#8221;on|phone&#8221; custom_css_free_form=&#8221;.dipi-carousel-item-content {||  padding: 0 !important;||}||||&#8221; custom_css_navigation=&#8221;top:120%;&#8221; global_colors_info=&#8221;{}&#8221;][dipi_carousel_child desc_text=&#8221;<strong>Fr\u00fcherkennung:<\/strong><br \/>\n<br \/>\nDer Test kann helfen, stille Entz\u00fcndungen im Mund zu entdecken \u2013 h\u00e4ufig ein \u00fcbersehener Faktor bei Ersch\u00f6pfung, Antriebslosigkeit oder \u201eBrain Fog\u201c.&#8221; _builder_version=&#8221;4.24.0&#8243; _module_preset=&#8221;default&#8221; global_colors_info=&#8221;{}&#8221;][\/dipi_carousel_child][dipi_carousel_child desc_text=&#8221;<strong>Ganzheitliche Therapie:<\/strong><br \/>\n<br \/>\nErkenntnisse aus der Munddiagnostik helfen \u00c4rzten, biologische Verst\u00e4rker psychischer Symptome zu identifizieren \u2013 und gezielt zu behandeln.&#8221; _builder_version=&#8221;4.24.0&#8243; _module_preset=&#8221;default&#8221; global_colors_info=&#8221;{}&#8221;][\/dipi_carousel_child][dipi_carousel_child desc_text=&#8221;<strong>Medikamentenbegleitung:<\/strong><br \/>\n<br \/>\nViele Psychopharmaka (z. B. Antidepressiva, Antipsychotika) f\u00fchren zu Mundtrockenheit und erh\u00f6hen das Risiko f\u00fcr Zahnfleischentz\u00fcndungen. Der Test erm\u00f6glicht eine einfache Kontrolle der Mundgesundheit unter laufender Therapie.&#8221; _builder_version=&#8221;4.24.0&#8243; _module_preset=&#8221;default&#8221; global_colors_info=&#8221;{}&#8221;][\/dipi_carousel_child][dipi_carousel_child desc_text=&#8221;<strong>Bessere Lebensqualit\u00e4t:<\/strong><br \/>\n<br \/>\nWerden Entz\u00fcndungen im Mund rechtzeitig behandelt, kann das mentale Gleichgewicht, die Konzentration und das allgemeine Wohlbefinden unterst\u00fctzt werden.&#8221; _builder_version=&#8221;4.24.0&#8243; _module_preset=&#8221;default&#8221; global_colors_info=&#8221;{}&#8221;][\/dipi_carousel_child][\/dipi_carousel][\/et_pb_column][\/et_pb_row][\/et_pb_section][et_pb_section fb_built=&#8221;1&#8243; custom_padding_last_edited=&#8221;on|desktop&#8221; _builder_version=&#8221;4.24.0&#8243; _module_preset=&#8221;default&#8221; background_enable_color=&#8221;off&#8221; custom_padding=&#8221;70px||70px||true|false&#8221; custom_padding_tablet=&#8221;70px||70px||true|false&#8221; custom_padding_phone=&#8221;10px||10px||true|false&#8221; custom_css_main_element=&#8221;  background-image: ||    url(%22https:\/\/ki-ausbildungszentrum.de\/wp-content\/uploads\/2025\/10\/bubble-cream-1.CpCK1HAs.png%22),||    url(%22https:\/\/ki-ausbildungszentrum.de\/wp-content\/uploads\/2025\/10\/bubble-cream-2-small.ffMnqoi1.png%22);||  background-position: right top, left bottom;||  background-repeat: no-repeat, no-repeat;||  background-size: auto, auto;||background-size: 700px auto, 700px auto;&#8221; global_colors_info=&#8221;{}&#8221;][et_pb_row use_custom_gutter=&#8221;on&#8221; gutter_width=&#8221;2&#8243; make_equal=&#8221;on&#8221; _builder_version=&#8221;4.24.0&#8243; _module_preset=&#8221;default&#8221; width=&#8221;90%&#8221; max_width=&#8221;1920px&#8221; global_colors_info=&#8221;{}&#8221;][et_pb_column type=&#8221;4_4&#8243; _builder_version=&#8221;4.24.0&#8243; _module_preset=&#8221;default&#8221; background_color=&#8221;#F5F5F5&#8243; custom_padding=&#8221;60px|50px|60px|50px|true|true&#8221; custom_padding_tablet=&#8221;60px|50px|60px|50px|true|true&#8221; custom_padding_phone=&#8221;20px|20px|20px|20px|true|true&#8221; custom_padding_last_edited=&#8221;on|phone&#8221; border_radii=&#8221;on|10px|10px|10px|10px&#8221; global_colors_info=&#8221;{}&#8221;][et_pb_text _builder_version=&#8221;4.24.0&#8243; _module_preset=&#8221;default&#8221; text_font=&#8221;Lexend||||||||&#8221; text_text_color=&#8221;#042729&#8243; text_font_size=&#8221;18px&#8221; text_line_height=&#8221;2em&#8221; ul_line_height=&#8221;1.8em&#8221; text_font_tablet=&#8221;Lexend||||||||&#8221; text_font_phone=&#8221;Lexend||||||||&#8221; text_font_last_edited=&#8221;off|desktop&#8221; text_font_size_tablet=&#8221;1.2rem&#8221; text_font_size_phone=&#8221;16px&#8221; text_font_size_last_edited=&#8221;on|phone&#8221; locked=&#8221;off&#8221; global_colors_info=&#8221;{}&#8221;]<\/p>\n<p><strong>Wann sollte der Test durchgef\u00fchrt werden?<\/strong><\/p>\n<ul>\n<li>bei therapieresistenten Depressionen oder chronischer Ersch\u00f6pfung (\u201eFatigue\u201c)<\/li>\n<li>bei Ged\u00e4chtnis-, Konzentrations- oder Schlafst\u00f6rungen ohne erkennbare Ursache<\/li>\n<li>bei Medikamenteneinnahme (Antidepressiva, Antipsychotika, Stimmungsstabilisierer)<\/li>\n<li>im Rahmen integrativer oder psychosomatischer Behandlungsans\u00e4tze<\/li>\n<li>zur pr\u00e4ventiven Kontrolle der oralen Entz\u00fcndungsaktivit\u00e4t \u2013 idealerweise alle 6 Monate<\/li>\n<\/ul>\n<p><strong>Wie l\u00e4uft der Test ab?<\/strong><\/p>\n<p>Der aMMP-8-Test ist schnell, schmerzfrei und ohne Blutabnahme. Es wird lediglich ein Speicheltest gemacht \u2013 bequem und unkompliziert in der Facharztpraxis. Bei auff\u00e4lligem Ergebnis wird eine \u00dcberweisung zum Zahnarzt empfohlen. Der Test er\u00f6ffnet neue Perspektiven f\u00fcr eine interdisziplin\u00e4re, personalisierte Entz\u00fcndungsmedizin.<\/p>\n<p><strong>Unsere Empfehlung f\u00fcr Sie<br \/><\/strong>Sprechen Sie mit Ihrem Zahnmediziner oder Facharzt. Gerne stellen wir Ihrer behandelnden Praxis kostenlos einen aMMP-8-Test zur Verf\u00fcgung*. Sollten Sie daran Interesse haben, tragen Sie sich hier ein, nennen Sie uns Ihre behandelnde (Zahn-)Arztpraxis und wir senden den Test direkt an Ihren (Zahn-)Arzt:<\/p>\n<p>[\/et_pb_text][et_pb_button button_url=&#8221;https:\/\/die-mundgesundheitsstiftung.de\/ammp-8-testen\/&#8221; button_text=&#8221;Jetzt testen&#8221; _builder_version=&#8221;4.27.4&#8243; _module_preset=&#8221;default&#8221; custom_button=&#8221;on&#8221; button_text_size=&#8221;0.9rem&#8221; button_text_color=&#8221;#FFFFFF&#8221; button_bg_color=&#8221;#FE5E13&#8243; button_border_width=&#8221;0px&#8221; button_border_radius=&#8221;8px&#8221; button_letter_spacing=&#8221;1px&#8221; button_font=&#8221;Lexend Deca|||on|||||&#8221; button_use_icon=&#8221;off&#8221; custom_margin=&#8221;40px||40px||true|false&#8221; custom_padding=&#8221;20px|25px|20px|25px|true|true&#8221; locked=&#8221;off&#8221; global_colors_info=&#8221;{}&#8221;][\/et_pb_button][et_pb_text _builder_version=&#8221;4.24.0&#8243; _module_preset=&#8221;default&#8221; text_font=&#8221;Lexend||||||||&#8221; text_text_color=&#8221;#042729&#8243; text_font_size=&#8221;18px&#8221; text_line_height=&#8221;2em&#8221; ul_line_height=&#8221;1.8em&#8221; text_font_size_tablet=&#8221;1.2rem&#8221; text_font_size_phone=&#8221;16px&#8221; text_font_size_last_edited=&#8221;on|tablet&#8221; locked=&#8221;off&#8221; global_colors_info=&#8221;{}&#8221;]<\/p>\n<p>Besuchen Sie eine unserer G\u00fctesiegel-Praxen, die Sie in unserem Praxis-Finder finden:<\/p>\n<p>[\/et_pb_text][et_pb_button button_url=&#8221;https:\/\/die-mundgesundheitsstiftung.de\/praxis-finder\/&#8221; button_text=&#8221;Zum Praxis-Finder &#8221; _builder_version=&#8221;4.27.4&#8243; _module_preset=&#8221;default&#8221; custom_button=&#8221;on&#8221; button_text_size=&#8221;0.9rem&#8221; button_text_color=&#8221;#FFFFFF&#8221; button_bg_color=&#8221;#FE5E13&#8243; button_border_width=&#8221;0px&#8221; button_border_radius=&#8221;8px&#8221; button_letter_spacing=&#8221;1px&#8221; button_font=&#8221;Lexend Deca|||on|||||&#8221; button_use_icon=&#8221;off&#8221; custom_margin=&#8221;40px||||false|false&#8221; custom_padding=&#8221;20px|25px|20px|25px|true|true&#8221; hover_enabled=&#8221;0&#8243; global_colors_info=&#8221;{}&#8221; sticky_enabled=&#8221;0&#8243;][\/et_pb_button][\/et_pb_column][\/et_pb_row][\/et_pb_section]<\/p>\n","protected":false},"excerpt":{"rendered":"<p>Deutsche mundgesundheitsstiftungNeurologie\/PsychiatrieIhre Chance auf mehr seelische und mentale GesundheitAls Deutsche Mundgesundheitsstiftung (DMS) m\u00f6chten wir Sie auf dem Weg in ein ges\u00fcnderes, fitteres Leben begleiten. Hierbei spielt personalisierte Pr\u00e4vention mit funktionellen Biomarkern wie aMMP-8 eine Schl\u00fcsselrolle. Denn chronische, stille Entz\u00fcndungen \u2013 zum Beispiel im Mundraum \u2013 k\u00f6nnen nicht nur k\u00f6rperliche, sondern auch psychische Beschwerden verst\u00e4rken. Lassen [&hellip;]<\/p>\n","protected":false},"author":1,"featured_media":0,"parent":0,"menu_order":0,"comment_status":"closed","ping_status":"closed","template":"","meta":{"_et_pb_use_builder":"on","_et_pb_old_content":"","_et_gb_content_width":"","footnotes":""},"dipi_cpt_category":[],"class_list":["post-27585199","page","type-page","status-publish","hentry"],"yoast_head":"<!-- This site is optimized with the Yoast SEO plugin v27.4 - https:\/\/yoast.com\/product\/yoast-seo-wordpress\/ -->\n<title>Neurologie - DMS Deutsche Mundgesundheitsstiftung<\/title>\n<meta name=\"robots\" content=\"index, follow, max-snippet:-1, max-image-preview:large, max-video-preview:-1\" \/>\n<link rel=\"canonical\" href=\"https:\/\/die-mundgesundheitsstiftung.de\/en\/neurologie\/\" \/>\n<meta property=\"og:locale\" content=\"en_US\" \/>\n<meta property=\"og:type\" content=\"article\" \/>\n<meta property=\"og:title\" content=\"Neurologie - DMS Deutsche Mundgesundheitsstiftung\" \/>\n<meta property=\"og:description\" content=\"Deutsche mundgesundheitsstiftungNeurologie\/PsychiatrieIhre Chance auf mehr seelische und mentale GesundheitAls Deutsche Mundgesundheitsstiftung (DMS) m\u00f6chten wir Sie auf dem Weg in ein ges\u00fcnderes, fitteres Leben begleiten. Hierbei spielt personalisierte Pr\u00e4vention mit funktionellen Biomarkern wie aMMP-8 eine Schl\u00fcsselrolle. Denn chronische, stille Entz\u00fcndungen \u2013 zum Beispiel im Mundraum \u2013 k\u00f6nnen nicht nur k\u00f6rperliche, sondern auch psychische Beschwerden verst\u00e4rken. Lassen [&hellip;]\" \/>\n<meta property=\"og:url\" content=\"https:\/\/die-mundgesundheitsstiftung.de\/en\/neurologie\/\" \/>\n<meta property=\"og:site_name\" content=\"DMS Deutsche Mundgesundheitsstiftung\" \/>\n<meta property=\"article:modified_time\" content=\"2025-11-07T13:09:06+00:00\" \/>\n<meta name=\"twitter:card\" content=\"summary_large_image\" \/>\n<script type=\"application\/ld+json\" class=\"yoast-schema-graph\">{\"@context\":\"https:\\\/\\\/schema.org\",\"@graph\":[{\"@type\":\"WebPage\",\"@id\":\"https:\\\/\\\/die-mundgesundheitsstiftung.de\\\/neurologie\\\/\",\"url\":\"https:\\\/\\\/die-mundgesundheitsstiftung.de\\\/neurologie\\\/\",\"name\":\"Neurologie - DMS Deutsche Mundgesundheitsstiftung\",\"isPartOf\":{\"@id\":\"https:\\\/\\\/die-mundgesundheitsstiftung.de\\\/#website\"},\"datePublished\":\"2025-11-07T11:00:06+00:00\",\"dateModified\":\"2025-11-07T13:09:06+00:00\",\"breadcrumb\":{\"@id\":\"https:\\\/\\\/die-mundgesundheitsstiftung.de\\\/neurologie\\\/#breadcrumb\"},\"inLanguage\":\"en-US\",\"potentialAction\":[{\"@type\":\"ReadAction\",\"target\":[\"https:\\\/\\\/die-mundgesundheitsstiftung.de\\\/neurologie\\\/\"]}]},{\"@type\":\"BreadcrumbList\",\"@id\":\"https:\\\/\\\/die-mundgesundheitsstiftung.de\\\/neurologie\\\/#breadcrumb\",\"itemListElement\":[{\"@type\":\"ListItem\",\"position\":1,\"name\":\"Startseite\",\"item\":\"https:\\\/\\\/die-mundgesundheitsstiftung.de\\\/\"},{\"@type\":\"ListItem\",\"position\":2,\"name\":\"Neurologie\"}]},{\"@type\":\"WebSite\",\"@id\":\"https:\\\/\\\/die-mundgesundheitsstiftung.de\\\/#website\",\"url\":\"https:\\\/\\\/die-mundgesundheitsstiftung.de\\\/\",\"name\":\"DMS Deutsche Mundgesundheitsstiftung\",\"description\":\"DMS Deutsche Mundgesundheitsstiftung\",\"potentialAction\":[{\"@type\":\"SearchAction\",\"target\":{\"@type\":\"EntryPoint\",\"urlTemplate\":\"https:\\\/\\\/die-mundgesundheitsstiftung.de\\\/?s={search_term_string}\"},\"query-input\":{\"@type\":\"PropertyValueSpecification\",\"valueRequired\":true,\"valueName\":\"search_term_string\"}}],\"inLanguage\":\"en-US\"}]}<\/script>\n<!-- \/ Yoast SEO plugin. -->","yoast_head_json":{"title":"Neurologie - DMS Deutsche Mundgesundheitsstiftung","robots":{"index":"index","follow":"follow","max-snippet":"max-snippet:-1","max-image-preview":"max-image-preview:large","max-video-preview":"max-video-preview:-1"},"canonical":"https:\/\/die-mundgesundheitsstiftung.de\/en\/neurologie\/","og_locale":"en_US","og_type":"article","og_title":"Neurologie - DMS Deutsche Mundgesundheitsstiftung","og_description":"Deutsche mundgesundheitsstiftungNeurologie\/PsychiatrieIhre Chance auf mehr seelische und mentale GesundheitAls Deutsche Mundgesundheitsstiftung (DMS) m\u00f6chten wir Sie auf dem Weg in ein ges\u00fcnderes, fitteres Leben begleiten. Hierbei spielt personalisierte Pr\u00e4vention mit funktionellen Biomarkern wie aMMP-8 eine Schl\u00fcsselrolle. Denn chronische, stille Entz\u00fcndungen \u2013 zum Beispiel im Mundraum \u2013 k\u00f6nnen nicht nur k\u00f6rperliche, sondern auch psychische Beschwerden verst\u00e4rken. Lassen [&hellip;]","og_url":"https:\/\/die-mundgesundheitsstiftung.de\/en\/neurologie\/","og_site_name":"DMS Deutsche Mundgesundheitsstiftung","article_modified_time":"2025-11-07T13:09:06+00:00","twitter_card":"summary_large_image","schema":{"@context":"https:\/\/schema.org","@graph":[{"@type":"WebPage","@id":"https:\/\/die-mundgesundheitsstiftung.de\/neurologie\/","url":"https:\/\/die-mundgesundheitsstiftung.de\/neurologie\/","name":"Neurologie - DMS Deutsche Mundgesundheitsstiftung","isPartOf":{"@id":"https:\/\/die-mundgesundheitsstiftung.de\/#website"},"datePublished":"2025-11-07T11:00:06+00:00","dateModified":"2025-11-07T13:09:06+00:00","breadcrumb":{"@id":"https:\/\/die-mundgesundheitsstiftung.de\/neurologie\/#breadcrumb"},"inLanguage":"en-US","potentialAction":[{"@type":"ReadAction","target":["https:\/\/die-mundgesundheitsstiftung.de\/neurologie\/"]}]},{"@type":"BreadcrumbList","@id":"https:\/\/die-mundgesundheitsstiftung.de\/neurologie\/#breadcrumb","itemListElement":[{"@type":"ListItem","position":1,"name":"Startseite","item":"https:\/\/die-mundgesundheitsstiftung.de\/"},{"@type":"ListItem","position":2,"name":"Neurologie"}]},{"@type":"WebSite","@id":"https:\/\/die-mundgesundheitsstiftung.de\/#website","url":"https:\/\/die-mundgesundheitsstiftung.de\/","name":"DMS Deutsche Mundgesundheitsstiftung","description":"DMS Deutsche Mundgesundheitsstiftung","potentialAction":[{"@type":"SearchAction","target":{"@type":"EntryPoint","urlTemplate":"https:\/\/die-mundgesundheitsstiftung.de\/?s={search_term_string}"},"query-input":{"@type":"PropertyValueSpecification","valueRequired":true,"valueName":"search_term_string"}}],"inLanguage":"en-US"}]}},"_links":{"self":[{"href":"https:\/\/die-mundgesundheitsstiftung.de\/en\/wp-json\/wp\/v2\/pages\/27585199","targetHints":{"allow":["GET"]}}],"collection":[{"href":"https:\/\/die-mundgesundheitsstiftung.de\/en\/wp-json\/wp\/v2\/pages"}],"about":[{"href":"https:\/\/die-mundgesundheitsstiftung.de\/en\/wp-json\/wp\/v2\/types\/page"}],"author":[{"embeddable":true,"href":"https:\/\/die-mundgesundheitsstiftung.de\/en\/wp-json\/wp\/v2\/users\/1"}],"replies":[{"embeddable":true,"href":"https:\/\/die-mundgesundheitsstiftung.de\/en\/wp-json\/wp\/v2\/comments?post=27585199"}],"version-history":[{"count":4,"href":"https:\/\/die-mundgesundheitsstiftung.de\/en\/wp-json\/wp\/v2\/pages\/27585199\/revisions"}],"predecessor-version":[{"id":27587003,"href":"https:\/\/die-mundgesundheitsstiftung.de\/en\/wp-json\/wp\/v2\/pages\/27585199\/revisions\/27587003"}],"wp:attachment":[{"href":"https:\/\/die-mundgesundheitsstiftung.de\/en\/wp-json\/wp\/v2\/media?parent=27585199"}],"wp:term":[{"taxonomy":"dipi_cpt_category","embeddable":true,"href":"https:\/\/die-mundgesundheitsstiftung.de\/en\/wp-json\/wp\/v2\/dipi_cpt_category?post=27585199"}],"curies":[{"name":"wp","href":"https:\/\/api.w.org\/{rel}","templated":true}]}}