{"id":230209,"date":"2023-08-21T14:11:46","date_gmt":"2023-08-21T12:11:46","guid":{"rendered":"https:\/\/die-mundgesundheitsstiftung.de\/?post_type=project&#038;p=230209"},"modified":"2023-09-18T16:33:09","modified_gmt":"2023-09-18T14:33:09","slug":"armin-safavi-nab-zahnarzt-topdentis-cologne","status":"publish","type":"project","link":"https:\/\/die-mundgesundheitsstiftung.de\/en\/project\/armin-safavi-nab-zahnarzt-topdentis-cologne\/","title":{"rendered":"Armin Safavi-nab"},"content":{"rendered":"<p>[et_pb_section fb_built=&#8221;1&#8243; _builder_version=&#8221;4.16&#8243; _module_preset=&#8221;default&#8221; custom_padding=&#8221;105px|||||&#8221; global_colors_info=&#8221;{}&#8221;][et_pb_row column_structure=&#8221;2_3,1_3&#8243; module_id=&#8221;scroll&#8221; _builder_version=&#8221;4.21.0&#8243; _module_preset=&#8221;default&#8221; global_colors_info=&#8221;{}&#8221;][et_pb_column type=&#8221;2_3&#8243; _builder_version=&#8221;4.16&#8243; _module_preset=&#8221;default&#8221; global_colors_info=&#8221;{}&#8221;][et_pb_text _builder_version=&#8221;4.20.4&#8243; _module_preset=&#8221;default&#8221; text_font=&#8221;|||on|||||&#8221; text_text_color=&#8221;#ffab45&#8243; text_font_size=&#8221;15px&#8221; text_letter_spacing=&#8221;3px&#8221; custom_margin=&#8221;33px||15px||false|false&#8221; locked=&#8221;off&#8221; global_colors_info=&#8221;{}&#8221;]<\/p>\n<p><strong>topDentis Cologne<\/strong><\/p>\n<p>[\/et_pb_text][et_pb_text _builder_version=&#8221;4.20.4&#8243; _module_preset=&#8221;default&#8221; header_2_font=&#8221;|600|||||||&#8221; header_2_text_align=&#8221;left&#8221; header_2_font_size=&#8221;35px&#8221; header_2_line_height=&#8221;1.3em&#8221; header_2_font_size_tablet=&#8221;35px&#8221; header_2_font_size_phone=&#8221;25px&#8221; header_2_font_size_last_edited=&#8221;on|phone&#8221; global_colors_info=&#8221;{}&#8221;]<\/p>\n<h2><strong>Armin Safavi-nab, Zahnarzt<\/strong><\/h2>\n<p>[\/et_pb_text][et_pb_image src=&#8221;https:\/\/die-mundgesundheitsstiftung.de\/media\/2023\/08\/topdentiscolognelocation.jpg&#8221; title_text=&#8221;topdentiscolognelocation&#8221; _builder_version=&#8221;4.20.4&#8243; _module_preset=&#8221;default&#8221; border_radii=&#8221;on|10px|10px|10px|10px&#8221; global_colors_info=&#8221;{}&#8221;][\/et_pb_image][et_pb_text _builder_version=&#8221;4.20.4&#8243; _module_preset=&#8221;default&#8221; text_text_color=&#8221;#000000&#8243; header_text_color=&#8221;#000000&#8243; global_colors_info=&#8221;{}&#8221;]<\/p>\n<p>Nach meinem Staatsexamen 1997 bin ich in die elterliche Praxis eingestiegen und habe mich von der ersten Stunde an auf zwei Bereiche gest\u00fcrzt. Die Behandlung &#8230;<br \/>von Phobiepatienten und der Pr\u00e4vention von Zahnbetterkrankungen. Bereits 2004 erarbeiteten wir in meiner Praxis ein eigenes Konzept zur professionellen Zahnreinigung, hatten eigene R\u00e4ume und weitergebildetes Fachpersonal, welches sich ausschlie\u00dflich damit besch\u00e4ftigte. In der Behandlung von Angstpatienten haben wir \u00fcber 10 Jahre Kollegen fortgebildet und blicken auf die Behandlung von \u00fcber 5000 dieser Patienten zur\u00fcck. Seit 2016 bin ich Inhaber der MVZ topDentis Cologne GmbH in K\u00f6ln. Auf \u00fcber 650qm arbeiten wir hier interdisziplin\u00e4r mit spezialisierten Kollegen und Physiotherapeuten. Unsere Prophylaxeabteilung bildet hierbei den Grundpfeiler unserer Behandlungen, denn optimale Pr\u00e4vention macht viele Behandlungen \u00fcberfl\u00fcssig. Nach wie vor ist die Mundgesundheit ein essentieller Baustein unserer zahn\u00e4rztlichen T\u00e4tigkeiten. Als PerioPrevention Center K\u00f6ln stehen wir in stetigem Austausch mit anderen \u00e4rztlichen und therapeutischen Fachkollegen, um Krankheiten fr\u00fchestm\u00f6glich und umfassend zu behandeln.<br \/><strong>\u201cNur wer mit offenen Augen behandelt, therapiert umfassend und nachhaltig\u201d<\/strong><\/p>\n<p>[\/et_pb_text][\/et_pb_column][et_pb_column type=&#8221;1_3&#8243; _builder_version=&#8221;4.21.0&#8243; _module_preset=&#8221;default&#8221; background_color=&#8221;#F5F5F5&#8243; custom_padding=&#8221;40px|30px|40px|30px|true|true&#8221; border_radii=&#8221;on|5px|5px|5px|5px&#8221; global_colors_info=&#8221;{}&#8221;][et_pb_image src=&#8221;https:\/\/die-mundgesundheitsstiftung.de\/media\/2023\/08\/Download-1.png&#8221; title_text=&#8221;Download (1)&#8221; _builder_version=&#8221;4.20.4&#8243; _module_preset=&#8221;default&#8221; max_width=&#8221;38%&#8221; module_alignment=&#8221;left&#8221; custom_margin=&#8221;-9px|||||&#8221; global_colors_info=&#8221;{}&#8221;][\/et_pb_image][et_pb_divider color=&#8221;rgba(102,102,102,0.1)&#8221; _builder_version=&#8221;4.16&#8243; _module_preset=&#8221;default&#8221; custom_margin=&#8221;||10px||false|false&#8221; locked=&#8221;off&#8221; global_colors_info=&#8221;{}&#8221;][\/et_pb_divider][et_pb_text _builder_version=&#8221;4.20.4&#8243; _module_preset=&#8221;default&#8221; text_text_color=&#8221;#FE5E15&#8243; header_text_color=&#8221;#FE5E15&#8243; header_3_font=&#8221;|600|||||||&#8221; custom_margin=&#8221;||14px|0px|false|false&#8221; locked=&#8221;off&#8221; global_colors_info=&#8221;{}&#8221;]<\/p>\n<h3>Ihr zertifizierter Profi<\/h3>\n<p>[\/et_pb_text][et_pb_image src=&#8221;https:\/\/die-mundgesundheitsstiftung.de\/media\/2023\/08\/armin-safavi-nab_zahnarzt.jpg&#8221; title_text=&#8221;armin-safavi-nab_zahnarzt&#8221; _builder_version=&#8221;4.20.4&#8243; _module_preset=&#8221;default&#8221; max_width=&#8221;59%&#8221; module_alignment=&#8221;left&#8221; border_radii=&#8221;on|123px|123px|123px|123px&#8221; global_colors_info=&#8221;{}&#8221;][\/et_pb_image][et_pb_blurb title=&#8221;Armin Safavi-nab&#8221; icon_placement=&#8221;left&#8221; image_icon_width=&#8221;15px&#8221; _builder_version=&#8221;4.20.4&#8243; _module_preset=&#8221;default&#8221; header_font=&#8221;Bad Script|700|||||||&#8221; header_text_color=&#8221;#666666&#8243; header_font_size=&#8221;32px&#8221; body_line_height=&#8221;1em&#8221; custom_margin=&#8221;||10px|5px|false|false&#8221; custom_css_blurb_title=&#8221;margin-left: -20px !important;&#8221; global_colors_info=&#8221;{}&#8221;][\/et_pb_blurb][et_pb_divider color=&#8221;rgba(102,102,102,0.1)&#8221; _builder_version=&#8221;4.16&#8243; _module_preset=&#8221;default&#8221; custom_margin=&#8221;||10px||false|false&#8221; locked=&#8221;off&#8221; global_colors_info=&#8221;{}&#8221;][\/et_pb_divider][et_pb_text _builder_version=&#8221;4.20.4&#8243; _module_preset=&#8221;default&#8221; text_text_color=&#8221;#FE5E15&#8243; header_text_color=&#8221;#FE5E15&#8243; header_3_font=&#8221;|600|||||||&#8221; custom_margin=&#8221;||14px|0px|false|false&#8221; locked=&#8221;off&#8221; global_colors_info=&#8221;{}&#8221;]<\/p>\n<h3>Kontaktdaten<\/h3>\n<p>[\/et_pb_text][et_pb_blurb title=&#8221;Tel.: (0221) 66 95 03 00&#8243; icon_placement=&#8221;left&#8221; image_icon_width=&#8221;15px&#8221; _builder_version=&#8221;4.20.4&#8243; _module_preset=&#8221;default&#8221; header_font=&#8221;Mulish||||||||&#8221; header_text_color=&#8221;#666666&#8243; header_font_size=&#8221;14px&#8221; body_line_height=&#8221;1em&#8221; custom_margin=&#8221;||10px|5px|false|false&#8221; custom_css_blurb_title=&#8221;margin-left: -20px !important;&#8221; locked=&#8221;off&#8221; global_colors_info=&#8221;{}&#8221;][\/et_pb_blurb][et_pb_blurb title=&#8221;Fax:  (0221) 66 95 03 10&#8243; icon_placement=&#8221;left&#8221; image_icon_width=&#8221;15px&#8221; _builder_version=&#8221;4.20.4&#8243; _module_preset=&#8221;default&#8221; header_font=&#8221;Mulish||||||||&#8221; header_text_color=&#8221;#666666&#8243; header_font_size=&#8221;14px&#8221; body_line_height=&#8221;1em&#8221; custom_margin=&#8221;||10px|5px|false|false&#8221; custom_css_blurb_title=&#8221;margin-left: -20px !important;&#8221; global_colors_info=&#8221;{}&#8221;][\/et_pb_blurb][et_pb_blurb title=&#8221;E-Mail: praxis@topdentis-cologne.de&#8221; icon_placement=&#8221;left&#8221; image_icon_width=&#8221;15px&#8221; _builder_version=&#8221;4.20.4&#8243; _module_preset=&#8221;default&#8221; header_font=&#8221;Mulish||||||||&#8221; header_text_color=&#8221;#666666&#8243; header_font_size=&#8221;14px&#8221; body_line_height=&#8221;1em&#8221; custom_margin=&#8221;||10px|5px|false|false&#8221; custom_css_blurb_title=&#8221;margin-left: -20px !important;&#8221; global_colors_info=&#8221;{}&#8221;][\/et_pb_blurb][et_pb_blurb title=&#8221;Web: www.topdentis-cologne.de&#8221; icon_placement=&#8221;left&#8221; image_icon_width=&#8221;15px&#8221; _builder_version=&#8221;4.20.4&#8243; _module_preset=&#8221;default&#8221; header_font=&#8221;Mulish||||||||&#8221; header_text_color=&#8221;#666666&#8243; header_font_size=&#8221;14px&#8221; body_line_height=&#8221;1em&#8221; custom_margin=&#8221;||10px|5px|false|false&#8221; custom_css_blurb_title=&#8221;margin-left: -20px !important;&#8221; global_colors_info=&#8221;{}&#8221;][\/et_pb_blurb][et_pb_blurb title=&#8221;Adresse: Schanzenstra\u00dfe 6 \u2013 20, 51063 K\u00f6ln, Carlswerk, Geb\u00e4ude 1.10&#8243; icon_placement=&#8221;left&#8221; image_icon_width=&#8221;15px&#8221; _builder_version=&#8221;4.22.1&#8243; _module_preset=&#8221;default&#8221; header_font=&#8221;Mulish||||||||&#8221; header_text_color=&#8221;#666666&#8243; header_font_size=&#8221;14px&#8221; body_line_height=&#8221;1em&#8221; custom_margin=&#8221;||10px|5px|false|false&#8221; hover_enabled=&#8221;0&#8243; custom_css_blurb_title=&#8221;margin-left: -20px !important;&#8221; global_colors_info=&#8221;{}&#8221; sticky_enabled=&#8221;0&#8243;][\/et_pb_blurb][et_pb_divider color=&#8221;rgba(102,102,102,0.1)&#8221; _builder_version=&#8221;4.16&#8243; _module_preset=&#8221;default&#8221; custom_margin=&#8221;||10px||false|false&#8221; locked=&#8221;off&#8221; global_colors_info=&#8221;{}&#8221;][\/et_pb_divider][\/et_pb_column][\/et_pb_row][et_pb_row _builder_version=&#8221;4.16&#8243; _module_preset=&#8221;default&#8221; custom_padding=&#8221;||0px||false|false&#8221; locked=&#8221;off&#8221; global_colors_info=&#8221;{}&#8221;][et_pb_column type=&#8221;4_4&#8243; _builder_version=&#8221;4.16&#8243; _module_preset=&#8221;default&#8221; global_colors_info=&#8221;{}&#8221;][et_pb_text _builder_version=&#8221;4.20.4&#8243; _module_preset=&#8221;default&#8221; header_2_font=&#8221;|600|||||||&#8221; header_2_text_align=&#8221;center&#8221; header_2_font_size=&#8221;35px&#8221; header_2_line_height=&#8221;1.3em&#8221; width_tablet=&#8221;450px&#8221; width_phone=&#8221;100%&#8221; width_last_edited=&#8221;on|tablet&#8221; module_alignment=&#8221;center&#8221; header_2_font_size_tablet=&#8221;35px&#8221; header_2_font_size_phone=&#8221;25px&#8221; header_2_font_size_last_edited=&#8221;on|desktop&#8221; locked=&#8221;off&#8221; global_colors_info=&#8221;{}&#8221;]<\/p>\n<h2>Impressionen aus der Praxis<\/h2>\n<p>[\/et_pb_text][\/et_pb_column][\/et_pb_row][et_pb_row column_structure=&#8221;1_3,1_3,1_3&#8243; _builder_version=&#8221;4.20.4&#8243; _module_preset=&#8221;default&#8221; global_colors_info=&#8221;{}&#8221;][et_pb_column type=&#8221;1_3&#8243; _builder_version=&#8221;4.20.4&#8243; _module_preset=&#8221;default&#8221; global_colors_info=&#8221;{}&#8221;][et_pb_image src=&#8221;https:\/\/die-mundgesundheitsstiftung.de\/media\/2023\/08\/topdentiscologne_diepraxis02.jpg&#8221; title_text=&#8221;topdentiscologne_diepraxis02&#8243; _builder_version=&#8221;4.20.4&#8243; _module_preset=&#8221;default&#8221; global_colors_info=&#8221;{}&#8221;][\/et_pb_image][\/et_pb_column][et_pb_column type=&#8221;1_3&#8243; _builder_version=&#8221;4.20.4&#8243; _module_preset=&#8221;default&#8221; global_colors_info=&#8221;{}&#8221;][et_pb_image src=&#8221;https:\/\/die-mundgesundheitsstiftung.de\/media\/2023\/08\/topdentiscologne_diepraxis03.jpg&#8221; title_text=&#8221;topdentiscologne_diepraxis03&#8243; _builder_version=&#8221;4.20.4&#8243; _module_preset=&#8221;default&#8221; global_colors_info=&#8221;{}&#8221;][\/et_pb_image][\/et_pb_column][et_pb_column type=&#8221;1_3&#8243; _builder_version=&#8221;4.20.4&#8243; _module_preset=&#8221;default&#8221; global_colors_info=&#8221;{}&#8221;][et_pb_image src=&#8221;https:\/\/die-mundgesundheitsstiftung.de\/media\/2023\/08\/wartebereich-zahnarztpraxis.jpg&#8221; title_text=&#8221;wartebereich-zahnarztpraxis&#8221; _builder_version=&#8221;4.20.4&#8243; _module_preset=&#8221;default&#8221; width=&#8221;100%&#8221; global_colors_info=&#8221;{}&#8221;][\/et_pb_image][\/et_pb_column][\/et_pb_row][\/et_pb_section]<\/p>\n","protected":false},"excerpt":{"rendered":"<p>topDentis CologneArmin Safavi-nab, ZahnarztNach meinem Staatsexamen 1997 bin ich in die elterliche Praxis eingestiegen und habe mich von der ersten Stunde an auf zwei Bereiche gest\u00fcrzt. Die Behandlung &#8230;von Phobiepatienten und der Pr\u00e4vention von Zahnbetterkrankungen. Bereits 2004 erarbeiteten wir in meiner Praxis ein eigenes Konzept zur professionellen Zahnreinigung, hatten eigene R\u00e4ume und weitergebildetes Fachpersonal, welches [&hellip;]<\/p>\n","protected":false},"author":8,"featured_media":230217,"comment_status":"open","ping_status":"closed","template":"","meta":{"_et_pb_use_builder":"on","_et_pb_old_content":"","_et_gb_content_width":"","footnotes":""},"project_category":[69],"project_tag":[],"class_list":["post-230209","project","type-project","status-publish","has-post-thumbnail","hentry","project_category-botschafter"],"yoast_head":"<!-- This site is optimized with the Yoast SEO plugin v27.4 - https:\/\/yoast.com\/product\/yoast-seo-wordpress\/ -->\n<title>Armin Safavi-nab - DMS Deutsche Mundgesundheitsstiftung<\/title>\n<meta name=\"robots\" content=\"index, follow, max-snippet:-1, max-image-preview:large, max-video-preview:-1\" \/>\n<link rel=\"canonical\" href=\"https:\/\/die-mundgesundheitsstiftung.de\/en\/project\/armin-safavi-nab-zahnarzt-topdentis-cologne\/\" \/>\n<meta property=\"og:locale\" content=\"en_US\" \/>\n<meta property=\"og:type\" content=\"article\" \/>\n<meta property=\"og:title\" content=\"Armin Safavi-nab - DMS Deutsche Mundgesundheitsstiftung\" \/>\n<meta property=\"og:description\" content=\"topDentis CologneArmin Safavi-nab, ZahnarztNach meinem Staatsexamen 1997 bin ich in die elterliche Praxis eingestiegen und habe mich von der ersten Stunde an auf zwei Bereiche gest\u00fcrzt. Die Behandlung ...von Phobiepatienten und der Pr\u00e4vention von Zahnbetterkrankungen. Bereits 2004 erarbeiteten wir in meiner Praxis ein eigenes Konzept zur professionellen Zahnreinigung, hatten eigene R\u00e4ume und weitergebildetes Fachpersonal, welches [&hellip;]\" \/>\n<meta property=\"og:url\" content=\"https:\/\/die-mundgesundheitsstiftung.de\/en\/project\/armin-safavi-nab-zahnarzt-topdentis-cologne\/\" \/>\n<meta property=\"og:site_name\" content=\"DMS Deutsche Mundgesundheitsstiftung\" \/>\n<meta property=\"article:modified_time\" content=\"2023-09-18T14:33:09+00:00\" \/>\n<meta property=\"og:image\" content=\"https:\/\/die-mundgesundheitsstiftung.de\/media\/2023\/08\/armin-safavi-nab_zahnarzt.jpg\" \/>\n\t<meta property=\"og:image:width\" content=\"250\" \/>\n\t<meta property=\"og:image:height\" content=\"250\" \/>\n\t<meta property=\"og:image:type\" content=\"image\/jpeg\" \/>\n<meta name=\"twitter:card\" content=\"summary_large_image\" \/>\n<meta name=\"twitter:label1\" content=\"Est. reading time\" \/>\n\t<meta name=\"twitter:data1\" content=\"3 minutes\" \/>\n<script type=\"application\/ld+json\" class=\"yoast-schema-graph\">{\"@context\":\"https:\\\/\\\/schema.org\",\"@graph\":[{\"@type\":\"WebPage\",\"@id\":\"https:\\\/\\\/die-mundgesundheitsstiftung.de\\\/project\\\/armin-safavi-nab-zahnarzt-topdentis-cologne\\\/\",\"url\":\"https:\\\/\\\/die-mundgesundheitsstiftung.de\\\/project\\\/armin-safavi-nab-zahnarzt-topdentis-cologne\\\/\",\"name\":\"Armin Safavi-nab - DMS Deutsche Mundgesundheitsstiftung\",\"isPartOf\":{\"@id\":\"https:\\\/\\\/die-mundgesundheitsstiftung.de\\\/#website\"},\"primaryImageOfPage\":{\"@id\":\"https:\\\/\\\/die-mundgesundheitsstiftung.de\\\/project\\\/armin-safavi-nab-zahnarzt-topdentis-cologne\\\/#primaryimage\"},\"image\":{\"@id\":\"https:\\\/\\\/die-mundgesundheitsstiftung.de\\\/project\\\/armin-safavi-nab-zahnarzt-topdentis-cologne\\\/#primaryimage\"},\"thumbnailUrl\":\"https:\\\/\\\/die-mundgesundheitsstiftung.de\\\/wp-content\\\/uploads\\\/2023\\\/08\\\/armin-safavi-nab_zahnarzt.jpg\",\"datePublished\":\"2023-08-21T12:11:46+00:00\",\"dateModified\":\"2023-09-18T14:33:09+00:00\",\"breadcrumb\":{\"@id\":\"https:\\\/\\\/die-mundgesundheitsstiftung.de\\\/project\\\/armin-safavi-nab-zahnarzt-topdentis-cologne\\\/#breadcrumb\"},\"inLanguage\":\"en-US\",\"potentialAction\":[{\"@type\":\"ReadAction\",\"target\":[\"https:\\\/\\\/die-mundgesundheitsstiftung.de\\\/project\\\/armin-safavi-nab-zahnarzt-topdentis-cologne\\\/\"]}]},{\"@type\":\"ImageObject\",\"inLanguage\":\"en-US\",\"@id\":\"https:\\\/\\\/die-mundgesundheitsstiftung.de\\\/project\\\/armin-safavi-nab-zahnarzt-topdentis-cologne\\\/#primaryimage\",\"url\":\"https:\\\/\\\/die-mundgesundheitsstiftung.de\\\/wp-content\\\/uploads\\\/2023\\\/08\\\/armin-safavi-nab_zahnarzt.jpg\",\"contentUrl\":\"https:\\\/\\\/die-mundgesundheitsstiftung.de\\\/wp-content\\\/uploads\\\/2023\\\/08\\\/armin-safavi-nab_zahnarzt.jpg\",\"width\":250,\"height\":250,\"caption\":\"Armin Safavi-nab\"},{\"@type\":\"BreadcrumbList\",\"@id\":\"https:\\\/\\\/die-mundgesundheitsstiftung.de\\\/project\\\/armin-safavi-nab-zahnarzt-topdentis-cologne\\\/#breadcrumb\",\"itemListElement\":[{\"@type\":\"ListItem\",\"position\":1,\"name\":\"Startseite\",\"item\":\"https:\\\/\\\/die-mundgesundheitsstiftung.de\\\/\"},{\"@type\":\"ListItem\",\"position\":2,\"name\":\"Projekte\",\"item\":\"https:\\\/\\\/die-mundgesundheitsstiftung.de\\\/project\\\/\"},{\"@type\":\"ListItem\",\"position\":3,\"name\":\"Armin Safavi-nab\"}]},{\"@type\":\"WebSite\",\"@id\":\"https:\\\/\\\/die-mundgesundheitsstiftung.de\\\/#website\",\"url\":\"https:\\\/\\\/die-mundgesundheitsstiftung.de\\\/\",\"name\":\"DMS Deutsche Mundgesundheitsstiftung\",\"description\":\"DMS Deutsche Mundgesundheitsstiftung\",\"potentialAction\":[{\"@type\":\"SearchAction\",\"target\":{\"@type\":\"EntryPoint\",\"urlTemplate\":\"https:\\\/\\\/die-mundgesundheitsstiftung.de\\\/?s={search_term_string}\"},\"query-input\":{\"@type\":\"PropertyValueSpecification\",\"valueRequired\":true,\"valueName\":\"search_term_string\"}}],\"inLanguage\":\"en-US\"}]}<\/script>\n<!-- \/ Yoast SEO plugin. -->","yoast_head_json":{"title":"Armin Safavi-nab - DMS Deutsche Mundgesundheitsstiftung","robots":{"index":"index","follow":"follow","max-snippet":"max-snippet:-1","max-image-preview":"max-image-preview:large","max-video-preview":"max-video-preview:-1"},"canonical":"https:\/\/die-mundgesundheitsstiftung.de\/en\/project\/armin-safavi-nab-zahnarzt-topdentis-cologne\/","og_locale":"en_US","og_type":"article","og_title":"Armin Safavi-nab - DMS Deutsche Mundgesundheitsstiftung","og_description":"topDentis CologneArmin Safavi-nab, ZahnarztNach meinem Staatsexamen 1997 bin ich in die elterliche Praxis eingestiegen und habe mich von der ersten Stunde an auf zwei Bereiche gest\u00fcrzt. Die Behandlung ...von Phobiepatienten und der Pr\u00e4vention von Zahnbetterkrankungen. Bereits 2004 erarbeiteten wir in meiner Praxis ein eigenes Konzept zur professionellen Zahnreinigung, hatten eigene R\u00e4ume und weitergebildetes Fachpersonal, welches [&hellip;]","og_url":"https:\/\/die-mundgesundheitsstiftung.de\/en\/project\/armin-safavi-nab-zahnarzt-topdentis-cologne\/","og_site_name":"DMS Deutsche Mundgesundheitsstiftung","article_modified_time":"2023-09-18T14:33:09+00:00","og_image":[{"width":250,"height":250,"url":"https:\/\/die-mundgesundheitsstiftung.de\/media\/2023\/08\/armin-safavi-nab_zahnarzt.jpg","type":"image\/jpeg"}],"twitter_card":"summary_large_image","twitter_misc":{"Est. reading time":"3 minutes"},"schema":{"@context":"https:\/\/schema.org","@graph":[{"@type":"WebPage","@id":"https:\/\/die-mundgesundheitsstiftung.de\/project\/armin-safavi-nab-zahnarzt-topdentis-cologne\/","url":"https:\/\/die-mundgesundheitsstiftung.de\/project\/armin-safavi-nab-zahnarzt-topdentis-cologne\/","name":"Armin Safavi-nab - DMS Deutsche Mundgesundheitsstiftung","isPartOf":{"@id":"https:\/\/die-mundgesundheitsstiftung.de\/#website"},"primaryImageOfPage":{"@id":"https:\/\/die-mundgesundheitsstiftung.de\/project\/armin-safavi-nab-zahnarzt-topdentis-cologne\/#primaryimage"},"image":{"@id":"https:\/\/die-mundgesundheitsstiftung.de\/project\/armin-safavi-nab-zahnarzt-topdentis-cologne\/#primaryimage"},"thumbnailUrl":"https:\/\/die-mundgesundheitsstiftung.de\/media\/2023\/08\/armin-safavi-nab_zahnarzt.jpg","datePublished":"2023-08-21T12:11:46+00:00","dateModified":"2023-09-18T14:33:09+00:00","breadcrumb":{"@id":"https:\/\/die-mundgesundheitsstiftung.de\/project\/armin-safavi-nab-zahnarzt-topdentis-cologne\/#breadcrumb"},"inLanguage":"en-US","potentialAction":[{"@type":"ReadAction","target":["https:\/\/die-mundgesundheitsstiftung.de\/project\/armin-safavi-nab-zahnarzt-topdentis-cologne\/"]}]},{"@type":"ImageObject","inLanguage":"en-US","@id":"https:\/\/die-mundgesundheitsstiftung.de\/project\/armin-safavi-nab-zahnarzt-topdentis-cologne\/#primaryimage","url":"https:\/\/die-mundgesundheitsstiftung.de\/media\/2023\/08\/armin-safavi-nab_zahnarzt.jpg","contentUrl":"https:\/\/die-mundgesundheitsstiftung.de\/media\/2023\/08\/armin-safavi-nab_zahnarzt.jpg","width":250,"height":250,"caption":"Armin Safavi-nab"},{"@type":"BreadcrumbList","@id":"https:\/\/die-mundgesundheitsstiftung.de\/project\/armin-safavi-nab-zahnarzt-topdentis-cologne\/#breadcrumb","itemListElement":[{"@type":"ListItem","position":1,"name":"Startseite","item":"https:\/\/die-mundgesundheitsstiftung.de\/"},{"@type":"ListItem","position":2,"name":"Projekte","item":"https:\/\/die-mundgesundheitsstiftung.de\/project\/"},{"@type":"ListItem","position":3,"name":"Armin Safavi-nab"}]},{"@type":"WebSite","@id":"https:\/\/die-mundgesundheitsstiftung.de\/#website","url":"https:\/\/die-mundgesundheitsstiftung.de\/","name":"DMS Deutsche Mundgesundheitsstiftung","description":"DMS Deutsche Mundgesundheitsstiftung","potentialAction":[{"@type":"SearchAction","target":{"@type":"EntryPoint","urlTemplate":"https:\/\/die-mundgesundheitsstiftung.de\/?s={search_term_string}"},"query-input":{"@type":"PropertyValueSpecification","valueRequired":true,"valueName":"search_term_string"}}],"inLanguage":"en-US"}]}},"_links":{"self":[{"href":"https:\/\/die-mundgesundheitsstiftung.de\/en\/wp-json\/wp\/v2\/project\/230209","targetHints":{"allow":["GET"]}}],"collection":[{"href":"https:\/\/die-mundgesundheitsstiftung.de\/en\/wp-json\/wp\/v2\/project"}],"about":[{"href":"https:\/\/die-mundgesundheitsstiftung.de\/en\/wp-json\/wp\/v2\/types\/project"}],"author":[{"embeddable":true,"href":"https:\/\/die-mundgesundheitsstiftung.de\/en\/wp-json\/wp\/v2\/users\/8"}],"replies":[{"embeddable":true,"href":"https:\/\/die-mundgesundheitsstiftung.de\/en\/wp-json\/wp\/v2\/comments?post=230209"}],"version-history":[{"count":0,"href":"https:\/\/die-mundgesundheitsstiftung.de\/en\/wp-json\/wp\/v2\/project\/230209\/revisions"}],"wp:featuredmedia":[{"embeddable":true,"href":"https:\/\/die-mundgesundheitsstiftung.de\/en\/wp-json\/wp\/v2\/media\/230217"}],"wp:attachment":[{"href":"https:\/\/die-mundgesundheitsstiftung.de\/en\/wp-json\/wp\/v2\/media?parent=230209"}],"wp:term":[{"taxonomy":"project_category","embeddable":true,"href":"https:\/\/die-mundgesundheitsstiftung.de\/en\/wp-json\/wp\/v2\/project_category?post=230209"},{"taxonomy":"project_tag","embeddable":true,"href":"https:\/\/die-mundgesundheitsstiftung.de\/en\/wp-json\/wp\/v2\/project_tag?post=230209"}],"curies":[{"name":"wp","href":"https:\/\/api.w.org\/{rel}","templated":true}]}}