{"id":23417777,"date":"2023-08-23T13:51:07","date_gmt":"2023-08-23T11:51:07","guid":{"rendered":"https:\/\/die-mundgesundheitsstiftung.de\/?post_type=project&#038;p=23417777"},"modified":"2025-12-11T11:12:24","modified_gmt":"2025-12-11T09:12:24","slug":"prof-dr-med-dent-martin-joergens","status":"publish","type":"project","link":"https:\/\/die-mundgesundheitsstiftung.de\/en\/project\/prof-dr-med-dent-martin-joergens\/","title":{"rendered":"Senator Prof. Dr. med. dent. Martin J\u00f6rgens"},"content":{"rendered":"\n[et_pb_section fb_built=&#8221;1&#8243; _builder_version=&#8221;4.16&#8243; _module_preset=&#8221;default&#8221; custom_padding=&#8221;105px|||||&#8221; global_colors_info=&#8221;{}&#8221;][et_pb_row column_structure=&#8221;2_3,1_3&#8243; module_id=&#8221;scroll&#8221; _builder_version=&#8221;4.21.0&#8243; _module_preset=&#8221;default&#8221; global_colors_info=&#8221;{}&#8221;][et_pb_column type=&#8221;2_3&#8243; _builder_version=&#8221;4.16&#8243; _module_preset=&#8221;default&#8221; global_colors_info=&#8221;{}&#8221;][et_pb_text _builder_version=&#8221;4.27.4&#8243; _module_preset=&#8221;default&#8221; text_font=&#8221;|||on|||||&#8221; text_text_color=&#8221;#ffab45&#8243; text_font_size=&#8221;22px&#8221; text_letter_spacing=&#8221;3px&#8221; custom_margin=&#8221;33px||15px||false|false&#8221; text_font_size_tablet=&#8221;20px&#8221; text_font_size_phone=&#8221;15px&#8221; text_font_size_last_edited=&#8221;on|tablet&#8221; locked=&#8221;off&#8221; global_colors_info=&#8221;{}&#8221;]<p><b>Senator im Gesundheitssenat<\/b><\/p>[\/et_pb_text][et_pb_text _builder_version=&#8221;4.27.4&#8243; _module_preset=&#8221;default&#8221; header_2_font=&#8221;|600|||||||&#8221; header_2_text_align=&#8221;left&#8221; header_2_font_size=&#8221;35px&#8221; header_2_line_height=&#8221;1.3em&#8221; hover_enabled=&#8221;0&#8243; header_2_font_size_tablet=&#8221;35px&#8221; header_2_font_size_phone=&#8221;25px&#8221; header_2_font_size_last_edited=&#8221;on|phone&#8221; global_colors_info=&#8221;{}&#8221; custom_margin=&#8221;||0px||false|false&#8221; custom_margin_last_edited=&#8221;on|phone&#8221; sticky_enabled=&#8221;0&#8243; custom_margin_phone=&#8221;||15px||false|false&#8221; custom_margin_tablet=&#8221;||0px||false|false&#8221;]<h2><strong>Prof. Dr. med. dent. Martin J\u00f6rgens, Zahnmediziner, Pr\u00e4sident DGKZ, D\u00fcsseldorf<\/strong><\/h2>[\/et_pb_text][et_pb_text _builder_version=&#8221;4.27.4&#8243; _module_preset=&#8221;default&#8221; text_font=&#8221;|||on|||||&#8221; text_text_color=&#8221;#ffab45&#8243; text_font_size=&#8221;15px&#8221; text_letter_spacing=&#8221;3px&#8221; custom_margin=&#8221;||15px||false|false&#8221; hover_enabled=&#8221;0&#8243; locked=&#8221;off&#8221; global_colors_info=&#8221;{}&#8221; sticky_enabled=&#8221;0&#8243;]<p>Zahnheilkunde<\/p>[\/et_pb_text][et_pb_image src=&#8221;https:\/\/die-mundgesundheitsstiftung.de\/media\/2023\/08\/csm_Zahneins_Dental_Specialists-2685_cdc00de2f3.webp&#8221; title_text=&#8221;csm_Zahneins_Dental_Specialists-2685_cdc00de2f3&#8243; _builder_version=&#8221;4.22.1&#8243; _module_preset=&#8221;default&#8221; border_radii=&#8221;on|10px|10px|10px|10px&#8221; global_colors_info=&#8221;{}&#8221;][\/et_pb_image][et_pb_text _builder_version=&#8221;4.22.1&#8243; _module_preset=&#8221;default&#8221; global_colors_info=&#8221;{}&#8221;]<h4><strong>Berufsweg<\/strong><\/h4>\n<p><strong>1989<\/strong><br \/>Abschluss des Zahnmedizinstudiums an der WWU M\u00fcnster<\/p>\n<p><strong>1990<\/strong><br \/>Promotion zum Dr. med. dent. an der WWU M\u00fcnster<\/p>\n<p><strong>1992<\/strong><br \/>Er\u00f6ffnung der Zahnarztpraxis in D\u00fcsseldorf-Kaiserswerth<\/p>\n<p><strong>1995<\/strong><br \/>Referentent\u00e4tigkeiten in den Bereichen Lasermedizin, Bleaching, Esthetic Dentistry, Patientenkommunikation, Marketing, Abrechnung, Implantologie mit eigenen Schulungsr\u00e4umen<\/p>\n<p><strong>1997<\/strong><br \/>Begleitarztt\u00e4tigkeit f\u00fcr alle internationalen Land Rover Events<\/p>\n<p><strong>1999<\/strong><br \/>Gastdozent f\u00fcr Aesthetic Laser Medicine der Universit\u00e4t Greifswald<br \/>Ausbildungspartner der Universit\u00e4t Greifswald f\u00fcr den postgraduierten Studiengang Aesthetic Laser Medicine mit zahlreichen Laserkursen in der Praxis<\/p>\n<p><strong>2002<\/strong><br \/>Zahnmedizinische Konsiliart\u00e4tigkeit f\u00fcr den WDR<\/p>\n<p><strong>2003<\/strong><br \/>Marketingpreis IBE 2003 f\u00fcr \u00bbModerne Patientenkommunikation und hochspezialisierte Behandlungsmethoden in der Praxis\u00ab<\/p>\n<p><strong>2007<\/strong><br \/>Pr\u00e4sident der DGKZ \u2013 Deutsche Gesellschaft f\u00fcr Kosmetische Zahnmedizin<br \/>Profesor Invitado f\u00fcr Lasermedizin der Universit\u00e4t Sevilla<\/p>\n<p><strong>2008<\/strong><br \/>Certified Member and Specialists in Cosmetic Dentistry ESCD<br \/>1. Laser Diploma f\u00fcr Laser in der Oralchirurgie \u2013 Universit\u00e4t Sevilla<\/p>\n<p><strong>2009<\/strong><br \/>Zahnmedizinischer Beirat der IG\u00c4M \u2013 Internationale Gesellschaft f\u00fcr \u00c4sthetische Medizin<br \/>Fellow of the IADFE \u2013 International Academy for Dental Facial Esthetics<br \/>2. Laser Diploma f\u00fcr Laser in der Oralchirurgie \u2013 Universit\u00e4t Sevilla<br \/>Studie zur Fibromentfernung mittels Laser auf 532 NM \u2013 Universit\u00e4t Sevilla<\/p>\n<p><strong>2010<\/strong><br \/>Pr\u00e4sident der DGKZ \u2013 Deutsche Gesellschaft f\u00fcr Kosmetische Zahnmedizin<br \/>Laser Diploma f\u00fcr Laser in der Oralchirurgie \u2013 Universit\u00e4t Sevilla<br \/>Dozent der Steinbeis Universit\u00e4t im Studiengang Master of Science in Esthetic Dentistry<\/p>\n<p><strong>2011<\/strong><br \/>4. Laser Diploma f\u00fcr Laser in der Oralchirurgie \u2013 Universit\u00e4t Sevilla<br \/>Masterkurs f\u00fcr Veneertechniken der NYU \u2013 New York University<br \/>Fachausbildung zum DROS-Therapeuten f\u00fcr CMD-Erkrankungen und Funktionstherapie<\/p>\n<p><strong>2012<\/strong><br \/>Mitglied des BEGO Dental Teams zur Betreuung der deutschen Olympioniken in London<\/p>\n<p><strong>2013<\/strong><br \/>Pr\u00e4sident der DGKZ \u2013 Deutsche Gesellschaft f\u00fcr Kosmetische Zahnheilkunde<br \/>Laser Diploma f\u00fcr Laser in der Oralchirurgie Universit\u00e4t Sevilla<br \/>Wissenschaftlicher Leiter \u201eDiploma in Cosmetic Dentistry\u201c Universit\u00e4t Sevilla<br \/>Moderation und Fachvortr\u00e4ge welt\u00adweit<br \/>In vielen Zeitschriften ver\u00f6ffentlichte Artikel, wie Elle, Prinz, Stern, Bild der Frau, Cosmetic Dentistry und vielen Fachzeitschriften f\u00fcr Zahn\u00e4rzte<\/p>\n<p><strong>2014<\/strong><br \/>Laser Diploma f\u00fcr Laser in der Oralchirurgie Universit\u00e4t Sevilla<br \/>Zertifizierung als DIR Therapeut der Deutschen Gesellschaft f\u00fcr Funktionsdiagnostik<\/p>\n<p><strong>2015<\/strong><br \/>Laser Diploma f\u00fcr Laser in der Oralchirurgie Universit\u00e4t Sevilla<br \/>CMD Professional Workshop der Deutschen Gesellschaft f\u00fcr Funktionsdiagnostik<\/p>\n<p><strong>2016<\/strong><br \/>Pr\u00e4sident der DGKZ \u2013 Deutschen Gesellschaft f\u00fcr Kosmetische Zahnmedizin<br \/>Wissenschaftlicher Leiter des \u201eDiploma in Perioprevention and Anti Aging\u201c Universit\u00e4t Sevilla<br \/>ESCD Study Club Slowenia Meeting Ljubljana<\/p>\n<p><strong>2017<\/strong><br \/>Laser Diploma f\u00fcr Laser in der Oralchirurgie Universit\u00e4t Sevilla<br \/>Kooperationsprojekt f\u00fcr Telemedicine in Tanzania mit der MUHAS Universit\u00e4t zu Daressalaam und der UNESCO<\/p>\n<p><strong>2018<\/strong><br \/>ESCD Study Club Slowenia Meeting Universit\u00e4t Sevilla<br \/>Laser Diploma f\u00fcr Laser in der Oralchirurgie Universit\u00e4t Sevilla<\/p>\n<p><strong>2019<\/strong><br \/>Pr\u00e4sident der DGKZ \u2013 Deutschen Gesellschaft f\u00fcr Kosmetische Zahnmedizin<br \/>Berufung zum Guest Professor der MUHAS Universit\u00e4t zu Daressalaam, Tanzania<br \/>Laser Diploma f\u00fcr Laser in der Oralchirurgie Universit\u00e4t Sevilla<br \/>ESCD Meeting St. Petersburg<\/p>\n<p><strong>2020<\/strong><br \/>ESCD Winter Meeting Helsinki<br \/>Laser Diploma f\u00fcr Laser in der Oralchirurgie Universit\u00e4t Sevilla<\/p>[\/et_pb_text][\/et_pb_column][et_pb_column type=&#8221;1_3&#8243; _builder_version=&#8221;4.21.0&#8243; _module_preset=&#8221;default&#8221; background_color=&#8221;#F5F5F5&#8243; custom_padding=&#8221;40px|30px|40px|30px|true|true&#8221; border_radii=&#8221;on|5px|5px|5px|5px&#8221; global_colors_info=&#8221;{}&#8221;][et_pb_image src=&#8221;https:\/\/die-mundgesundheitsstiftung.de\/media\/2023\/08\/logo.svg&#8221; title_text=&#8221;logo&#8221; _builder_version=&#8221;4.22.1&#8243; _module_preset=&#8221;default&#8221; max_width=&#8221;47%&#8221; module_alignment=&#8221;left&#8221; custom_margin=&#8221;-9px|||||&#8221; global_colors_info=&#8221;{}&#8221;][\/et_pb_image][et_pb_divider color=&#8221;rgba(102,102,102,0.1)&#8221; _builder_version=&#8221;4.16&#8243; _module_preset=&#8221;default&#8221; custom_margin=&#8221;||10px||false|false&#8221; locked=&#8221;off&#8221; global_colors_info=&#8221;{}&#8221;][\/et_pb_divider][et_pb_text _builder_version=&#8221;4.20.4&#8243; _module_preset=&#8221;default&#8221; text_text_color=&#8221;#FE5E15&#8243; header_text_color=&#8221;#FE5E15&#8243; header_3_font=&#8221;|600|||||||&#8221; custom_margin=&#8221;||14px|0px|false|false&#8221; locked=&#8221;off&#8221; global_colors_info=&#8221;{}&#8221;]<h3>Ihr zertifizierter Profi<\/h3>[\/et_pb_text][et_pb_image src=&#8221;https:\/\/die-mundgesundheitsstiftung.de\/media\/2023\/08\/dr_martin_jorgensen.jpg&#8221; alt=&#8221;Prof. Dr. med. dent. Martin J\u00f6rgens&#8221; title_text=&#8221;Prof. Dr. med. dent. Martin J\u00f6rgens&#8221; _builder_version=&#8221;4.22.1&#8243; _module_preset=&#8221;default&#8221; max_width=&#8221;59%&#8221; module_alignment=&#8221;left&#8221; border_radii=&#8221;on|123px|123px|123px|123px&#8221; global_colors_info=&#8221;{}&#8221;][\/et_pb_image][et_pb_blurb title=&#8221;Prof. Dr. med. dent. Martin J\u00f6rgens&#8221; icon_placement=&#8221;left&#8221; image_icon_width=&#8221;15px&#8221; _builder_version=&#8221;4.22.1&#8243; _module_preset=&#8221;default&#8221; header_font=&#8221;Marck Script||||||||&#8221; header_text_color=&#8221;#666666&#8243; header_font_size=&#8221;42px&#8221; body_line_height=&#8221;1em&#8221; custom_margin=&#8221;||10px|5px|false|false&#8221; custom_css_blurb_title=&#8221;margin-left: -20px !important;&#8221; global_colors_info=&#8221;{}&#8221;][\/et_pb_blurb][et_pb_divider color=&#8221;rgba(102,102,102,0.1)&#8221; _builder_version=&#8221;4.16&#8243; _module_preset=&#8221;default&#8221; custom_margin=&#8221;||10px||false|false&#8221; locked=&#8221;off&#8221; global_colors_info=&#8221;{}&#8221;][\/et_pb_divider][et_pb_text _builder_version=&#8221;4.20.4&#8243; _module_preset=&#8221;default&#8221; text_text_color=&#8221;#FE5E15&#8243; header_text_color=&#8221;#FE5E15&#8243; header_3_font=&#8221;|600|||||||&#8221; custom_margin=&#8221;||14px|0px|false|false&#8221; locked=&#8221;off&#8221; global_colors_info=&#8221;{}&#8221;]<h3>Kontaktdaten<\/h3>[\/et_pb_text][et_pb_blurb title=&#8221;Tel.: +49 211 479 0079&#8243; icon_placement=&#8221;left&#8221; image_icon_width=&#8221;15px&#8221; _builder_version=&#8221;4.22.1&#8243; _module_preset=&#8221;default&#8221; header_font=&#8221;Mulish||||||||&#8221; header_text_color=&#8221;#666666&#8243; header_font_size=&#8221;14px&#8221; body_line_height=&#8221;1em&#8221; custom_margin=&#8221;||10px|5px|false|false&#8221; custom_css_blurb_title=&#8221;margin-left: -20px !important;&#8221; locked=&#8221;off&#8221; global_colors_info=&#8221;{}&#8221;][\/et_pb_blurb][et_pb_blurb title=&#8221;Fax: +49 211 479 0009&#8243; icon_placement=&#8221;left&#8221; image_icon_width=&#8221;15px&#8221; _builder_version=&#8221;4.22.1&#8243; _module_preset=&#8221;default&#8221; header_font=&#8221;Mulish||||||||&#8221; header_text_color=&#8221;#666666&#8243; header_font_size=&#8221;14px&#8221; body_line_height=&#8221;1em&#8221; custom_margin=&#8221;||10px|5px|false|false&#8221; custom_css_blurb_title=&#8221;margin-left: -20px !important;&#8221; global_colors_info=&#8221;{}&#8221;][\/et_pb_blurb][et_pb_blurb title=&#8221;E-Mail: info@dentalspecialists.de&#8221; icon_placement=&#8221;left&#8221; image_icon_width=&#8221;15px&#8221; _builder_version=&#8221;4.22.1&#8243; _module_preset=&#8221;default&#8221; header_font=&#8221;Mulish||||||||&#8221; header_text_color=&#8221;#666666&#8243; header_font_size=&#8221;14px&#8221; body_line_height=&#8221;1em&#8221; custom_margin=&#8221;||10px|5px|false|false&#8221; custom_css_blurb_title=&#8221;margin-left: -20px !important;&#8221; global_colors_info=&#8221;{}&#8221;][\/et_pb_blurb][et_pb_blurb title=&#8221;Web: www.dentalspecialists.de&#8221; icon_placement=&#8221;left&#8221; image_icon_width=&#8221;15px&#8221; _builder_version=&#8221;4.22.1&#8243; _module_preset=&#8221;default&#8221; header_font=&#8221;Mulish||||||||&#8221; header_text_color=&#8221;#666666&#8243; header_font_size=&#8221;14px&#8221; body_line_height=&#8221;1em&#8221; custom_margin=&#8221;||10px|5px|false|false&#8221; custom_css_blurb_title=&#8221;margin-left: -20px !important;&#8221; global_colors_info=&#8221;{}&#8221;][\/et_pb_blurb][et_pb_blurb title=&#8221;Adresse: Kaiserswerther Markt 25-27, 40489 D\u00fcsseldorf&#8221; icon_placement=&#8221;left&#8221; image_icon_width=&#8221;15px&#8221; _builder_version=&#8221;4.22.1&#8243; _module_preset=&#8221;default&#8221; header_font=&#8221;Mulish||||||||&#8221; header_text_color=&#8221;#666666&#8243; header_font_size=&#8221;14px&#8221; body_line_height=&#8221;1em&#8221; custom_margin=&#8221;||10px|5px|false|false&#8221; custom_css_blurb_title=&#8221;margin-left: -20px !important;&#8221; global_colors_info=&#8221;{}&#8221;][\/et_pb_blurb][et_pb_divider color=&#8221;rgba(102,102,102,0.1)&#8221; _builder_version=&#8221;4.16&#8243; _module_preset=&#8221;default&#8221; custom_margin=&#8221;||10px||false|false&#8221; locked=&#8221;off&#8221; global_colors_info=&#8221;{}&#8221;][\/et_pb_divider][\/et_pb_column][\/et_pb_row][et_pb_row _builder_version=&#8221;4.16&#8243; _module_preset=&#8221;default&#8221; custom_padding=&#8221;||0px||false|false&#8221; locked=&#8221;off&#8221; global_colors_info=&#8221;{}&#8221;][et_pb_column type=&#8221;4_4&#8243; _builder_version=&#8221;4.16&#8243; _module_preset=&#8221;default&#8221; global_colors_info=&#8221;{}&#8221;][et_pb_text _builder_version=&#8221;4.20.4&#8243; _module_preset=&#8221;default&#8221; header_2_font=&#8221;|600|||||||&#8221; header_2_text_align=&#8221;center&#8221; header_2_font_size=&#8221;35px&#8221; header_2_line_height=&#8221;1.3em&#8221; width_tablet=&#8221;450px&#8221; width_phone=&#8221;100%&#8221; width_last_edited=&#8221;on|tablet&#8221; module_alignment=&#8221;center&#8221; header_2_font_size_tablet=&#8221;35px&#8221; header_2_font_size_phone=&#8221;25px&#8221; header_2_font_size_last_edited=&#8221;on|desktop&#8221; locked=&#8221;off&#8221; global_colors_info=&#8221;{}&#8221;]<h2>Impressionen aus der Praxis<\/h2>[\/et_pb_text][\/et_pb_column][\/et_pb_row][et_pb_row column_structure=&#8221;1_3,1_3,1_3&#8243; _builder_version=&#8221;4.20.4&#8243; _module_preset=&#8221;default&#8221; global_colors_info=&#8221;{}&#8221;][et_pb_column type=&#8221;1_3&#8243; _builder_version=&#8221;4.20.4&#8243; _module_preset=&#8221;default&#8221; global_colors_info=&#8221;{}&#8221;][et_pb_image src=&#8221;https:\/\/die-mundgesundheitsstiftung.de\/media\/2023\/08\/csm_Zahneins_Dental_Specialists-2979_e0e2cb42a6.webp&#8221; title_text=&#8221;csm_Zahneins_Dental_Specialists-2979_e0e2cb42a6&#8243; _builder_version=&#8221;4.22.1&#8243; _module_preset=&#8221;default&#8221; global_colors_info=&#8221;{}&#8221;][\/et_pb_image][\/et_pb_column][et_pb_column type=&#8221;1_3&#8243; _builder_version=&#8221;4.20.4&#8243; _module_preset=&#8221;default&#8221; global_colors_info=&#8221;{}&#8221;][et_pb_image src=&#8221;https:\/\/die-mundgesundheitsstiftung.de\/media\/2023\/08\/csm_Zahneins_Dental_Specialists-1648_56c75c1960.webp&#8221; title_text=&#8221;csm_Zahneins_Dental_Specialists-1648_56c75c1960&#8243; _builder_version=&#8221;4.22.1&#8243; _module_preset=&#8221;default&#8221; global_colors_info=&#8221;{}&#8221;][\/et_pb_image][\/et_pb_column][et_pb_column type=&#8221;1_3&#8243; _builder_version=&#8221;4.20.4&#8243; _module_preset=&#8221;default&#8221; global_colors_info=&#8221;{}&#8221;][et_pb_image src=&#8221;https:\/\/die-mundgesundheitsstiftung.de\/media\/2023\/08\/csm_Zahneins_Dental_Specialists-1936_a0cbb3f6a0.webp&#8221; title_text=&#8221;csm_Zahneins_Dental_Specialists-1936_a0cbb3f6a0&#8243; _builder_version=&#8221;4.22.1&#8243; _module_preset=&#8221;default&#8221; global_colors_info=&#8221;{}&#8221;][\/et_pb_image][\/et_pb_column][\/et_pb_row][\/et_pb_section]\n","protected":false},"excerpt":{"rendered":"<p>Senator im GesundheitssenatProf. Dr. med. dent. Martin J\u00f6rgens, Zahnmediziner, Pr\u00e4sident DGKZ, D\u00fcsseldorfZahnheilkundeBerufsweg 1989Abschluss des Zahnmedizinstudiums an der WWU M\u00fcnster 1990Promotion zum Dr. med. dent. an der WWU M\u00fcnster 1992Er\u00f6ffnung der Zahnarztpraxis in D\u00fcsseldorf-Kaiserswerth 1995Referentent\u00e4tigkeiten in den Bereichen Lasermedizin, Bleaching, Esthetic Dentistry, Patientenkommunikation, Marketing, Abrechnung, Implantologie mit eigenen Schulungsr\u00e4umen 1997Begleitarztt\u00e4tigkeit f\u00fcr alle internationalen Land Rover Events [&hellip;]<\/p>\n","protected":false},"author":8,"featured_media":23417778,"comment_status":"open","ping_status":"closed","template":"","meta":{"_et_pb_use_builder":"on","_et_pb_old_content":"","_et_gb_content_width":"","footnotes":""},"project_category":[71,75],"project_tag":[],"class_list":["post-23417777","project","type-project","status-publish","has-post-thumbnail","hentry","project_category-expertenbeirat","project_category-senatoren"],"yoast_head":"<!-- This site is optimized with the Yoast SEO plugin v27.4 - https:\/\/yoast.com\/product\/yoast-seo-wordpress\/ -->\n<title>Senator Prof. Dr. med. dent. Martin J\u00f6rgens - DMS Deutsche Mundgesundheitsstiftung<\/title>\n<meta name=\"robots\" content=\"index, follow, max-snippet:-1, max-image-preview:large, max-video-preview:-1\" \/>\n<link rel=\"canonical\" href=\"https:\/\/die-mundgesundheitsstiftung.de\/en\/project\/prof-dr-med-dent-martin-joergens\/\" \/>\n<meta property=\"og:locale\" content=\"en_US\" \/>\n<meta property=\"og:type\" content=\"article\" \/>\n<meta property=\"og:title\" content=\"Senator Prof. Dr. med. dent. Martin J\u00f6rgens - DMS Deutsche Mundgesundheitsstiftung\" \/>\n<meta property=\"og:description\" content=\"Senator im GesundheitssenatProf. Dr. med. dent. Martin J\u00f6rgens, Zahnmediziner, Pr\u00e4sident DGKZ, D\u00fcsseldorfZahnheilkundeBerufsweg 1989Abschluss des Zahnmedizinstudiums an der WWU M\u00fcnster 1990Promotion zum Dr. med. dent. an der WWU M\u00fcnster 1992Er\u00f6ffnung der Zahnarztpraxis in D\u00fcsseldorf-Kaiserswerth 1995Referentent\u00e4tigkeiten in den Bereichen Lasermedizin, Bleaching, Esthetic Dentistry, Patientenkommunikation, Marketing, Abrechnung, Implantologie mit eigenen Schulungsr\u00e4umen 1997Begleitarztt\u00e4tigkeit f\u00fcr alle internationalen Land Rover Events [&hellip;]\" \/>\n<meta property=\"og:url\" content=\"https:\/\/die-mundgesundheitsstiftung.de\/en\/project\/prof-dr-med-dent-martin-joergens\/\" \/>\n<meta property=\"og:site_name\" content=\"DMS Deutsche Mundgesundheitsstiftung\" \/>\n<meta property=\"article:modified_time\" content=\"2025-12-11T09:12:24+00:00\" \/>\n<meta property=\"og:image\" content=\"https:\/\/die-mundgesundheitsstiftung.de\/media\/2023\/08\/dr_martin_jorgensen.jpg\" \/>\n\t<meta property=\"og:image:width\" content=\"250\" \/>\n\t<meta property=\"og:image:height\" content=\"250\" \/>\n\t<meta property=\"og:image:type\" content=\"image\/jpeg\" \/>\n<meta name=\"twitter:card\" content=\"summary_large_image\" \/>\n<meta name=\"twitter:label1\" content=\"Est. reading time\" \/>\n\t<meta name=\"twitter:data1\" content=\"5 minutes\" \/>\n<script type=\"application\/ld+json\" class=\"yoast-schema-graph\">{\"@context\":\"https:\\\/\\\/schema.org\",\"@graph\":[{\"@type\":\"WebPage\",\"@id\":\"https:\\\/\\\/die-mundgesundheitsstiftung.de\\\/project\\\/prof-dr-med-dent-martin-joergens\\\/\",\"url\":\"https:\\\/\\\/die-mundgesundheitsstiftung.de\\\/project\\\/prof-dr-med-dent-martin-joergens\\\/\",\"name\":\"Senator Prof. Dr. med. dent. Martin J\u00f6rgens - DMS Deutsche Mundgesundheitsstiftung\",\"isPartOf\":{\"@id\":\"https:\\\/\\\/die-mundgesundheitsstiftung.de\\\/#website\"},\"primaryImageOfPage\":{\"@id\":\"https:\\\/\\\/die-mundgesundheitsstiftung.de\\\/project\\\/prof-dr-med-dent-martin-joergens\\\/#primaryimage\"},\"image\":{\"@id\":\"https:\\\/\\\/die-mundgesundheitsstiftung.de\\\/project\\\/prof-dr-med-dent-martin-joergens\\\/#primaryimage\"},\"thumbnailUrl\":\"https:\\\/\\\/die-mundgesundheitsstiftung.de\\\/wp-content\\\/uploads\\\/2023\\\/08\\\/dr_martin_jorgensen.jpg\",\"datePublished\":\"2023-08-23T11:51:07+00:00\",\"dateModified\":\"2025-12-11T09:12:24+00:00\",\"breadcrumb\":{\"@id\":\"https:\\\/\\\/die-mundgesundheitsstiftung.de\\\/project\\\/prof-dr-med-dent-martin-joergens\\\/#breadcrumb\"},\"inLanguage\":\"en-US\",\"potentialAction\":[{\"@type\":\"ReadAction\",\"target\":[\"https:\\\/\\\/die-mundgesundheitsstiftung.de\\\/project\\\/prof-dr-med-dent-martin-joergens\\\/\"]}]},{\"@type\":\"ImageObject\",\"inLanguage\":\"en-US\",\"@id\":\"https:\\\/\\\/die-mundgesundheitsstiftung.de\\\/project\\\/prof-dr-med-dent-martin-joergens\\\/#primaryimage\",\"url\":\"https:\\\/\\\/die-mundgesundheitsstiftung.de\\\/wp-content\\\/uploads\\\/2023\\\/08\\\/dr_martin_jorgensen.jpg\",\"contentUrl\":\"https:\\\/\\\/die-mundgesundheitsstiftung.de\\\/wp-content\\\/uploads\\\/2023\\\/08\\\/dr_martin_jorgensen.jpg\",\"width\":250,\"height\":250,\"caption\":\"Prof. Dr. med. dent. Martin J\u00f6rgens\"},{\"@type\":\"BreadcrumbList\",\"@id\":\"https:\\\/\\\/die-mundgesundheitsstiftung.de\\\/project\\\/prof-dr-med-dent-martin-joergens\\\/#breadcrumb\",\"itemListElement\":[{\"@type\":\"ListItem\",\"position\":1,\"name\":\"Startseite\",\"item\":\"https:\\\/\\\/die-mundgesundheitsstiftung.de\\\/\"},{\"@type\":\"ListItem\",\"position\":2,\"name\":\"Projekte\",\"item\":\"https:\\\/\\\/die-mundgesundheitsstiftung.de\\\/project\\\/\"},{\"@type\":\"ListItem\",\"position\":3,\"name\":\"Senator Prof. Dr. med. dent. Martin J\u00f6rgens\"}]},{\"@type\":\"WebSite\",\"@id\":\"https:\\\/\\\/die-mundgesundheitsstiftung.de\\\/#website\",\"url\":\"https:\\\/\\\/die-mundgesundheitsstiftung.de\\\/\",\"name\":\"DMS Deutsche Mundgesundheitsstiftung\",\"description\":\"DMS Deutsche Mundgesundheitsstiftung\",\"potentialAction\":[{\"@type\":\"SearchAction\",\"target\":{\"@type\":\"EntryPoint\",\"urlTemplate\":\"https:\\\/\\\/die-mundgesundheitsstiftung.de\\\/?s={search_term_string}\"},\"query-input\":{\"@type\":\"PropertyValueSpecification\",\"valueRequired\":true,\"valueName\":\"search_term_string\"}}],\"inLanguage\":\"en-US\"}]}<\/script>\n<!-- \/ Yoast SEO plugin. -->","yoast_head_json":{"title":"Senator Prof. Dr. med. dent. Martin J\u00f6rgens - DMS Deutsche Mundgesundheitsstiftung","robots":{"index":"index","follow":"follow","max-snippet":"max-snippet:-1","max-image-preview":"max-image-preview:large","max-video-preview":"max-video-preview:-1"},"canonical":"https:\/\/die-mundgesundheitsstiftung.de\/en\/project\/prof-dr-med-dent-martin-joergens\/","og_locale":"en_US","og_type":"article","og_title":"Senator Prof. Dr. med. dent. Martin J\u00f6rgens - DMS Deutsche Mundgesundheitsstiftung","og_description":"Senator im GesundheitssenatProf. Dr. med. dent. Martin J\u00f6rgens, Zahnmediziner, Pr\u00e4sident DGKZ, D\u00fcsseldorfZahnheilkundeBerufsweg 1989Abschluss des Zahnmedizinstudiums an der WWU M\u00fcnster 1990Promotion zum Dr. med. dent. an der WWU M\u00fcnster 1992Er\u00f6ffnung der Zahnarztpraxis in D\u00fcsseldorf-Kaiserswerth 1995Referentent\u00e4tigkeiten in den Bereichen Lasermedizin, Bleaching, Esthetic Dentistry, Patientenkommunikation, Marketing, Abrechnung, Implantologie mit eigenen Schulungsr\u00e4umen 1997Begleitarztt\u00e4tigkeit f\u00fcr alle internationalen Land Rover Events [&hellip;]","og_url":"https:\/\/die-mundgesundheitsstiftung.de\/en\/project\/prof-dr-med-dent-martin-joergens\/","og_site_name":"DMS Deutsche Mundgesundheitsstiftung","article_modified_time":"2025-12-11T09:12:24+00:00","og_image":[{"width":250,"height":250,"url":"https:\/\/die-mundgesundheitsstiftung.de\/media\/2023\/08\/dr_martin_jorgensen.jpg","type":"image\/jpeg"}],"twitter_card":"summary_large_image","twitter_misc":{"Est. reading time":"5 minutes"},"schema":{"@context":"https:\/\/schema.org","@graph":[{"@type":"WebPage","@id":"https:\/\/die-mundgesundheitsstiftung.de\/project\/prof-dr-med-dent-martin-joergens\/","url":"https:\/\/die-mundgesundheitsstiftung.de\/project\/prof-dr-med-dent-martin-joergens\/","name":"Senator Prof. Dr. med. dent. Martin J\u00f6rgens - DMS Deutsche Mundgesundheitsstiftung","isPartOf":{"@id":"https:\/\/die-mundgesundheitsstiftung.de\/#website"},"primaryImageOfPage":{"@id":"https:\/\/die-mundgesundheitsstiftung.de\/project\/prof-dr-med-dent-martin-joergens\/#primaryimage"},"image":{"@id":"https:\/\/die-mundgesundheitsstiftung.de\/project\/prof-dr-med-dent-martin-joergens\/#primaryimage"},"thumbnailUrl":"https:\/\/die-mundgesundheitsstiftung.de\/media\/2023\/08\/dr_martin_jorgensen.jpg","datePublished":"2023-08-23T11:51:07+00:00","dateModified":"2025-12-11T09:12:24+00:00","breadcrumb":{"@id":"https:\/\/die-mundgesundheitsstiftung.de\/project\/prof-dr-med-dent-martin-joergens\/#breadcrumb"},"inLanguage":"en-US","potentialAction":[{"@type":"ReadAction","target":["https:\/\/die-mundgesundheitsstiftung.de\/project\/prof-dr-med-dent-martin-joergens\/"]}]},{"@type":"ImageObject","inLanguage":"en-US","@id":"https:\/\/die-mundgesundheitsstiftung.de\/project\/prof-dr-med-dent-martin-joergens\/#primaryimage","url":"https:\/\/die-mundgesundheitsstiftung.de\/media\/2023\/08\/dr_martin_jorgensen.jpg","contentUrl":"https:\/\/die-mundgesundheitsstiftung.de\/media\/2023\/08\/dr_martin_jorgensen.jpg","width":250,"height":250,"caption":"Prof. Dr. med. dent. Martin J\u00f6rgens"},{"@type":"BreadcrumbList","@id":"https:\/\/die-mundgesundheitsstiftung.de\/project\/prof-dr-med-dent-martin-joergens\/#breadcrumb","itemListElement":[{"@type":"ListItem","position":1,"name":"Startseite","item":"https:\/\/die-mundgesundheitsstiftung.de\/"},{"@type":"ListItem","position":2,"name":"Projekte","item":"https:\/\/die-mundgesundheitsstiftung.de\/project\/"},{"@type":"ListItem","position":3,"name":"Senator Prof. Dr. med. dent. Martin J\u00f6rgens"}]},{"@type":"WebSite","@id":"https:\/\/die-mundgesundheitsstiftung.de\/#website","url":"https:\/\/die-mundgesundheitsstiftung.de\/","name":"DMS Deutsche Mundgesundheitsstiftung","description":"DMS Deutsche Mundgesundheitsstiftung","potentialAction":[{"@type":"SearchAction","target":{"@type":"EntryPoint","urlTemplate":"https:\/\/die-mundgesundheitsstiftung.de\/?s={search_term_string}"},"query-input":{"@type":"PropertyValueSpecification","valueRequired":true,"valueName":"search_term_string"}}],"inLanguage":"en-US"}]}},"_links":{"self":[{"href":"https:\/\/die-mundgesundheitsstiftung.de\/en\/wp-json\/wp\/v2\/project\/23417777","targetHints":{"allow":["GET"]}}],"collection":[{"href":"https:\/\/die-mundgesundheitsstiftung.de\/en\/wp-json\/wp\/v2\/project"}],"about":[{"href":"https:\/\/die-mundgesundheitsstiftung.de\/en\/wp-json\/wp\/v2\/types\/project"}],"author":[{"embeddable":true,"href":"https:\/\/die-mundgesundheitsstiftung.de\/en\/wp-json\/wp\/v2\/users\/8"}],"replies":[{"embeddable":true,"href":"https:\/\/die-mundgesundheitsstiftung.de\/en\/wp-json\/wp\/v2\/comments?post=23417777"}],"version-history":[{"count":2,"href":"https:\/\/die-mundgesundheitsstiftung.de\/en\/wp-json\/wp\/v2\/project\/23417777\/revisions"}],"predecessor-version":[{"id":27587273,"href":"https:\/\/die-mundgesundheitsstiftung.de\/en\/wp-json\/wp\/v2\/project\/23417777\/revisions\/27587273"}],"wp:featuredmedia":[{"embeddable":true,"href":"https:\/\/die-mundgesundheitsstiftung.de\/en\/wp-json\/wp\/v2\/media\/23417778"}],"wp:attachment":[{"href":"https:\/\/die-mundgesundheitsstiftung.de\/en\/wp-json\/wp\/v2\/media?parent=23417777"}],"wp:term":[{"taxonomy":"project_category","embeddable":true,"href":"https:\/\/die-mundgesundheitsstiftung.de\/en\/wp-json\/wp\/v2\/project_category?post=23417777"},{"taxonomy":"project_tag","embeddable":true,"href":"https:\/\/die-mundgesundheitsstiftung.de\/en\/wp-json\/wp\/v2\/project_tag?post=23417777"}],"curies":[{"name":"wp","href":"https:\/\/api.w.org\/{rel}","templated":true}]}}