{"id":23418291,"date":"2023-09-15T10:21:36","date_gmt":"2023-09-15T08:21:36","guid":{"rendered":"https:\/\/die-mundgesundheitsstiftung.de\/?post_type=project&#038;p=23418291"},"modified":"2025-12-11T10:57:09","modified_gmt":"2025-12-11T08:57:09","slug":"dr-katharina-hardt","status":"publish","type":"project","link":"https:\/\/die-mundgesundheitsstiftung.de\/en\/project\/dr-katharina-hardt\/","title":{"rendered":"Senatorin Dr. Katharina Hardt"},"content":{"rendered":"\n[et_pb_section fb_built=&#8221;1&#8243; _builder_version=&#8221;4.16&#8243; _module_preset=&#8221;default&#8221; custom_padding=&#8221;105px|||||&#8221; global_colors_info=&#8221;{}&#8221;][et_pb_row column_structure=&#8221;2_3,1_3&#8243; module_id=&#8221;scroll&#8221; _builder_version=&#8221;4.21.0&#8243; _module_preset=&#8221;default&#8221; global_colors_info=&#8221;{}&#8221;][et_pb_column type=&#8221;2_3&#8243; _builder_version=&#8221;4.16&#8243; _module_preset=&#8221;default&#8221; global_colors_info=&#8221;{}&#8221;][et_pb_text _builder_version=&#8221;4.27.4&#8243; _module_preset=&#8221;default&#8221; text_font=&#8221;|||on|||||&#8221; text_text_color=&#8221;#ffab45&#8243; text_font_size=&#8221;22px&#8221; text_letter_spacing=&#8221;3px&#8221; custom_margin=&#8221;33px||15px||false|false&#8221; text_font_size_tablet=&#8221;20px&#8221; text_font_size_phone=&#8221;15px&#8221; text_font_size_last_edited=&#8221;on|tablet&#8221; locked=&#8221;off&#8221; global_colors_info=&#8221;{}&#8221;]<p><b>Senatorin im Gesundheitssenat<\/b><\/p>[\/et_pb_text][et_pb_text _builder_version=&#8221;4.27.4&#8243; _module_preset=&#8221;default&#8221; header_2_font=&#8221;|600|||||||&#8221; header_2_text_align=&#8221;left&#8221; header_2_font_size=&#8221;35px&#8221; header_2_line_height=&#8221;1.3em&#8221; hover_enabled=&#8221;0&#8243; header_2_font_size_tablet=&#8221;35px&#8221; header_2_font_size_phone=&#8221;25px&#8221; header_2_font_size_last_edited=&#8221;on|phone&#8221; global_colors_info=&#8221;{}&#8221; custom_margin=&#8221;||0px||false|false&#8221; custom_margin_last_edited=&#8221;on|phone&#8221; sticky_enabled=&#8221;0&#8243; custom_margin_phone=&#8221;||15px||false|false&#8221; custom_margin_tablet=&#8221;||0px||false|false&#8221;]<h2><strong>Dr. Katharina Hardt<\/strong><\/h2>[\/et_pb_text][et_pb_text _builder_version=&#8221;4.27.4&#8243; _module_preset=&#8221;default&#8221; text_font=&#8221;|||on|||||&#8221; text_text_color=&#8221;#ffab45&#8243; text_font_size=&#8221;15px&#8221; text_letter_spacing=&#8221;3px&#8221; custom_margin=&#8221;||15px||false|false&#8221; hover_enabled=&#8221;0&#8243; locked=&#8221;off&#8221; global_colors_info=&#8221;{}&#8221; sticky_enabled=&#8221;0&#8243;]<p>Zahnarztpraxis Dr. Katharina Hardt<\/p>[\/et_pb_text][et_pb_image src=&#8221;https:\/\/die-mundgesundheitsstiftung.de\/media\/2023\/09\/hard_h_760x650_54791_02.jpg&#8221; title_text=&#8221;hard_h_760x650_54791_02&#8243; _builder_version=&#8221;4.22.1&#8243; _module_preset=&#8221;default&#8221; border_radii=&#8221;on|10px|10px|10px|10px&#8221; global_colors_info=&#8221;{}&#8221;][\/et_pb_image][et_pb_text _builder_version=&#8221;4.23.1&#8243; _module_preset=&#8221;default&#8221; global_colors_info=&#8221;{}&#8221;]<h3>Vita<\/h3>\n<ul>\n<li>2006 Approbation als Zahn\u00e4rztin<\/li>\n<li>Master of Oral Medicine in Implantology (MOM)<\/li>\n<li>Master of Science (M.Sc.) in Implantology and Dental Surgery<\/li>\n<li>Curriculum Endodontie\/Wurzelkanalbehandlung<\/li>\n<li>Referenzzahn\u00e4rztin im Bereich optoelektronischer Messverfahren f\u00fcr Kiefergelenksdiagnostik und -therapie<\/li>\n<li>Inhaberin der Privatpraxis f\u00fcr Zahnmedizin und Kiefergelenkstherapie in Wachtberg-Villip<\/li>\n<li>Fachkunde f\u00fcr digitale Volumentomographie (DVT)<\/li>\n<li>Ausbildung zur Posturologin (Haltungswissenschaft)<\/li>\n<\/ul>[\/et_pb_text][\/et_pb_column][et_pb_column type=&#8221;1_3&#8243; _builder_version=&#8221;4.21.0&#8243; _module_preset=&#8221;default&#8221; background_color=&#8221;#F5F5F5&#8243; custom_padding=&#8221;40px|30px|40px|30px|true|true&#8221; border_radii=&#8221;on|5px|5px|5px|5px&#8221; global_colors_info=&#8221;{}&#8221;][et_pb_image src=&#8221;https:\/\/die-mundgesundheitsstiftung.de\/media\/2023\/09\/Screenshot-2023-09-15-101349.png&#8221; title_text=&#8221;Screenshot 2023-09-15 101349&#8243; _builder_version=&#8221;4.22.1&#8243; _module_preset=&#8221;default&#8221; max_width=&#8221;37%&#8221; module_alignment=&#8221;left&#8221; custom_margin=&#8221;-9px|||||&#8221; global_colors_info=&#8221;{}&#8221;][\/et_pb_image][et_pb_divider color=&#8221;rgba(102,102,102,0.1)&#8221; _builder_version=&#8221;4.16&#8243; _module_preset=&#8221;default&#8221; custom_margin=&#8221;||10px||false|false&#8221; locked=&#8221;off&#8221; global_colors_info=&#8221;{}&#8221;][\/et_pb_divider][et_pb_text _builder_version=&#8221;4.20.4&#8243; _module_preset=&#8221;default&#8221; text_text_color=&#8221;#FE5E15&#8243; header_text_color=&#8221;#FE5E15&#8243; header_3_font=&#8221;|600|||||||&#8221; custom_margin=&#8221;||14px|0px|false|false&#8221; locked=&#8221;off&#8221; global_colors_info=&#8221;{}&#8221;]<h3>Ihr zertifizierter Profi<\/h3>[\/et_pb_text][et_pb_image src=&#8221;https:\/\/die-mundgesundheitsstiftung.de\/media\/2023\/09\/Dr.-Katharina-Hardt.png&#8221; alt=&#8221;Dr. Katharina Hardt&#8221; title_text=&#8221;Dr. Katharina Hardt&#8221; _builder_version=&#8221;4.22.1&#8243; _module_preset=&#8221;default&#8221; max_width=&#8221;59%&#8221; module_alignment=&#8221;left&#8221; border_radii=&#8221;on|123px|123px|123px|123px&#8221; global_colors_info=&#8221;{}&#8221;][\/et_pb_image][et_pb_blurb title=&#8221;Dr. Katharina Hardt&#8221; icon_placement=&#8221;left&#8221; image_icon_width=&#8221;15px&#8221; _builder_version=&#8221;4.22.1&#8243; _module_preset=&#8221;default&#8221; header_font=&#8221;Niconne||||||||&#8221; header_text_color=&#8221;#666666&#8243; header_font_size=&#8221;42px&#8221; body_line_height=&#8221;1em&#8221; custom_margin=&#8221;||10px|5px|false|false&#8221; custom_css_blurb_title=&#8221;margin-left: -20px !important;&#8221; global_colors_info=&#8221;{}&#8221;][\/et_pb_blurb][et_pb_divider color=&#8221;rgba(102,102,102,0.1)&#8221; _builder_version=&#8221;4.16&#8243; _module_preset=&#8221;default&#8221; custom_margin=&#8221;||10px||false|false&#8221; locked=&#8221;off&#8221; global_colors_info=&#8221;{}&#8221;][\/et_pb_divider][et_pb_text _builder_version=&#8221;4.20.4&#8243; _module_preset=&#8221;default&#8221; text_text_color=&#8221;#FE5E15&#8243; header_text_color=&#8221;#FE5E15&#8243; header_3_font=&#8221;|600|||||||&#8221; custom_margin=&#8221;||14px|0px|false|false&#8221; locked=&#8221;off&#8221; global_colors_info=&#8221;{}&#8221;]<h3>Kontaktdaten<\/h3>[\/et_pb_text][et_pb_blurb title=&#8221;Tel.: +49220452324&#8243; icon_placement=&#8221;left&#8221; image_icon_width=&#8221;15px&#8221; _builder_version=&#8221;4.22.1&#8243; _module_preset=&#8221;default&#8221; header_font=&#8221;Mulish||||||||&#8221; header_text_color=&#8221;#666666&#8243; header_font_size=&#8221;14px&#8221; body_line_height=&#8221;1em&#8221; custom_margin=&#8221;||10px|5px|false|false&#8221; custom_css_blurb_title=&#8221;margin-left: -20px !important;&#8221; locked=&#8221;off&#8221; global_colors_info=&#8221;{}&#8221;][\/et_pb_blurb][et_pb_blurb title=&#8221;E-Mail: info@zahnarztpraxis-schlossstrasse.com&#8221; icon_placement=&#8221;left&#8221; image_icon_width=&#8221;15px&#8221; _builder_version=&#8221;4.22.1&#8243; _module_preset=&#8221;default&#8221; header_font=&#8221;Mulish||||||||&#8221; header_text_color=&#8221;#666666&#8243; header_font_size=&#8221;14px&#8221; body_line_height=&#8221;1em&#8221; custom_margin=&#8221;||10px|5px|false|false&#8221; custom_css_blurb_title=&#8221;margin-left: -20px !important;&#8221; global_colors_info=&#8221;{}&#8221;][\/et_pb_blurb][et_pb_blurb title=&#8221;Web: www.zahnarztpraxis-schlossstrasse.com&#8221; icon_placement=&#8221;left&#8221; image_icon_width=&#8221;15px&#8221; _builder_version=&#8221;4.22.1&#8243; _module_preset=&#8221;default&#8221; header_font=&#8221;Mulish||||||||&#8221; header_text_color=&#8221;#666666&#8243; header_font_size=&#8221;14px&#8221; body_line_height=&#8221;1em&#8221; custom_margin=&#8221;||10px|5px|false|false&#8221; custom_css_blurb_title=&#8221;margin-left: -20px !important;&#8221; global_colors_info=&#8221;{}&#8221;][\/et_pb_blurb][et_pb_blurb title=&#8221;Adresse: Schlo\u00dfstrasse 11, Bergisch Gladbach 51429&#8243; icon_placement=&#8221;left&#8221; image_icon_width=&#8221;15px&#8221; _builder_version=&#8221;4.22.1&#8243; _module_preset=&#8221;default&#8221; header_font=&#8221;Mulish||||||||&#8221; header_text_color=&#8221;#666666&#8243; header_font_size=&#8221;14px&#8221; body_line_height=&#8221;1em&#8221; custom_margin=&#8221;||10px|5px|false|false&#8221; custom_css_blurb_title=&#8221;margin-left: -20px !important;&#8221; global_colors_info=&#8221;{}&#8221;][\/et_pb_blurb][et_pb_divider color=&#8221;rgba(102,102,102,0.1)&#8221; _builder_version=&#8221;4.16&#8243; _module_preset=&#8221;default&#8221; custom_margin=&#8221;||10px||false|false&#8221; locked=&#8221;off&#8221; global_colors_info=&#8221;{}&#8221;][\/et_pb_divider][et_pb_image src=&#8221;https:\/\/die-mundgesundheitsstiftung.de\/media\/2024\/11\/Design-ohne-Titel-2024-11-13T183629.982.png&#8221; _builder_version=&#8221;4.27.4&#8243; _module_preset=&#8221;default&#8221; max_width=&#8221;45%&#8221; custom_margin=&#8221;-40px||-40px||true|false&#8221; global_colors_info=&#8221;{}&#8221;][\/et_pb_image][\/et_pb_column][\/et_pb_row][et_pb_row _builder_version=&#8221;4.16&#8243; _module_preset=&#8221;default&#8221; custom_padding=&#8221;||0px||false|false&#8221; locked=&#8221;off&#8221; global_colors_info=&#8221;{}&#8221;][et_pb_column type=&#8221;4_4&#8243; _builder_version=&#8221;4.16&#8243; _module_preset=&#8221;default&#8221; global_colors_info=&#8221;{}&#8221;][et_pb_text _builder_version=&#8221;4.20.4&#8243; _module_preset=&#8221;default&#8221; header_2_font=&#8221;|600|||||||&#8221; header_2_text_align=&#8221;center&#8221; header_2_font_size=&#8221;35px&#8221; header_2_line_height=&#8221;1.3em&#8221; width_tablet=&#8221;450px&#8221; width_phone=&#8221;100%&#8221; width_last_edited=&#8221;on|tablet&#8221; module_alignment=&#8221;center&#8221; header_2_font_size_tablet=&#8221;35px&#8221; header_2_font_size_phone=&#8221;25px&#8221; header_2_font_size_last_edited=&#8221;on|desktop&#8221; locked=&#8221;off&#8221; global_colors_info=&#8221;{}&#8221;]<h2>Impressionen aus der Praxis<\/h2>[\/et_pb_text][\/et_pb_column][\/et_pb_row][et_pb_row column_structure=&#8221;1_3,1_3,1_3&#8243; _builder_version=&#8221;4.20.4&#8243; _module_preset=&#8221;default&#8221; global_colors_info=&#8221;{}&#8221;][et_pb_column type=&#8221;1_3&#8243; _builder_version=&#8221;4.20.4&#8243; _module_preset=&#8221;default&#8221; global_colors_info=&#8221;{}&#8221;][et_pb_image src=&#8221;https:\/\/die-mundgesundheitsstiftung.de\/media\/2023\/09\/hard_h_760x650_kzh_8205.jpg&#8221; title_text=&#8221;hard_h_760x650_kzh_8205&#8243; _builder_version=&#8221;4.22.1&#8243; _module_preset=&#8221;default&#8221; global_colors_info=&#8221;{}&#8221;][\/et_pb_image][\/et_pb_column][et_pb_column type=&#8221;1_3&#8243; _builder_version=&#8221;4.20.4&#8243; _module_preset=&#8221;default&#8221; global_colors_info=&#8221;{}&#8221;][et_pb_image src=&#8221;https:\/\/die-mundgesundheitsstiftung.de\/media\/2023\/09\/hard_h_1520x350_202308_teamcomposing.jpg&#8221; title_text=&#8221;hard_h_1520x350_202308_teamcomposing&#8221; _builder_version=&#8221;4.22.1&#8243; _module_preset=&#8221;default&#8221; global_colors_info=&#8221;{}&#8221;][\/et_pb_image][\/et_pb_column][et_pb_column type=&#8221;1_3&#8243; _builder_version=&#8221;4.20.4&#8243; _module_preset=&#8221;default&#8221; global_colors_info=&#8221;{}&#8221;][et_pb_image src=&#8221;https:\/\/die-mundgesundheitsstiftung.de\/media\/2023\/09\/hard_t_360x360_cmd.jpg&#8221; title_text=&#8221;hard_t_360x360_cmd&#8221; _builder_version=&#8221;4.22.1&#8243; _module_preset=&#8221;default&#8221; max_width=&#8221;85%&#8221; global_colors_info=&#8221;{}&#8221;][\/et_pb_image][\/et_pb_column][\/et_pb_row][\/et_pb_section]\n","protected":false},"excerpt":{"rendered":"<p>Senatorin im GesundheitssenatDr. Katharina HardtZahnarztpraxis Dr. Katharina HardtVita 2006 Approbation als Zahn\u00e4rztin Master of Oral Medicine in Implantology (MOM) Master of Science (M.Sc.) in Implantology and Dental Surgery Curriculum Endodontie\/Wurzelkanalbehandlung Referenzzahn\u00e4rztin im Bereich optoelektronischer Messverfahren f\u00fcr Kiefergelenksdiagnostik und -therapie Inhaberin der Privatpraxis f\u00fcr Zahnmedizin und Kiefergelenkstherapie in Wachtberg-Villip Fachkunde f\u00fcr digitale Volumentomographie (DVT) Ausbildung zur [&hellip;]<\/p>\n","protected":false},"author":8,"featured_media":23418292,"comment_status":"open","ping_status":"closed","template":"","meta":{"_et_pb_use_builder":"on","_et_pb_old_content":"","_et_gb_content_width":"","footnotes":""},"project_category":[75],"project_tag":[],"class_list":["post-23418291","project","type-project","status-publish","has-post-thumbnail","hentry","project_category-senatoren"],"yoast_head":"<!-- This site is optimized with the Yoast SEO plugin v27.4 - https:\/\/yoast.com\/product\/yoast-seo-wordpress\/ -->\n<title>Senatorin Dr. Katharina Hardt - DMS Deutsche Mundgesundheitsstiftung<\/title>\n<meta name=\"robots\" content=\"index, follow, max-snippet:-1, max-image-preview:large, max-video-preview:-1\" \/>\n<link rel=\"canonical\" href=\"https:\/\/die-mundgesundheitsstiftung.de\/en\/project\/dr-katharina-hardt\/\" \/>\n<meta property=\"og:locale\" content=\"en_US\" \/>\n<meta property=\"og:type\" content=\"article\" \/>\n<meta property=\"og:title\" content=\"Senatorin Dr. Katharina Hardt - DMS Deutsche Mundgesundheitsstiftung\" \/>\n<meta property=\"og:description\" content=\"Senatorin im GesundheitssenatDr. Katharina HardtZahnarztpraxis Dr. Katharina HardtVita 2006 Approbation als Zahn\u00e4rztin Master of Oral Medicine in Implantology (MOM) Master of Science (M.Sc.) in Implantology and Dental Surgery Curriculum Endodontie\/Wurzelkanalbehandlung Referenzzahn\u00e4rztin im Bereich optoelektronischer Messverfahren f\u00fcr Kiefergelenksdiagnostik und -therapie Inhaberin der Privatpraxis f\u00fcr Zahnmedizin und Kiefergelenkstherapie in Wachtberg-Villip Fachkunde f\u00fcr digitale Volumentomographie (DVT) Ausbildung zur [&hellip;]\" \/>\n<meta property=\"og:url\" content=\"https:\/\/die-mundgesundheitsstiftung.de\/en\/project\/dr-katharina-hardt\/\" \/>\n<meta property=\"og:site_name\" content=\"DMS Deutsche Mundgesundheitsstiftung\" \/>\n<meta property=\"article:modified_time\" content=\"2025-12-11T08:57:09+00:00\" \/>\n<meta property=\"og:image\" content=\"https:\/\/die-mundgesundheitsstiftung.de\/media\/2023\/09\/Dr.-Katharina-Hardt.png\" \/>\n\t<meta property=\"og:image:width\" content=\"250\" \/>\n\t<meta property=\"og:image:height\" content=\"250\" \/>\n\t<meta property=\"og:image:type\" content=\"image\/png\" \/>\n<meta name=\"twitter:card\" content=\"summary_large_image\" \/>\n<meta name=\"twitter:label1\" content=\"Est. reading time\" \/>\n\t<meta name=\"twitter:data1\" content=\"3 minutes\" \/>\n<script type=\"application\/ld+json\" class=\"yoast-schema-graph\">{\"@context\":\"https:\\\/\\\/schema.org\",\"@graph\":[{\"@type\":\"WebPage\",\"@id\":\"https:\\\/\\\/die-mundgesundheitsstiftung.de\\\/project\\\/dr-katharina-hardt\\\/\",\"url\":\"https:\\\/\\\/die-mundgesundheitsstiftung.de\\\/project\\\/dr-katharina-hardt\\\/\",\"name\":\"Senatorin Dr. Katharina Hardt - DMS Deutsche Mundgesundheitsstiftung\",\"isPartOf\":{\"@id\":\"https:\\\/\\\/die-mundgesundheitsstiftung.de\\\/#website\"},\"primaryImageOfPage\":{\"@id\":\"https:\\\/\\\/die-mundgesundheitsstiftung.de\\\/project\\\/dr-katharina-hardt\\\/#primaryimage\"},\"image\":{\"@id\":\"https:\\\/\\\/die-mundgesundheitsstiftung.de\\\/project\\\/dr-katharina-hardt\\\/#primaryimage\"},\"thumbnailUrl\":\"https:\\\/\\\/die-mundgesundheitsstiftung.de\\\/wp-content\\\/uploads\\\/2023\\\/09\\\/Dr.-Katharina-Hardt.png\",\"datePublished\":\"2023-09-15T08:21:36+00:00\",\"dateModified\":\"2025-12-11T08:57:09+00:00\",\"breadcrumb\":{\"@id\":\"https:\\\/\\\/die-mundgesundheitsstiftung.de\\\/project\\\/dr-katharina-hardt\\\/#breadcrumb\"},\"inLanguage\":\"en-US\",\"potentialAction\":[{\"@type\":\"ReadAction\",\"target\":[\"https:\\\/\\\/die-mundgesundheitsstiftung.de\\\/project\\\/dr-katharina-hardt\\\/\"]}]},{\"@type\":\"ImageObject\",\"inLanguage\":\"en-US\",\"@id\":\"https:\\\/\\\/die-mundgesundheitsstiftung.de\\\/project\\\/dr-katharina-hardt\\\/#primaryimage\",\"url\":\"https:\\\/\\\/die-mundgesundheitsstiftung.de\\\/wp-content\\\/uploads\\\/2023\\\/09\\\/Dr.-Katharina-Hardt.png\",\"contentUrl\":\"https:\\\/\\\/die-mundgesundheitsstiftung.de\\\/wp-content\\\/uploads\\\/2023\\\/09\\\/Dr.-Katharina-Hardt.png\",\"width\":250,\"height\":250,\"caption\":\"Dr. Katharina Hardt\"},{\"@type\":\"BreadcrumbList\",\"@id\":\"https:\\\/\\\/die-mundgesundheitsstiftung.de\\\/project\\\/dr-katharina-hardt\\\/#breadcrumb\",\"itemListElement\":[{\"@type\":\"ListItem\",\"position\":1,\"name\":\"Startseite\",\"item\":\"https:\\\/\\\/die-mundgesundheitsstiftung.de\\\/\"},{\"@type\":\"ListItem\",\"position\":2,\"name\":\"Projekte\",\"item\":\"https:\\\/\\\/die-mundgesundheitsstiftung.de\\\/project\\\/\"},{\"@type\":\"ListItem\",\"position\":3,\"name\":\"Senatorin Dr. Katharina Hardt\"}]},{\"@type\":\"WebSite\",\"@id\":\"https:\\\/\\\/die-mundgesundheitsstiftung.de\\\/#website\",\"url\":\"https:\\\/\\\/die-mundgesundheitsstiftung.de\\\/\",\"name\":\"DMS Deutsche Mundgesundheitsstiftung\",\"description\":\"DMS Deutsche Mundgesundheitsstiftung\",\"potentialAction\":[{\"@type\":\"SearchAction\",\"target\":{\"@type\":\"EntryPoint\",\"urlTemplate\":\"https:\\\/\\\/die-mundgesundheitsstiftung.de\\\/?s={search_term_string}\"},\"query-input\":{\"@type\":\"PropertyValueSpecification\",\"valueRequired\":true,\"valueName\":\"search_term_string\"}}],\"inLanguage\":\"en-US\"}]}<\/script>\n<!-- \/ Yoast SEO plugin. -->","yoast_head_json":{"title":"Senatorin Dr. Katharina Hardt - DMS Deutsche Mundgesundheitsstiftung","robots":{"index":"index","follow":"follow","max-snippet":"max-snippet:-1","max-image-preview":"max-image-preview:large","max-video-preview":"max-video-preview:-1"},"canonical":"https:\/\/die-mundgesundheitsstiftung.de\/en\/project\/dr-katharina-hardt\/","og_locale":"en_US","og_type":"article","og_title":"Senatorin Dr. Katharina Hardt - DMS Deutsche Mundgesundheitsstiftung","og_description":"Senatorin im GesundheitssenatDr. Katharina HardtZahnarztpraxis Dr. Katharina HardtVita 2006 Approbation als Zahn\u00e4rztin Master of Oral Medicine in Implantology (MOM) Master of Science (M.Sc.) in Implantology and Dental Surgery Curriculum Endodontie\/Wurzelkanalbehandlung Referenzzahn\u00e4rztin im Bereich optoelektronischer Messverfahren f\u00fcr Kiefergelenksdiagnostik und -therapie Inhaberin der Privatpraxis f\u00fcr Zahnmedizin und Kiefergelenkstherapie in Wachtberg-Villip Fachkunde f\u00fcr digitale Volumentomographie (DVT) Ausbildung zur [&hellip;]","og_url":"https:\/\/die-mundgesundheitsstiftung.de\/en\/project\/dr-katharina-hardt\/","og_site_name":"DMS Deutsche Mundgesundheitsstiftung","article_modified_time":"2025-12-11T08:57:09+00:00","og_image":[{"width":250,"height":250,"url":"https:\/\/die-mundgesundheitsstiftung.de\/media\/2023\/09\/Dr.-Katharina-Hardt.png","type":"image\/png"}],"twitter_card":"summary_large_image","twitter_misc":{"Est. reading time":"3 minutes"},"schema":{"@context":"https:\/\/schema.org","@graph":[{"@type":"WebPage","@id":"https:\/\/die-mundgesundheitsstiftung.de\/project\/dr-katharina-hardt\/","url":"https:\/\/die-mundgesundheitsstiftung.de\/project\/dr-katharina-hardt\/","name":"Senatorin Dr. Katharina Hardt - DMS Deutsche Mundgesundheitsstiftung","isPartOf":{"@id":"https:\/\/die-mundgesundheitsstiftung.de\/#website"},"primaryImageOfPage":{"@id":"https:\/\/die-mundgesundheitsstiftung.de\/project\/dr-katharina-hardt\/#primaryimage"},"image":{"@id":"https:\/\/die-mundgesundheitsstiftung.de\/project\/dr-katharina-hardt\/#primaryimage"},"thumbnailUrl":"https:\/\/die-mundgesundheitsstiftung.de\/media\/2023\/09\/Dr.-Katharina-Hardt.png","datePublished":"2023-09-15T08:21:36+00:00","dateModified":"2025-12-11T08:57:09+00:00","breadcrumb":{"@id":"https:\/\/die-mundgesundheitsstiftung.de\/project\/dr-katharina-hardt\/#breadcrumb"},"inLanguage":"en-US","potentialAction":[{"@type":"ReadAction","target":["https:\/\/die-mundgesundheitsstiftung.de\/project\/dr-katharina-hardt\/"]}]},{"@type":"ImageObject","inLanguage":"en-US","@id":"https:\/\/die-mundgesundheitsstiftung.de\/project\/dr-katharina-hardt\/#primaryimage","url":"https:\/\/die-mundgesundheitsstiftung.de\/media\/2023\/09\/Dr.-Katharina-Hardt.png","contentUrl":"https:\/\/die-mundgesundheitsstiftung.de\/media\/2023\/09\/Dr.-Katharina-Hardt.png","width":250,"height":250,"caption":"Dr. Katharina Hardt"},{"@type":"BreadcrumbList","@id":"https:\/\/die-mundgesundheitsstiftung.de\/project\/dr-katharina-hardt\/#breadcrumb","itemListElement":[{"@type":"ListItem","position":1,"name":"Startseite","item":"https:\/\/die-mundgesundheitsstiftung.de\/"},{"@type":"ListItem","position":2,"name":"Projekte","item":"https:\/\/die-mundgesundheitsstiftung.de\/project\/"},{"@type":"ListItem","position":3,"name":"Senatorin Dr. Katharina Hardt"}]},{"@type":"WebSite","@id":"https:\/\/die-mundgesundheitsstiftung.de\/#website","url":"https:\/\/die-mundgesundheitsstiftung.de\/","name":"DMS Deutsche Mundgesundheitsstiftung","description":"DMS Deutsche Mundgesundheitsstiftung","potentialAction":[{"@type":"SearchAction","target":{"@type":"EntryPoint","urlTemplate":"https:\/\/die-mundgesundheitsstiftung.de\/?s={search_term_string}"},"query-input":{"@type":"PropertyValueSpecification","valueRequired":true,"valueName":"search_term_string"}}],"inLanguage":"en-US"}]}},"_links":{"self":[{"href":"https:\/\/die-mundgesundheitsstiftung.de\/en\/wp-json\/wp\/v2\/project\/23418291","targetHints":{"allow":["GET"]}}],"collection":[{"href":"https:\/\/die-mundgesundheitsstiftung.de\/en\/wp-json\/wp\/v2\/project"}],"about":[{"href":"https:\/\/die-mundgesundheitsstiftung.de\/en\/wp-json\/wp\/v2\/types\/project"}],"author":[{"embeddable":true,"href":"https:\/\/die-mundgesundheitsstiftung.de\/en\/wp-json\/wp\/v2\/users\/8"}],"replies":[{"embeddable":true,"href":"https:\/\/die-mundgesundheitsstiftung.de\/en\/wp-json\/wp\/v2\/comments?post=23418291"}],"version-history":[{"count":3,"href":"https:\/\/die-mundgesundheitsstiftung.de\/en\/wp-json\/wp\/v2\/project\/23418291\/revisions"}],"predecessor-version":[{"id":27587261,"href":"https:\/\/die-mundgesundheitsstiftung.de\/en\/wp-json\/wp\/v2\/project\/23418291\/revisions\/27587261"}],"wp:featuredmedia":[{"embeddable":true,"href":"https:\/\/die-mundgesundheitsstiftung.de\/en\/wp-json\/wp\/v2\/media\/23418292"}],"wp:attachment":[{"href":"https:\/\/die-mundgesundheitsstiftung.de\/en\/wp-json\/wp\/v2\/media?parent=23418291"}],"wp:term":[{"taxonomy":"project_category","embeddable":true,"href":"https:\/\/die-mundgesundheitsstiftung.de\/en\/wp-json\/wp\/v2\/project_category?post=23418291"},{"taxonomy":"project_tag","embeddable":true,"href":"https:\/\/die-mundgesundheitsstiftung.de\/en\/wp-json\/wp\/v2\/project_tag?post=23418291"}],"curies":[{"name":"wp","href":"https:\/\/api.w.org\/{rel}","templated":true}]}}