{"id":23418351,"date":"2023-09-15T12:15:03","date_gmt":"2023-09-15T10:15:03","guid":{"rendered":"https:\/\/die-mundgesundheitsstiftung.de\/?post_type=project&#038;p=23418351"},"modified":"2024-04-02T15:46:59","modified_gmt":"2024-04-02T13:46:59","slug":"dr-christoph-blum","status":"publish","type":"project","link":"https:\/\/die-mundgesundheitsstiftung.de\/en\/project\/dr-christoph-blum\/","title":{"rendered":"Dr. Christoph Blum"},"content":{"rendered":"<p>[et_pb_section fb_built=&#8221;1&#8243; _builder_version=&#8221;4.16&#8243; _module_preset=&#8221;default&#8221; custom_padding=&#8221;105px|||||&#8221; global_colors_info=&#8221;{}&#8221;][et_pb_row column_structure=&#8221;2_3,1_3&#8243; module_id=&#8221;scroll&#8221; _builder_version=&#8221;4.21.0&#8243; _module_preset=&#8221;default&#8221; global_colors_info=&#8221;{}&#8221;][et_pb_column type=&#8221;2_3&#8243; _builder_version=&#8221;4.16&#8243; _module_preset=&#8221;default&#8221; global_colors_info=&#8221;{}&#8221;][et_pb_text _builder_version=&#8221;4.22.1&#8243; _module_preset=&#8221;default&#8221; text_font=&#8221;|||on|||||&#8221; text_text_color=&#8221;#ffab45&#8243; text_font_size=&#8221;15px&#8221; text_letter_spacing=&#8221;3px&#8221; custom_margin=&#8221;33px||15px||false|false&#8221; locked=&#8221;off&#8221; global_colors_info=&#8221;{}&#8221;]<\/p>\n<p><strong>Zahnarzt Dr. Blum Bad Ems<\/strong><\/p>\n<p>[\/et_pb_text][et_pb_text _builder_version=&#8221;4.22.1&#8243; _module_preset=&#8221;default&#8221; header_2_font=&#8221;|600|||||||&#8221; header_2_text_align=&#8221;left&#8221; header_2_font_size=&#8221;35px&#8221; header_2_line_height=&#8221;1.3em&#8221; header_2_font_size_tablet=&#8221;35px&#8221; header_2_font_size_phone=&#8221;25px&#8221; header_2_font_size_last_edited=&#8221;on|phone&#8221; global_colors_info=&#8221;{}&#8221;]<\/p>\n<h2><strong>Dr. Christoph Blum<\/strong><\/h2>\n<p>[\/et_pb_text][et_pb_image src=&#8221;https:\/\/die-mundgesundheitsstiftung.de\/media\/2023\/09\/Screenshot-2023-09-15-120741.png&#8221; title_text=&#8221;Screenshot 2023-09-15 120741&#8243; _builder_version=&#8221;4.22.1&#8243; _module_preset=&#8221;default&#8221; border_radii=&#8221;on|10px|10px|10px|10px&#8221; global_colors_info=&#8221;{}&#8221;][\/et_pb_image][et_pb_text _builder_version=&#8221;4.24.2&#8243; _module_preset=&#8221;default&#8221; hover_enabled=&#8221;0&#8243; sticky_enabled=&#8221;0&#8243;]<\/p>\n<p><span style=\"font-weight: 400;\">\u201cBitte l\u00e4cheln\u201d<\/span><\/p>\n<p><span style=\"font-weight: 400;\">In unserer Zahnarztpraxis k\u00f6nnen wir dank regelm\u00e4\u00dfigen Fortbildungen und Innovationen sowie 40-j\u00e4hriger Berufserfahrung das volle Spektrum der modernen Zahnheilkunde bieten. Speziell geschult f\u00fcr Angstpatienten und Kinder k\u00f6nnen wir unsere Behandlungen professionell und sicher ausf\u00fchren.<\/span><\/p>\n<p><span style=\"font-weight: 400;\">Ich habe ein Zahnmobil entwickelt, mit dem ich seit M\u00e4rz 2019 einmal in der Woche unterwegs bin, um Heimbewohner zahn\u00e4rztlich versorgen zu k\u00f6nnen.\u00a0<\/span><\/p>\n<p><span style=\"font-weight: 400;\">Mir war wichtig, die Zug\u00e4nglichkeit f\u00fcr pflegebed\u00fcrftige Menschen in station\u00e4ren Einrichtungen zu einer gleichwertigen und umfassenden zahn\u00e4rztlichen Versorgung unter gleichen medizinischen Fach- und Hygienestandards wie im bekannten Praxisumfeld zu gew\u00e4hrleisten. Im Rahmen einer Kinderheimbetreuung ist ebenfalls eine Gruppenvorsorge und -behandlung m\u00f6glich.<\/span><\/p>\n<p>[\/et_pb_text][\/et_pb_column][et_pb_column type=&#8221;1_3&#8243; _builder_version=&#8221;4.21.0&#8243; _module_preset=&#8221;default&#8221; background_color=&#8221;#F5F5F5&#8243; custom_padding=&#8221;40px|30px|40px|30px|true|true&#8221; border_radii=&#8221;on|5px|5px|5px|5px&#8221; global_colors_info=&#8221;{}&#8221;][et_pb_image src=&#8221;https:\/\/die-mundgesundheitsstiftung.de\/media\/2023\/09\/Screenshot-2023-09-15-120106.png&#8221; title_text=&#8221;Screenshot 2023-09-15 120106&#8243; _builder_version=&#8221;4.22.1&#8243; _module_preset=&#8221;default&#8221; max_width=&#8221;40%&#8221; module_alignment=&#8221;left&#8221; custom_margin=&#8221;-9px|||||&#8221; global_colors_info=&#8221;{}&#8221;][\/et_pb_image][et_pb_divider color=&#8221;rgba(102,102,102,0.1)&#8221; _builder_version=&#8221;4.16&#8243; _module_preset=&#8221;default&#8221; custom_margin=&#8221;||10px||false|false&#8221; locked=&#8221;off&#8221; global_colors_info=&#8221;{}&#8221;][\/et_pb_divider][et_pb_text _builder_version=&#8221;4.20.4&#8243; _module_preset=&#8221;default&#8221; text_text_color=&#8221;#FE5E15&#8243; header_text_color=&#8221;#FE5E15&#8243; header_3_font=&#8221;|600|||||||&#8221; custom_margin=&#8221;||14px|0px|false|false&#8221; locked=&#8221;off&#8221; global_colors_info=&#8221;{}&#8221;]<\/p>\n<h3>Ihr zertifizierter Profi<\/h3>\n<p>[\/et_pb_text][et_pb_image src=&#8221;https:\/\/die-mundgesundheitsstiftung.de\/media\/2023\/09\/Dr.-Christoph-Blum.png&#8221; alt=&#8221;Dr. Christoph Blum&#8221; title_text=&#8221;Dr. Christoph Blum&#8221; _builder_version=&#8221;4.22.1&#8243; _module_preset=&#8221;default&#8221; max_width=&#8221;59%&#8221; module_alignment=&#8221;left&#8221; border_radii=&#8221;on|123px|123px|123px|123px&#8221; global_colors_info=&#8221;{}&#8221;][\/et_pb_image][et_pb_blurb title=&#8221;Dr. Christoph Blum&#8221; icon_placement=&#8221;left&#8221; image_icon_width=&#8221;15px&#8221; _builder_version=&#8221;4.22.1&#8243; _module_preset=&#8221;default&#8221; header_font=&#8221;Marck Script||||||||&#8221; header_text_color=&#8221;#666666&#8243; header_font_size=&#8221;38px&#8221; body_line_height=&#8221;1em&#8221; custom_margin=&#8221;||10px|5px|false|false&#8221; custom_css_blurb_title=&#8221;margin-left: -20px !important;&#8221; global_colors_info=&#8221;{}&#8221;][\/et_pb_blurb][et_pb_divider color=&#8221;rgba(102,102,102,0.1)&#8221; _builder_version=&#8221;4.16&#8243; _module_preset=&#8221;default&#8221; custom_margin=&#8221;||10px||false|false&#8221; locked=&#8221;off&#8221; global_colors_info=&#8221;{}&#8221;][\/et_pb_divider][et_pb_text _builder_version=&#8221;4.20.4&#8243; _module_preset=&#8221;default&#8221; text_text_color=&#8221;#FE5E15&#8243; header_text_color=&#8221;#FE5E15&#8243; header_3_font=&#8221;|600|||||||&#8221; custom_margin=&#8221;||14px|0px|false|false&#8221; locked=&#8221;off&#8221; global_colors_info=&#8221;{}&#8221;]<\/p>\n<h3>Kontaktdaten<\/h3>\n<p>[\/et_pb_text][et_pb_blurb title=&#8221;Tel.: +49 2603 9362590&#8243; icon_placement=&#8221;left&#8221; image_icon_width=&#8221;15px&#8221; _builder_version=&#8221;4.22.1&#8243; _module_preset=&#8221;default&#8221; header_font=&#8221;Mulish||||||||&#8221; header_text_color=&#8221;#666666&#8243; header_font_size=&#8221;14px&#8221; body_line_height=&#8221;1em&#8221; custom_margin=&#8221;||10px|5px|false|false&#8221; custom_css_blurb_title=&#8221;margin-left: -20px !important;&#8221; locked=&#8221;off&#8221; global_colors_info=&#8221;{}&#8221;][\/et_pb_blurb][et_pb_blurb title=&#8221;E-Mail: info@oc-blum.de&#8221; icon_placement=&#8221;left&#8221; image_icon_width=&#8221;15px&#8221; _builder_version=&#8221;4.22.1&#8243; _module_preset=&#8221;default&#8221; header_font=&#8221;Mulish||||||||&#8221; header_text_color=&#8221;#666666&#8243; header_font_size=&#8221;14px&#8221; body_line_height=&#8221;1em&#8221; custom_margin=&#8221;||10px|5px|false|false&#8221; custom_css_blurb_title=&#8221;margin-left: -20px !important;&#8221; global_colors_info=&#8221;{}&#8221;][\/et_pb_blurb][et_pb_blurb title=&#8221;Web: www.oc-blum.de&#8221; icon_placement=&#8221;left&#8221; image_icon_width=&#8221;15px&#8221; _builder_version=&#8221;4.22.1&#8243; _module_preset=&#8221;default&#8221; header_font=&#8221;Mulish||||||||&#8221; header_text_color=&#8221;#666666&#8243; header_font_size=&#8221;14px&#8221; body_line_height=&#8221;1em&#8221; custom_margin=&#8221;||10px|5px|false|false&#8221; custom_css_blurb_title=&#8221;margin-left: -20px !important;&#8221; global_colors_info=&#8221;{}&#8221;][\/et_pb_blurb][et_pb_blurb title=&#8221;Adresse: Taunusallee 7-11, Bad Ems 56130&#8243; icon_placement=&#8221;left&#8221; image_icon_width=&#8221;15px&#8221; _builder_version=&#8221;4.22.1&#8243; _module_preset=&#8221;default&#8221; header_font=&#8221;Mulish||||||||&#8221; header_text_color=&#8221;#666666&#8243; header_font_size=&#8221;14px&#8221; body_line_height=&#8221;1em&#8221; custom_margin=&#8221;||10px|5px|false|false&#8221; custom_css_blurb_title=&#8221;margin-left: -20px !important;&#8221; global_colors_info=&#8221;{}&#8221;][\/et_pb_blurb][et_pb_divider color=&#8221;rgba(102,102,102,0.1)&#8221; _builder_version=&#8221;4.16&#8243; _module_preset=&#8221;default&#8221; custom_margin=&#8221;||10px||false|false&#8221; locked=&#8221;off&#8221; global_colors_info=&#8221;{}&#8221;][\/et_pb_divider][\/et_pb_column][\/et_pb_row][et_pb_row _builder_version=&#8221;4.16&#8243; _module_preset=&#8221;default&#8221; custom_padding=&#8221;||0px||false|false&#8221; locked=&#8221;off&#8221; global_colors_info=&#8221;{}&#8221;][et_pb_column type=&#8221;4_4&#8243; _builder_version=&#8221;4.16&#8243; _module_preset=&#8221;default&#8221; global_colors_info=&#8221;{}&#8221;][et_pb_text _builder_version=&#8221;4.20.4&#8243; _module_preset=&#8221;default&#8221; header_2_font=&#8221;|600|||||||&#8221; header_2_text_align=&#8221;center&#8221; header_2_font_size=&#8221;35px&#8221; header_2_line_height=&#8221;1.3em&#8221; width_tablet=&#8221;450px&#8221; width_phone=&#8221;100%&#8221; width_last_edited=&#8221;on|tablet&#8221; module_alignment=&#8221;center&#8221; header_2_font_size_tablet=&#8221;35px&#8221; header_2_font_size_phone=&#8221;25px&#8221; header_2_font_size_last_edited=&#8221;on|desktop&#8221; locked=&#8221;off&#8221; global_colors_info=&#8221;{}&#8221;]<\/p>\n<h2>Impressionen aus der Praxis<\/h2>\n<p>[\/et_pb_text][\/et_pb_column][\/et_pb_row][et_pb_row column_structure=&#8221;1_3,1_3,1_3&#8243; _builder_version=&#8221;4.20.4&#8243; _module_preset=&#8221;default&#8221; global_colors_info=&#8221;{}&#8221;][et_pb_column type=&#8221;1_3&#8243; _builder_version=&#8221;4.20.4&#8243; _module_preset=&#8221;default&#8221; global_colors_info=&#8221;{}&#8221;][et_pb_image src=&#8221;https:\/\/die-mundgesundheitsstiftung.de\/media\/2023\/09\/Screenshot-2023-09-15-120752.png&#8221; title_text=&#8221;Screenshot 2023-09-15 120752&#8243; _builder_version=&#8221;4.22.1&#8243; _module_preset=&#8221;default&#8221; global_colors_info=&#8221;{}&#8221;][\/et_pb_image][\/et_pb_column][et_pb_column type=&#8221;1_3&#8243; _builder_version=&#8221;4.20.4&#8243; _module_preset=&#8221;default&#8221; global_colors_info=&#8221;{}&#8221;][et_pb_image src=&#8221;https:\/\/die-mundgesundheitsstiftung.de\/media\/2023\/09\/Screenshot-2023-09-15-120814.png&#8221; title_text=&#8221;Screenshot 2023-09-15 120814&#8243; _builder_version=&#8221;4.22.1&#8243; _module_preset=&#8221;default&#8221; global_colors_info=&#8221;{}&#8221;][\/et_pb_image][\/et_pb_column][et_pb_column type=&#8221;1_3&#8243; _builder_version=&#8221;4.20.4&#8243; _module_preset=&#8221;default&#8221; global_colors_info=&#8221;{}&#8221;][et_pb_image src=&#8221;https:\/\/die-mundgesundheitsstiftung.de\/media\/2023\/09\/Screenshot-2023-09-15-120805.png&#8221; title_text=&#8221;Screenshot 2023-09-15 120805&#8243; _builder_version=&#8221;4.22.1&#8243; _module_preset=&#8221;default&#8221; global_colors_info=&#8221;{}&#8221;][\/et_pb_image][\/et_pb_column][\/et_pb_row][\/et_pb_section]<\/p>\n","protected":false},"excerpt":{"rendered":"<p>Zahnarzt Dr. Blum Bad EmsDr. Christoph Blum\u201cBitte l\u00e4cheln\u201d In unserer Zahnarztpraxis k\u00f6nnen wir dank regelm\u00e4\u00dfigen Fortbildungen und Innovationen sowie 40-j\u00e4hriger Berufserfahrung das volle Spektrum der modernen Zahnheilkunde bieten. Speziell geschult f\u00fcr Angstpatienten und Kinder k\u00f6nnen wir unsere Behandlungen professionell und sicher ausf\u00fchren. Ich habe ein Zahnmobil entwickelt, mit dem ich seit M\u00e4rz 2019 einmal in [&hellip;]<\/p>\n","protected":false},"author":8,"featured_media":23418352,"comment_status":"open","ping_status":"closed","template":"","meta":{"_et_pb_use_builder":"on","_et_pb_old_content":"","_et_gb_content_width":"","footnotes":""},"project_category":[],"project_tag":[],"class_list":["post-23418351","project","type-project","status-publish","has-post-thumbnail","hentry"],"yoast_head":"<!-- This site is optimized with the Yoast SEO plugin v27.4 - https:\/\/yoast.com\/product\/yoast-seo-wordpress\/ -->\n<title>Dr. Christoph Blum - DMS Deutsche Mundgesundheitsstiftung<\/title>\n<meta name=\"robots\" content=\"index, follow, max-snippet:-1, max-image-preview:large, max-video-preview:-1\" \/>\n<link rel=\"canonical\" href=\"https:\/\/die-mundgesundheitsstiftung.de\/en\/project\/dr-christoph-blum\/\" \/>\n<meta property=\"og:locale\" content=\"en_US\" \/>\n<meta property=\"og:type\" content=\"article\" \/>\n<meta property=\"og:title\" content=\"Dr. Christoph Blum - DMS Deutsche Mundgesundheitsstiftung\" \/>\n<meta property=\"og:description\" content=\"Zahnarzt Dr. Blum Bad EmsDr. Christoph Blum\u201cBitte l\u00e4cheln\u201d In unserer Zahnarztpraxis k\u00f6nnen wir dank regelm\u00e4\u00dfigen Fortbildungen und Innovationen sowie 40-j\u00e4hriger Berufserfahrung das volle Spektrum der modernen Zahnheilkunde bieten. Speziell geschult f\u00fcr Angstpatienten und Kinder k\u00f6nnen wir unsere Behandlungen professionell und sicher ausf\u00fchren. Ich habe ein Zahnmobil entwickelt, mit dem ich seit M\u00e4rz 2019 einmal in [&hellip;]\" \/>\n<meta property=\"og:url\" content=\"https:\/\/die-mundgesundheitsstiftung.de\/en\/project\/dr-christoph-blum\/\" \/>\n<meta property=\"og:site_name\" content=\"DMS Deutsche Mundgesundheitsstiftung\" \/>\n<meta property=\"article:modified_time\" content=\"2024-04-02T13:46:59+00:00\" \/>\n<meta property=\"og:image\" content=\"https:\/\/die-mundgesundheitsstiftung.de\/media\/2023\/09\/Dr.-Christoph-Blum.png\" \/>\n\t<meta property=\"og:image:width\" content=\"250\" \/>\n\t<meta property=\"og:image:height\" content=\"250\" \/>\n\t<meta property=\"og:image:type\" content=\"image\/png\" \/>\n<meta name=\"twitter:card\" content=\"summary_large_image\" \/>\n<script type=\"application\/ld+json\" class=\"yoast-schema-graph\">{\"@context\":\"https:\\\/\\\/schema.org\",\"@graph\":[{\"@type\":\"WebPage\",\"@id\":\"https:\\\/\\\/die-mundgesundheitsstiftung.de\\\/project\\\/dr-christoph-blum\\\/\",\"url\":\"https:\\\/\\\/die-mundgesundheitsstiftung.de\\\/project\\\/dr-christoph-blum\\\/\",\"name\":\"Dr. Christoph Blum - DMS Deutsche Mundgesundheitsstiftung\",\"isPartOf\":{\"@id\":\"https:\\\/\\\/die-mundgesundheitsstiftung.de\\\/#website\"},\"primaryImageOfPage\":{\"@id\":\"https:\\\/\\\/die-mundgesundheitsstiftung.de\\\/project\\\/dr-christoph-blum\\\/#primaryimage\"},\"image\":{\"@id\":\"https:\\\/\\\/die-mundgesundheitsstiftung.de\\\/project\\\/dr-christoph-blum\\\/#primaryimage\"},\"thumbnailUrl\":\"https:\\\/\\\/die-mundgesundheitsstiftung.de\\\/wp-content\\\/uploads\\\/2023\\\/09\\\/Dr.-Christoph-Blum.png\",\"datePublished\":\"2023-09-15T10:15:03+00:00\",\"dateModified\":\"2024-04-02T13:46:59+00:00\",\"breadcrumb\":{\"@id\":\"https:\\\/\\\/die-mundgesundheitsstiftung.de\\\/project\\\/dr-christoph-blum\\\/#breadcrumb\"},\"inLanguage\":\"en-US\",\"potentialAction\":[{\"@type\":\"ReadAction\",\"target\":[\"https:\\\/\\\/die-mundgesundheitsstiftung.de\\\/project\\\/dr-christoph-blum\\\/\"]}]},{\"@type\":\"ImageObject\",\"inLanguage\":\"en-US\",\"@id\":\"https:\\\/\\\/die-mundgesundheitsstiftung.de\\\/project\\\/dr-christoph-blum\\\/#primaryimage\",\"url\":\"https:\\\/\\\/die-mundgesundheitsstiftung.de\\\/wp-content\\\/uploads\\\/2023\\\/09\\\/Dr.-Christoph-Blum.png\",\"contentUrl\":\"https:\\\/\\\/die-mundgesundheitsstiftung.de\\\/wp-content\\\/uploads\\\/2023\\\/09\\\/Dr.-Christoph-Blum.png\",\"width\":250,\"height\":250,\"caption\":\"Dr. Christoph Blum\"},{\"@type\":\"BreadcrumbList\",\"@id\":\"https:\\\/\\\/die-mundgesundheitsstiftung.de\\\/project\\\/dr-christoph-blum\\\/#breadcrumb\",\"itemListElement\":[{\"@type\":\"ListItem\",\"position\":1,\"name\":\"Startseite\",\"item\":\"https:\\\/\\\/die-mundgesundheitsstiftung.de\\\/\"},{\"@type\":\"ListItem\",\"position\":2,\"name\":\"Projekte\",\"item\":\"https:\\\/\\\/die-mundgesundheitsstiftung.de\\\/project\\\/\"},{\"@type\":\"ListItem\",\"position\":3,\"name\":\"Dr. Christoph Blum\"}]},{\"@type\":\"WebSite\",\"@id\":\"https:\\\/\\\/die-mundgesundheitsstiftung.de\\\/#website\",\"url\":\"https:\\\/\\\/die-mundgesundheitsstiftung.de\\\/\",\"name\":\"DMS Deutsche Mundgesundheitsstiftung\",\"description\":\"DMS Deutsche Mundgesundheitsstiftung\",\"potentialAction\":[{\"@type\":\"SearchAction\",\"target\":{\"@type\":\"EntryPoint\",\"urlTemplate\":\"https:\\\/\\\/die-mundgesundheitsstiftung.de\\\/?s={search_term_string}\"},\"query-input\":{\"@type\":\"PropertyValueSpecification\",\"valueRequired\":true,\"valueName\":\"search_term_string\"}}],\"inLanguage\":\"en-US\"}]}<\/script>\n<!-- \/ Yoast SEO plugin. -->","yoast_head_json":{"title":"Dr. Christoph Blum - DMS Deutsche Mundgesundheitsstiftung","robots":{"index":"index","follow":"follow","max-snippet":"max-snippet:-1","max-image-preview":"max-image-preview:large","max-video-preview":"max-video-preview:-1"},"canonical":"https:\/\/die-mundgesundheitsstiftung.de\/en\/project\/dr-christoph-blum\/","og_locale":"en_US","og_type":"article","og_title":"Dr. Christoph Blum - DMS Deutsche Mundgesundheitsstiftung","og_description":"Zahnarzt Dr. Blum Bad EmsDr. Christoph Blum\u201cBitte l\u00e4cheln\u201d In unserer Zahnarztpraxis k\u00f6nnen wir dank regelm\u00e4\u00dfigen Fortbildungen und Innovationen sowie 40-j\u00e4hriger Berufserfahrung das volle Spektrum der modernen Zahnheilkunde bieten. Speziell geschult f\u00fcr Angstpatienten und Kinder k\u00f6nnen wir unsere Behandlungen professionell und sicher ausf\u00fchren. Ich habe ein Zahnmobil entwickelt, mit dem ich seit M\u00e4rz 2019 einmal in [&hellip;]","og_url":"https:\/\/die-mundgesundheitsstiftung.de\/en\/project\/dr-christoph-blum\/","og_site_name":"DMS Deutsche Mundgesundheitsstiftung","article_modified_time":"2024-04-02T13:46:59+00:00","og_image":[{"width":250,"height":250,"url":"https:\/\/die-mundgesundheitsstiftung.de\/media\/2023\/09\/Dr.-Christoph-Blum.png","type":"image\/png"}],"twitter_card":"summary_large_image","schema":{"@context":"https:\/\/schema.org","@graph":[{"@type":"WebPage","@id":"https:\/\/die-mundgesundheitsstiftung.de\/project\/dr-christoph-blum\/","url":"https:\/\/die-mundgesundheitsstiftung.de\/project\/dr-christoph-blum\/","name":"Dr. Christoph Blum - DMS Deutsche Mundgesundheitsstiftung","isPartOf":{"@id":"https:\/\/die-mundgesundheitsstiftung.de\/#website"},"primaryImageOfPage":{"@id":"https:\/\/die-mundgesundheitsstiftung.de\/project\/dr-christoph-blum\/#primaryimage"},"image":{"@id":"https:\/\/die-mundgesundheitsstiftung.de\/project\/dr-christoph-blum\/#primaryimage"},"thumbnailUrl":"https:\/\/die-mundgesundheitsstiftung.de\/media\/2023\/09\/Dr.-Christoph-Blum.png","datePublished":"2023-09-15T10:15:03+00:00","dateModified":"2024-04-02T13:46:59+00:00","breadcrumb":{"@id":"https:\/\/die-mundgesundheitsstiftung.de\/project\/dr-christoph-blum\/#breadcrumb"},"inLanguage":"en-US","potentialAction":[{"@type":"ReadAction","target":["https:\/\/die-mundgesundheitsstiftung.de\/project\/dr-christoph-blum\/"]}]},{"@type":"ImageObject","inLanguage":"en-US","@id":"https:\/\/die-mundgesundheitsstiftung.de\/project\/dr-christoph-blum\/#primaryimage","url":"https:\/\/die-mundgesundheitsstiftung.de\/media\/2023\/09\/Dr.-Christoph-Blum.png","contentUrl":"https:\/\/die-mundgesundheitsstiftung.de\/media\/2023\/09\/Dr.-Christoph-Blum.png","width":250,"height":250,"caption":"Dr. Christoph Blum"},{"@type":"BreadcrumbList","@id":"https:\/\/die-mundgesundheitsstiftung.de\/project\/dr-christoph-blum\/#breadcrumb","itemListElement":[{"@type":"ListItem","position":1,"name":"Startseite","item":"https:\/\/die-mundgesundheitsstiftung.de\/"},{"@type":"ListItem","position":2,"name":"Projekte","item":"https:\/\/die-mundgesundheitsstiftung.de\/project\/"},{"@type":"ListItem","position":3,"name":"Dr. Christoph Blum"}]},{"@type":"WebSite","@id":"https:\/\/die-mundgesundheitsstiftung.de\/#website","url":"https:\/\/die-mundgesundheitsstiftung.de\/","name":"DMS Deutsche Mundgesundheitsstiftung","description":"DMS Deutsche Mundgesundheitsstiftung","potentialAction":[{"@type":"SearchAction","target":{"@type":"EntryPoint","urlTemplate":"https:\/\/die-mundgesundheitsstiftung.de\/?s={search_term_string}"},"query-input":{"@type":"PropertyValueSpecification","valueRequired":true,"valueName":"search_term_string"}}],"inLanguage":"en-US"}]}},"_links":{"self":[{"href":"https:\/\/die-mundgesundheitsstiftung.de\/en\/wp-json\/wp\/v2\/project\/23418351","targetHints":{"allow":["GET"]}}],"collection":[{"href":"https:\/\/die-mundgesundheitsstiftung.de\/en\/wp-json\/wp\/v2\/project"}],"about":[{"href":"https:\/\/die-mundgesundheitsstiftung.de\/en\/wp-json\/wp\/v2\/types\/project"}],"author":[{"embeddable":true,"href":"https:\/\/die-mundgesundheitsstiftung.de\/en\/wp-json\/wp\/v2\/users\/8"}],"replies":[{"embeddable":true,"href":"https:\/\/die-mundgesundheitsstiftung.de\/en\/wp-json\/wp\/v2\/comments?post=23418351"}],"version-history":[{"count":0,"href":"https:\/\/die-mundgesundheitsstiftung.de\/en\/wp-json\/wp\/v2\/project\/23418351\/revisions"}],"wp:featuredmedia":[{"embeddable":true,"href":"https:\/\/die-mundgesundheitsstiftung.de\/en\/wp-json\/wp\/v2\/media\/23418352"}],"wp:attachment":[{"href":"https:\/\/die-mundgesundheitsstiftung.de\/en\/wp-json\/wp\/v2\/media?parent=23418351"}],"wp:term":[{"taxonomy":"project_category","embeddable":true,"href":"https:\/\/die-mundgesundheitsstiftung.de\/en\/wp-json\/wp\/v2\/project_category?post=23418351"},{"taxonomy":"project_tag","embeddable":true,"href":"https:\/\/die-mundgesundheitsstiftung.de\/en\/wp-json\/wp\/v2\/project_tag?post=23418351"}],"curies":[{"name":"wp","href":"https:\/\/api.w.org\/{rel}","templated":true}]}}