{"id":23418785,"date":"2023-11-06T17:16:24","date_gmt":"2023-11-06T15:16:24","guid":{"rendered":"https:\/\/die-mundgesundheitsstiftung.de\/?post_type=project&#038;p=23418785"},"modified":"2025-12-11T10:36:03","modified_gmt":"2025-12-11T08:36:03","slug":"dr-guenther-fritz","status":"publish","type":"project","link":"https:\/\/die-mundgesundheitsstiftung.de\/en\/project\/dr-guenther-fritz\/","title":{"rendered":"Senator Dr. G\u00fcnther Fritz"},"content":{"rendered":"\n[et_pb_section fb_built=&#8221;1&#8243; _builder_version=&#8221;4.22.1&#8243; _module_preset=&#8221;default&#8221; custom_padding=&#8221;105px|||||&#8221; global_colors_info=&#8221;{}&#8221;][et_pb_row column_structure=&#8221;2_3,1_3&#8243; module_id=&#8221;scroll&#8221; _builder_version=&#8221;4.21.0&#8243; _module_preset=&#8221;default&#8221; global_colors_info=&#8221;{}&#8221;][et_pb_column type=&#8221;2_3&#8243; _builder_version=&#8221;4.16&#8243; _module_preset=&#8221;default&#8221; global_colors_info=&#8221;{}&#8221;][et_pb_text _builder_version=&#8221;4.27.4&#8243; _module_preset=&#8221;default&#8221; text_font=&#8221;|||on|||||&#8221; text_text_color=&#8221;#ffab45&#8243; text_font_size=&#8221;22px&#8221; text_letter_spacing=&#8221;3px&#8221; custom_margin=&#8221;33px||15px||false|false&#8221; text_font_size_tablet=&#8221;20px&#8221; text_font_size_phone=&#8221;15px&#8221; text_font_size_last_edited=&#8221;on|tablet&#8221; locked=&#8221;off&#8221; global_colors_info=&#8221;{}&#8221;]<p><b>Senator im Gesundheitssenat<\/b><\/p>[\/et_pb_text][et_pb_text _builder_version=&#8221;4.27.4&#8243; _module_preset=&#8221;default&#8221; header_2_font=&#8221;|600|||||||&#8221; header_2_text_align=&#8221;left&#8221; header_2_font_size=&#8221;35px&#8221; header_2_line_height=&#8221;1.3em&#8221; hover_enabled=&#8221;0&#8243; header_2_font_size_tablet=&#8221;35px&#8221; header_2_font_size_phone=&#8221;25px&#8221; header_2_font_size_last_edited=&#8221;on|phone&#8221; global_colors_info=&#8221;{}&#8221; sticky_enabled=&#8221;0&#8243; custom_margin=&#8221;||0px||false|false&#8221; custom_margin_last_edited=&#8221;on|phone&#8221; custom_margin_phone=&#8221;||15px||false|false&#8221; custom_margin_tablet=&#8221;||0px||false|false&#8221;]<h2><strong>Dr. G\u00fcnther Fritz<\/strong><\/h2>[\/et_pb_text][et_pb_text _builder_version=&#8221;4.27.4&#8243; _module_preset=&#8221;default&#8221; text_font=&#8221;|||on|||||&#8221; text_text_color=&#8221;#ffab45&#8243; text_font_size=&#8221;15px&#8221; text_letter_spacing=&#8221;3px&#8221; custom_margin=&#8221;||15px||false|false&#8221; locked=&#8221;off&#8221; global_colors_info=&#8221;{}&#8221;]<p>Zahnarzt Dr. med. dent. G\u00fcnther Fritz<\/p>[\/et_pb_text][et_pb_image src=&#8221;https:\/\/die-mundgesundheitsstiftung.de\/media\/2023\/11\/Impressionen-aus-der-Praxis-4.png&#8221; title_text=&#8221;Impressionen aus der Praxis (4)&#8221; _builder_version=&#8221;4.22.1&#8243; _module_preset=&#8221;default&#8221; border_radii=&#8221;on|10px|10px|10px|10px&#8221; global_colors_info=&#8221;{}&#8221;][\/et_pb_image][et_pb_text _builder_version=&#8221;4.22.1&#8243; _module_preset=&#8221;default&#8221; global_colors_info=&#8221;{}&#8221;]<h4>Vita<\/h4>\n<p>1985-1991 Studium der Zahnheilkunde an der Eberhard-Karls-Universit\u00e4t in T\u00fcbingen<\/p>\n<p>1991 Abschluss des Zahnmedizinstudiums mit dem Erlangen der zahn\u00e4rztlichen Approbation<\/p>\n<p>1991-1993 Ausbildungsassistent in der Praxis Dr. Kleineikenscheidt, Metzingen<\/p>\n<p>1994 Promotion zum Doktor der Zahnheilkunde<\/p>\n<p>Seit 1994 niedergelassen in eigener Praxis in W\u00f6rth<\/p>\n<p>2010-2011 Mastership Curriculum ZAHN\u00c4RZTLICHE LASERTHERAPIE an der RWTH Aachen absolviert mit<br \/>Erlangen des T\u00e4tigkeitsschwerpunktes \u201eLASER IN DER ZAHNHEILKUNDE\u201c<\/p>\n<p>2017-2018 Curriculum ALTERSZAHNHEILKUNDE IN DER PRAXIS an der Akademie f\u00fcr Zahn\u00e4rztliche<br \/>Fortbildung Karlsruhe absolviert<\/p>\n<p>2018 Curriculum SPORTZAHNMEDIZIN bei der DGSZM. Berechtigung zum F\u00fchren des Titels:<br \/>\u201e TEAM-ZAHNARZT DER DEUTSCHEN GESELLSCHAFT F\u00dcR SPORTZAHNMEDIZIN \u201c<\/p>\n<p>2020 Curriculum Sportzahnmedizin bei der Dental School T\u00fcbingen &#8211; Abschluss zum zertifiziertem<br \/>\u201eSPORTZAHNARZT\u201c<\/p>[\/et_pb_text][\/et_pb_column][et_pb_column type=&#8221;1_3&#8243; _builder_version=&#8221;4.21.0&#8243; _module_preset=&#8221;default&#8221; background_color=&#8221;#F5F5F5&#8243; custom_padding=&#8221;40px|30px|40px|30px|true|true&#8221; border_radii=&#8221;on|5px|5px|5px|5px&#8221; global_colors_info=&#8221;{}&#8221;][et_pb_image src=&#8221;https:\/\/die-mundgesundheitsstiftung.de\/media\/2023\/11\/Screenshot-2023-11-06-160517.png&#8221; title_text=&#8221;Screenshot 2023-11-06 160517&#8243; _builder_version=&#8221;4.22.1&#8243; _module_preset=&#8221;default&#8221; max_width=&#8221;40%&#8221; module_alignment=&#8221;left&#8221; custom_margin=&#8221;-9px|||||&#8221; global_colors_info=&#8221;{}&#8221;][\/et_pb_image][et_pb_divider color=&#8221;rgba(102,102,102,0.1)&#8221; _builder_version=&#8221;4.16&#8243; _module_preset=&#8221;default&#8221; custom_margin=&#8221;||10px||false|false&#8221; locked=&#8221;off&#8221; global_colors_info=&#8221;{}&#8221;][\/et_pb_divider][et_pb_text _builder_version=&#8221;4.20.4&#8243; _module_preset=&#8221;default&#8221; text_text_color=&#8221;#FE5E15&#8243; header_text_color=&#8221;#FE5E15&#8243; header_3_font=&#8221;|600|||||||&#8221; custom_margin=&#8221;||14px|0px|false|false&#8221; locked=&#8221;off&#8221; global_colors_info=&#8221;{}&#8221;]<h3>Ihr zertifizierter Profi<\/h3>[\/et_pb_text][et_pb_image src=&#8221;https:\/\/die-mundgesundheitsstiftung.de\/media\/2023\/11\/Dr.-Guenther-Fritz.png&#8221; alt=&#8221;Dr. G\u00fcnther Fritz&#8221; title_text=&#8221;Dr. G\u00fcnther Fritz&#8221; _builder_version=&#8221;4.22.1&#8243; _module_preset=&#8221;default&#8221; max_width=&#8221;59%&#8221; module_alignment=&#8221;left&#8221; border_radii=&#8221;on|123px|123px|123px|123px&#8221; global_colors_info=&#8221;{}&#8221;][\/et_pb_image][et_pb_blurb title=&#8221;Dr. G\u00fcnther Fritz&#8221; icon_placement=&#8221;left&#8221; image_icon_width=&#8221;15px&#8221; _builder_version=&#8221;4.22.1&#8243; _module_preset=&#8221;default&#8221; header_font=&#8221;Damion||||||||&#8221; header_text_color=&#8221;#666666&#8243; header_font_size=&#8221;42px&#8221; body_line_height=&#8221;1em&#8221; custom_margin=&#8221;||10px|5px|false|false&#8221; custom_css_blurb_title=&#8221;margin-left: -20px !important;&#8221; global_colors_info=&#8221;{}&#8221;][\/et_pb_blurb][et_pb_divider color=&#8221;rgba(102,102,102,0.1)&#8221; _builder_version=&#8221;4.16&#8243; _module_preset=&#8221;default&#8221; custom_margin=&#8221;||10px||false|false&#8221; locked=&#8221;off&#8221; global_colors_info=&#8221;{}&#8221;][\/et_pb_divider][et_pb_text _builder_version=&#8221;4.20.4&#8243; _module_preset=&#8221;default&#8221; text_text_color=&#8221;#FE5E15&#8243; header_text_color=&#8221;#FE5E15&#8243; header_3_font=&#8221;|600|||||||&#8221; custom_margin=&#8221;||14px|0px|false|false&#8221; locked=&#8221;off&#8221; global_colors_info=&#8221;{}&#8221;]<h3>Kontaktdaten<\/h3>[\/et_pb_text][et_pb_blurb title=&#8221;Tel.: 07271-8244&#8243; icon_placement=&#8221;left&#8221; image_icon_width=&#8221;15px&#8221; _builder_version=&#8221;4.22.1&#8243; _module_preset=&#8221;default&#8221; header_font=&#8221;Mulish||||||||&#8221; header_text_color=&#8221;#666666&#8243; header_font_size=&#8221;14px&#8221; body_line_height=&#8221;1em&#8221; custom_margin=&#8221;||10px|5px|false|false&#8221; custom_css_blurb_title=&#8221;margin-left: -20px !important;&#8221; locked=&#8221;off&#8221; global_colors_info=&#8221;{}&#8221;][\/et_pb_blurb][et_pb_blurb title=&#8221;Fax: 072718105&#8243; icon_placement=&#8221;left&#8221; image_icon_width=&#8221;15px&#8221; _builder_version=&#8221;4.22.1&#8243; _module_preset=&#8221;default&#8221; header_font=&#8221;Mulish||||||||&#8221; header_text_color=&#8221;#666666&#8243; header_font_size=&#8221;14px&#8221; body_line_height=&#8221;1em&#8221; custom_margin=&#8221;||10px|5px|false|false&#8221; custom_css_blurb_title=&#8221;margin-left: -20px !important;&#8221; global_colors_info=&#8221;{}&#8221;][\/et_pb_blurb][et_pb_blurb title=&#8221;E-Mail: info@zahnarzt-fritz.de&#8221; icon_placement=&#8221;left&#8221; image_icon_width=&#8221;15px&#8221; _builder_version=&#8221;4.22.1&#8243; _module_preset=&#8221;default&#8221; header_font=&#8221;Mulish||||||||&#8221; header_text_color=&#8221;#666666&#8243; header_font_size=&#8221;14px&#8221; body_line_height=&#8221;1em&#8221; custom_margin=&#8221;||10px|5px|false|false&#8221; custom_css_blurb_title=&#8221;margin-left: -20px !important;&#8221; global_colors_info=&#8221;{}&#8221;][\/et_pb_blurb][et_pb_blurb title=&#8221;Web: www.zahnarzt-fritz.de&#8221; icon_placement=&#8221;left&#8221; image_icon_width=&#8221;15px&#8221; _builder_version=&#8221;4.22.1&#8243; _module_preset=&#8221;default&#8221; header_font=&#8221;Mulish||||||||&#8221; header_text_color=&#8221;#666666&#8243; header_font_size=&#8221;14px&#8221; body_line_height=&#8221;1em&#8221; custom_margin=&#8221;||10px|5px|false|false&#8221; custom_css_blurb_title=&#8221;margin-left: -20px !important;&#8221; global_colors_info=&#8221;{}&#8221;][\/et_pb_blurb][et_pb_blurb title=&#8221;Adresse: Hanns-Martin-Schleyer-Str. 4, 76744 W\u00f6rth&#8221; icon_placement=&#8221;left&#8221; image_icon_width=&#8221;15px&#8221; _builder_version=&#8221;4.22.1&#8243; _module_preset=&#8221;default&#8221; header_font=&#8221;Mulish||||||||&#8221; header_text_color=&#8221;#666666&#8243; header_font_size=&#8221;14px&#8221; body_line_height=&#8221;1em&#8221; custom_margin=&#8221;||10px|5px|false|false&#8221; custom_css_blurb_title=&#8221;margin-left: -20px !important;&#8221; global_colors_info=&#8221;{}&#8221;][\/et_pb_blurb][et_pb_divider color=&#8221;rgba(102,102,102,0.1)&#8221; _builder_version=&#8221;4.16&#8243; _module_preset=&#8221;default&#8221; custom_margin=&#8221;||10px||false|false&#8221; locked=&#8221;off&#8221; global_colors_info=&#8221;{}&#8221;][\/et_pb_divider][\/et_pb_column][\/et_pb_row][et_pb_row _builder_version=&#8221;4.16&#8243; _module_preset=&#8221;default&#8221; custom_padding=&#8221;||0px||false|false&#8221; locked=&#8221;off&#8221; global_colors_info=&#8221;{}&#8221;][et_pb_column type=&#8221;4_4&#8243; _builder_version=&#8221;4.16&#8243; _module_preset=&#8221;default&#8221; global_colors_info=&#8221;{}&#8221;][et_pb_text _builder_version=&#8221;4.20.4&#8243; _module_preset=&#8221;default&#8221; header_2_font=&#8221;|600|||||||&#8221; header_2_text_align=&#8221;center&#8221; header_2_font_size=&#8221;35px&#8221; header_2_line_height=&#8221;1.3em&#8221; width_tablet=&#8221;450px&#8221; width_phone=&#8221;100%&#8221; width_last_edited=&#8221;on|tablet&#8221; module_alignment=&#8221;center&#8221; header_2_font_size_tablet=&#8221;35px&#8221; header_2_font_size_phone=&#8221;25px&#8221; header_2_font_size_last_edited=&#8221;on|desktop&#8221; locked=&#8221;off&#8221; global_colors_info=&#8221;{}&#8221;]<h2>Impressionen aus der Praxis<\/h2>[\/et_pb_text][\/et_pb_column][\/et_pb_row][et_pb_row column_structure=&#8221;1_3,1_3,1_3&#8243; _builder_version=&#8221;4.20.4&#8243; _module_preset=&#8221;default&#8221; global_colors_info=&#8221;{}&#8221;][et_pb_column type=&#8221;1_3&#8243; _builder_version=&#8221;4.20.4&#8243; _module_preset=&#8221;default&#8221; global_colors_info=&#8221;{}&#8221;][et_pb_image src=&#8221;https:\/\/die-mundgesundheitsstiftung.de\/media\/2023\/11\/Impressionen-aus-der-Praxis-5.png&#8221; title_text=&#8221;Impressionen aus der Praxis (5)&#8221; _builder_version=&#8221;4.22.1&#8243; _module_preset=&#8221;default&#8221; global_colors_info=&#8221;{}&#8221;][\/et_pb_image][\/et_pb_column][et_pb_column type=&#8221;1_3&#8243; _builder_version=&#8221;4.20.4&#8243; _module_preset=&#8221;default&#8221; global_colors_info=&#8221;{}&#8221;][et_pb_image src=&#8221;https:\/\/die-mundgesundheitsstiftung.de\/media\/2023\/11\/Impressionen-aus-der-Praxis-6.png&#8221; title_text=&#8221;Impressionen aus der Praxis (6)&#8221; _builder_version=&#8221;4.22.1&#8243; _module_preset=&#8221;default&#8221; global_colors_info=&#8221;{}&#8221;][\/et_pb_image][\/et_pb_column][et_pb_column type=&#8221;1_3&#8243; _builder_version=&#8221;4.20.4&#8243; _module_preset=&#8221;default&#8221; global_colors_info=&#8221;{}&#8221;][et_pb_image src=&#8221;https:\/\/die-mundgesundheitsstiftung.de\/media\/2023\/11\/Impressionen-aus-der-Praxis-3.png&#8221; title_text=&#8221;Impressionen aus der Praxis (3)&#8221; _builder_version=&#8221;4.22.1&#8243; _module_preset=&#8221;default&#8221; global_colors_info=&#8221;{}&#8221;][\/et_pb_image][\/et_pb_column][\/et_pb_row][\/et_pb_section]\n","protected":false},"excerpt":{"rendered":"<p>Senator im GesundheitssenatDr. G\u00fcnther FritzZahnarzt Dr. med. dent. G\u00fcnther FritzVita 1985-1991 Studium der Zahnheilkunde an der Eberhard-Karls-Universit\u00e4t in T\u00fcbingen 1991 Abschluss des Zahnmedizinstudiums mit dem Erlangen der zahn\u00e4rztlichen Approbation 1991-1993 Ausbildungsassistent in der Praxis Dr. Kleineikenscheidt, Metzingen 1994 Promotion zum Doktor der Zahnheilkunde Seit 1994 niedergelassen in eigener Praxis in W\u00f6rth 2010-2011 Mastership Curriculum ZAHN\u00c4RZTLICHE [&hellip;]<\/p>\n","protected":false},"author":8,"featured_media":23418786,"comment_status":"open","ping_status":"closed","template":"","meta":{"_et_pb_use_builder":"on","_et_pb_old_content":"","_et_gb_content_width":"","footnotes":""},"project_category":[75],"project_tag":[],"class_list":["post-23418785","project","type-project","status-publish","has-post-thumbnail","hentry","project_category-senatoren"],"yoast_head":"<!-- This site is optimized with the Yoast SEO plugin v27.4 - https:\/\/yoast.com\/product\/yoast-seo-wordpress\/ -->\n<title>Senator Dr. G\u00fcnther Fritz - DMS Deutsche Mundgesundheitsstiftung<\/title>\n<meta name=\"robots\" content=\"index, follow, max-snippet:-1, max-image-preview:large, max-video-preview:-1\" \/>\n<link rel=\"canonical\" href=\"https:\/\/die-mundgesundheitsstiftung.de\/en\/project\/dr-guenther-fritz\/\" \/>\n<meta property=\"og:locale\" content=\"en_US\" \/>\n<meta property=\"og:type\" content=\"article\" \/>\n<meta property=\"og:title\" content=\"Senator Dr. G\u00fcnther Fritz - DMS Deutsche Mundgesundheitsstiftung\" \/>\n<meta property=\"og:description\" content=\"Senator im GesundheitssenatDr. G\u00fcnther FritzZahnarzt Dr. med. dent. G\u00fcnther FritzVita 1985-1991 Studium der Zahnheilkunde an der Eberhard-Karls-Universit\u00e4t in T\u00fcbingen 1991 Abschluss des Zahnmedizinstudiums mit dem Erlangen der zahn\u00e4rztlichen Approbation 1991-1993 Ausbildungsassistent in der Praxis Dr. Kleineikenscheidt, Metzingen 1994 Promotion zum Doktor der Zahnheilkunde Seit 1994 niedergelassen in eigener Praxis in W\u00f6rth 2010-2011 Mastership Curriculum ZAHN\u00c4RZTLICHE [&hellip;]\" \/>\n<meta property=\"og:url\" content=\"https:\/\/die-mundgesundheitsstiftung.de\/en\/project\/dr-guenther-fritz\/\" \/>\n<meta property=\"og:site_name\" content=\"DMS Deutsche Mundgesundheitsstiftung\" \/>\n<meta property=\"article:modified_time\" content=\"2025-12-11T08:36:03+00:00\" \/>\n<meta property=\"og:image\" content=\"https:\/\/die-mundgesundheitsstiftung.de\/media\/2023\/11\/Dr.-Guenther-Fritz.png\" \/>\n\t<meta property=\"og:image:width\" content=\"250\" \/>\n\t<meta property=\"og:image:height\" content=\"250\" \/>\n\t<meta property=\"og:image:type\" content=\"image\/png\" \/>\n<meta name=\"twitter:card\" content=\"summary_large_image\" \/>\n<meta name=\"twitter:label1\" content=\"Est. reading time\" \/>\n\t<meta name=\"twitter:data1\" content=\"3 minutes\" \/>\n<script type=\"application\/ld+json\" class=\"yoast-schema-graph\">{\"@context\":\"https:\\\/\\\/schema.org\",\"@graph\":[{\"@type\":\"WebPage\",\"@id\":\"https:\\\/\\\/die-mundgesundheitsstiftung.de\\\/project\\\/dr-guenther-fritz\\\/\",\"url\":\"https:\\\/\\\/die-mundgesundheitsstiftung.de\\\/project\\\/dr-guenther-fritz\\\/\",\"name\":\"Senator Dr. G\u00fcnther Fritz - DMS Deutsche Mundgesundheitsstiftung\",\"isPartOf\":{\"@id\":\"https:\\\/\\\/die-mundgesundheitsstiftung.de\\\/#website\"},\"primaryImageOfPage\":{\"@id\":\"https:\\\/\\\/die-mundgesundheitsstiftung.de\\\/project\\\/dr-guenther-fritz\\\/#primaryimage\"},\"image\":{\"@id\":\"https:\\\/\\\/die-mundgesundheitsstiftung.de\\\/project\\\/dr-guenther-fritz\\\/#primaryimage\"},\"thumbnailUrl\":\"https:\\\/\\\/die-mundgesundheitsstiftung.de\\\/wp-content\\\/uploads\\\/2023\\\/11\\\/Dr.-Guenther-Fritz.png\",\"datePublished\":\"2023-11-06T15:16:24+00:00\",\"dateModified\":\"2025-12-11T08:36:03+00:00\",\"breadcrumb\":{\"@id\":\"https:\\\/\\\/die-mundgesundheitsstiftung.de\\\/project\\\/dr-guenther-fritz\\\/#breadcrumb\"},\"inLanguage\":\"en-US\",\"potentialAction\":[{\"@type\":\"ReadAction\",\"target\":[\"https:\\\/\\\/die-mundgesundheitsstiftung.de\\\/project\\\/dr-guenther-fritz\\\/\"]}]},{\"@type\":\"ImageObject\",\"inLanguage\":\"en-US\",\"@id\":\"https:\\\/\\\/die-mundgesundheitsstiftung.de\\\/project\\\/dr-guenther-fritz\\\/#primaryimage\",\"url\":\"https:\\\/\\\/die-mundgesundheitsstiftung.de\\\/wp-content\\\/uploads\\\/2023\\\/11\\\/Dr.-Guenther-Fritz.png\",\"contentUrl\":\"https:\\\/\\\/die-mundgesundheitsstiftung.de\\\/wp-content\\\/uploads\\\/2023\\\/11\\\/Dr.-Guenther-Fritz.png\",\"width\":250,\"height\":250,\"caption\":\"Dr. G\u00fcnther Fritz\"},{\"@type\":\"BreadcrumbList\",\"@id\":\"https:\\\/\\\/die-mundgesundheitsstiftung.de\\\/project\\\/dr-guenther-fritz\\\/#breadcrumb\",\"itemListElement\":[{\"@type\":\"ListItem\",\"position\":1,\"name\":\"Startseite\",\"item\":\"https:\\\/\\\/die-mundgesundheitsstiftung.de\\\/\"},{\"@type\":\"ListItem\",\"position\":2,\"name\":\"Projekte\",\"item\":\"https:\\\/\\\/die-mundgesundheitsstiftung.de\\\/project\\\/\"},{\"@type\":\"ListItem\",\"position\":3,\"name\":\"Senator Dr. G\u00fcnther Fritz\"}]},{\"@type\":\"WebSite\",\"@id\":\"https:\\\/\\\/die-mundgesundheitsstiftung.de\\\/#website\",\"url\":\"https:\\\/\\\/die-mundgesundheitsstiftung.de\\\/\",\"name\":\"DMS Deutsche Mundgesundheitsstiftung\",\"description\":\"DMS Deutsche Mundgesundheitsstiftung\",\"potentialAction\":[{\"@type\":\"SearchAction\",\"target\":{\"@type\":\"EntryPoint\",\"urlTemplate\":\"https:\\\/\\\/die-mundgesundheitsstiftung.de\\\/?s={search_term_string}\"},\"query-input\":{\"@type\":\"PropertyValueSpecification\",\"valueRequired\":true,\"valueName\":\"search_term_string\"}}],\"inLanguage\":\"en-US\"}]}<\/script>\n<!-- \/ Yoast SEO plugin. -->","yoast_head_json":{"title":"Senator Dr. G\u00fcnther Fritz - DMS Deutsche Mundgesundheitsstiftung","robots":{"index":"index","follow":"follow","max-snippet":"max-snippet:-1","max-image-preview":"max-image-preview:large","max-video-preview":"max-video-preview:-1"},"canonical":"https:\/\/die-mundgesundheitsstiftung.de\/en\/project\/dr-guenther-fritz\/","og_locale":"en_US","og_type":"article","og_title":"Senator Dr. G\u00fcnther Fritz - DMS Deutsche Mundgesundheitsstiftung","og_description":"Senator im GesundheitssenatDr. G\u00fcnther FritzZahnarzt Dr. med. dent. G\u00fcnther FritzVita 1985-1991 Studium der Zahnheilkunde an der Eberhard-Karls-Universit\u00e4t in T\u00fcbingen 1991 Abschluss des Zahnmedizinstudiums mit dem Erlangen der zahn\u00e4rztlichen Approbation 1991-1993 Ausbildungsassistent in der Praxis Dr. Kleineikenscheidt, Metzingen 1994 Promotion zum Doktor der Zahnheilkunde Seit 1994 niedergelassen in eigener Praxis in W\u00f6rth 2010-2011 Mastership Curriculum ZAHN\u00c4RZTLICHE [&hellip;]","og_url":"https:\/\/die-mundgesundheitsstiftung.de\/en\/project\/dr-guenther-fritz\/","og_site_name":"DMS Deutsche Mundgesundheitsstiftung","article_modified_time":"2025-12-11T08:36:03+00:00","og_image":[{"width":250,"height":250,"url":"https:\/\/die-mundgesundheitsstiftung.de\/media\/2023\/11\/Dr.-Guenther-Fritz.png","type":"image\/png"}],"twitter_card":"summary_large_image","twitter_misc":{"Est. reading time":"3 minutes"},"schema":{"@context":"https:\/\/schema.org","@graph":[{"@type":"WebPage","@id":"https:\/\/die-mundgesundheitsstiftung.de\/project\/dr-guenther-fritz\/","url":"https:\/\/die-mundgesundheitsstiftung.de\/project\/dr-guenther-fritz\/","name":"Senator Dr. G\u00fcnther Fritz - DMS Deutsche Mundgesundheitsstiftung","isPartOf":{"@id":"https:\/\/die-mundgesundheitsstiftung.de\/#website"},"primaryImageOfPage":{"@id":"https:\/\/die-mundgesundheitsstiftung.de\/project\/dr-guenther-fritz\/#primaryimage"},"image":{"@id":"https:\/\/die-mundgesundheitsstiftung.de\/project\/dr-guenther-fritz\/#primaryimage"},"thumbnailUrl":"https:\/\/die-mundgesundheitsstiftung.de\/media\/2023\/11\/Dr.-Guenther-Fritz.png","datePublished":"2023-11-06T15:16:24+00:00","dateModified":"2025-12-11T08:36:03+00:00","breadcrumb":{"@id":"https:\/\/die-mundgesundheitsstiftung.de\/project\/dr-guenther-fritz\/#breadcrumb"},"inLanguage":"en-US","potentialAction":[{"@type":"ReadAction","target":["https:\/\/die-mundgesundheitsstiftung.de\/project\/dr-guenther-fritz\/"]}]},{"@type":"ImageObject","inLanguage":"en-US","@id":"https:\/\/die-mundgesundheitsstiftung.de\/project\/dr-guenther-fritz\/#primaryimage","url":"https:\/\/die-mundgesundheitsstiftung.de\/media\/2023\/11\/Dr.-Guenther-Fritz.png","contentUrl":"https:\/\/die-mundgesundheitsstiftung.de\/media\/2023\/11\/Dr.-Guenther-Fritz.png","width":250,"height":250,"caption":"Dr. G\u00fcnther Fritz"},{"@type":"BreadcrumbList","@id":"https:\/\/die-mundgesundheitsstiftung.de\/project\/dr-guenther-fritz\/#breadcrumb","itemListElement":[{"@type":"ListItem","position":1,"name":"Startseite","item":"https:\/\/die-mundgesundheitsstiftung.de\/"},{"@type":"ListItem","position":2,"name":"Projekte","item":"https:\/\/die-mundgesundheitsstiftung.de\/project\/"},{"@type":"ListItem","position":3,"name":"Senator Dr. G\u00fcnther Fritz"}]},{"@type":"WebSite","@id":"https:\/\/die-mundgesundheitsstiftung.de\/#website","url":"https:\/\/die-mundgesundheitsstiftung.de\/","name":"DMS Deutsche Mundgesundheitsstiftung","description":"DMS Deutsche Mundgesundheitsstiftung","potentialAction":[{"@type":"SearchAction","target":{"@type":"EntryPoint","urlTemplate":"https:\/\/die-mundgesundheitsstiftung.de\/?s={search_term_string}"},"query-input":{"@type":"PropertyValueSpecification","valueRequired":true,"valueName":"search_term_string"}}],"inLanguage":"en-US"}]}},"_links":{"self":[{"href":"https:\/\/die-mundgesundheitsstiftung.de\/en\/wp-json\/wp\/v2\/project\/23418785","targetHints":{"allow":["GET"]}}],"collection":[{"href":"https:\/\/die-mundgesundheitsstiftung.de\/en\/wp-json\/wp\/v2\/project"}],"about":[{"href":"https:\/\/die-mundgesundheitsstiftung.de\/en\/wp-json\/wp\/v2\/types\/project"}],"author":[{"embeddable":true,"href":"https:\/\/die-mundgesundheitsstiftung.de\/en\/wp-json\/wp\/v2\/users\/8"}],"replies":[{"embeddable":true,"href":"https:\/\/die-mundgesundheitsstiftung.de\/en\/wp-json\/wp\/v2\/comments?post=23418785"}],"version-history":[{"count":2,"href":"https:\/\/die-mundgesundheitsstiftung.de\/en\/wp-json\/wp\/v2\/project\/23418785\/revisions"}],"predecessor-version":[{"id":27587244,"href":"https:\/\/die-mundgesundheitsstiftung.de\/en\/wp-json\/wp\/v2\/project\/23418785\/revisions\/27587244"}],"wp:featuredmedia":[{"embeddable":true,"href":"https:\/\/die-mundgesundheitsstiftung.de\/en\/wp-json\/wp\/v2\/media\/23418786"}],"wp:attachment":[{"href":"https:\/\/die-mundgesundheitsstiftung.de\/en\/wp-json\/wp\/v2\/media?parent=23418785"}],"wp:term":[{"taxonomy":"project_category","embeddable":true,"href":"https:\/\/die-mundgesundheitsstiftung.de\/en\/wp-json\/wp\/v2\/project_category?post=23418785"},{"taxonomy":"project_tag","embeddable":true,"href":"https:\/\/die-mundgesundheitsstiftung.de\/en\/wp-json\/wp\/v2\/project_tag?post=23418785"}],"curies":[{"name":"wp","href":"https:\/\/api.w.org\/{rel}","templated":true}]}}