{"id":23418824,"date":"2023-11-07T13:16:08","date_gmt":"2023-11-07T11:16:08","guid":{"rendered":"https:\/\/die-mundgesundheitsstiftung.de\/?post_type=project&#038;p=23418824"},"modified":"2025-11-07T11:16:34","modified_gmt":"2025-11-07T09:16:34","slug":"dr-dr-astrid-windels-pietzsch","status":"publish","type":"project","link":"https:\/\/die-mundgesundheitsstiftung.de\/en\/project\/dr-dr-astrid-windels-pietzsch\/","title":{"rendered":"Dr. Dr. Astrid Windels-Pietzsch"},"content":{"rendered":"\n[et_pb_section fb_built=&#8221;1&#8243; _builder_version=&#8221;4.16&#8243; _module_preset=&#8221;default&#8221; custom_padding=&#8221;105px|||||&#8221; global_colors_info=&#8221;{}&#8221; theme_builder_area=&#8221;post_content&#8221;][et_pb_row column_structure=&#8221;2_3,1_3&#8243; module_id=&#8221;scroll&#8221; _builder_version=&#8221;4.21.0&#8243; _module_preset=&#8221;default&#8221; global_colors_info=&#8221;{}&#8221; theme_builder_area=&#8221;post_content&#8221;][et_pb_column type=&#8221;2_3&#8243; _builder_version=&#8221;4.16&#8243; _module_preset=&#8221;default&#8221; global_colors_info=&#8221;{}&#8221; theme_builder_area=&#8221;post_content&#8221;][et_pb_text _builder_version=&#8221;4.22.1&#8243; _module_preset=&#8221;default&#8221; text_font=&#8221;|||on|||||&#8221; text_text_color=&#8221;#ffab45&#8243; text_font_size=&#8221;15px&#8221; text_letter_spacing=&#8221;3px&#8221; custom_margin=&#8221;33px||15px||false|false&#8221; hover_enabled=&#8221;0&#8243; locked=&#8221;off&#8221; global_colors_info=&#8221;{}&#8221; theme_builder_area=&#8221;post_content&#8221; sticky_enabled=&#8221;0&#8243;]<p><strong>R\u00f6dl GmbH<\/strong><\/p>[\/et_pb_text][et_pb_text _builder_version=&#8221;4.22.1&#8243; _module_preset=&#8221;default&#8221; header_2_font=&#8221;|600|||||||&#8221; header_2_text_align=&#8221;left&#8221; header_2_font_size=&#8221;35px&#8221; header_2_line_height=&#8221;1.3em&#8221; hover_enabled=&#8221;0&#8243; header_2_font_size_tablet=&#8221;35px&#8221; header_2_font_size_phone=&#8221;25px&#8221; header_2_font_size_last_edited=&#8221;on|phone&#8221; global_colors_info=&#8221;{}&#8221; theme_builder_area=&#8221;post_content&#8221; sticky_enabled=&#8221;0&#8243;]<h2><strong>Dr. Dr. Astrid Windels-Pietzsch<\/strong><\/h2>[\/et_pb_text][et_pb_text _builder_version=&#8221;4.22.1&#8243; _module_preset=&#8221;default&#8221; hover_enabled=&#8221;0&#8243; global_colors_info=&#8221;{}&#8221; theme_builder_area=&#8221;post_content&#8221; sticky_enabled=&#8221;0&#8243;]<div class=\"headline-wrapper\">\n<h4 class=\"headline1\">Zur Person<\/h4>\n<\/div>\n<div class=\"text-wrapper\">\n<ul>\n<li>geboren 1960<\/li>\n<li>Studium der Zahnmedizin an der Westf\u00e4lischen\u00a0Wilhelms-Universit\u00e4t M\u00fcnster (1979 \u2013 1984)<\/li>\n<li>Studium der Rechtswissenschaften an der Ruhr-Universit\u00e4t\u00a0Bochum (1998 \u2013 2002)<\/li>\n<li>Rechtsreferendariat am Landgericht Bochum (2003 \u2013 2004)<\/li>\n<li>Rechtsanw\u00e4ltin seit 2005<\/li>\n<li>Dissertationen zu den Themen\u00a0\u201eEpidemiologie und Struktur schwerer und t\u00f6dlicher Verkehrsunf\u00e4lle\u201c, 1984, Prof. Dr. Brinkmann, Institut f\u00fcr Rechtsmedizin, M\u00fcnster und\u00a0\u201eFriedenswahlen in der Sozialversicherung: Insbesondere Untersuchungen zu den Entscheidungsfreir\u00e4umen der Sozialversicherungstr\u00e4ger und ihrer Verb\u00e4nde\u201c, 2005, Prof. Dr. Schnapp, Institut f\u00fcr Sozialrecht, Bochum<\/li>\n<li>Niederlassung als Vertragszahn\u00e4rztin in eigener Praxis\u00a0(1987 \u2013 1998)<\/li>\n<\/ul>\n<\/div>[\/et_pb_text][\/et_pb_column][et_pb_column type=&#8221;1_3&#8243; _builder_version=&#8221;4.21.0&#8243; _module_preset=&#8221;default&#8221; background_color=&#8221;#F5F5F5&#8243; custom_padding=&#8221;40px|30px|40px|30px|true|true&#8221; border_radii=&#8221;on|5px|5px|5px|5px&#8221; global_colors_info=&#8221;{}&#8221; theme_builder_area=&#8221;post_content&#8221;][et_pb_divider color=&#8221;rgba(102,102,102,0.1)&#8221; _builder_version=&#8221;4.16&#8243; _module_preset=&#8221;default&#8221; custom_margin=&#8221;||10px||false|false&#8221; locked=&#8221;off&#8221; global_colors_info=&#8221;{}&#8221; theme_builder_area=&#8221;post_content&#8221;][\/et_pb_divider][et_pb_text _builder_version=&#8221;4.20.4&#8243; _module_preset=&#8221;default&#8221; text_text_color=&#8221;#FE5E15&#8243; header_text_color=&#8221;#FE5E15&#8243; header_3_font=&#8221;|600|||||||&#8221; custom_margin=&#8221;||14px|0px|false|false&#8221; locked=&#8221;off&#8221; global_colors_info=&#8221;{}&#8221; theme_builder_area=&#8221;post_content&#8221;]<h3>Ihr zertifizierter Profi<\/h3>[\/et_pb_text][et_pb_image src=&#8221;https:\/\/die-mundgesundheitsstiftung.de\/media\/2023\/11\/Dr.-Dr.-Astrid-Windels-Pietzsch.png&#8221; title_text=&#8221;Dr. Dr. Astrid Windels-Pietzsch&#8221; _builder_version=&#8221;4.22.1&#8243; _module_preset=&#8221;default&#8221; max_width=&#8221;59%&#8221; module_alignment=&#8221;left&#8221; hover_enabled=&#8221;0&#8243; border_radii=&#8221;on|123px|123px|123px|123px&#8221; global_colors_info=&#8221;{}&#8221; theme_builder_area=&#8221;post_content&#8221; alt=&#8221;Dr. Dr. Astrid Windels-Pietzsch&#8221; sticky_enabled=&#8221;0&#8243;][\/et_pb_image][et_pb_blurb title=&#8221;Dr. Dr. Astrid Windels-Pietzsch&#8221; icon_placement=&#8221;left&#8221; image_icon_width=&#8221;15px&#8221; _builder_version=&#8221;4.22.1&#8243; _module_preset=&#8221;default&#8221; header_font=&#8221;Allison|700|||||||&#8221; header_text_color=&#8221;#666666&#8243; header_font_size=&#8221;42px&#8221; body_line_height=&#8221;1em&#8221; custom_margin=&#8221;||10px|5px|false|false&#8221; hover_enabled=&#8221;0&#8243; custom_css_blurb_title=&#8221;margin-left: -20px !important;&#8221; global_colors_info=&#8221;{}&#8221; theme_builder_area=&#8221;post_content&#8221; sticky_enabled=&#8221;0&#8243;][\/et_pb_blurb][et_pb_divider color=&#8221;rgba(102,102,102,0.1)&#8221; _builder_version=&#8221;4.16&#8243; _module_preset=&#8221;default&#8221; custom_margin=&#8221;||10px||false|false&#8221; locked=&#8221;off&#8221; global_colors_info=&#8221;{}&#8221; theme_builder_area=&#8221;post_content&#8221;][\/et_pb_divider][et_pb_text _builder_version=&#8221;4.20.4&#8243; _module_preset=&#8221;default&#8221; text_text_color=&#8221;#FE5E15&#8243; header_text_color=&#8221;#FE5E15&#8243; header_3_font=&#8221;|600|||||||&#8221; custom_margin=&#8221;||14px|0px|false|false&#8221; locked=&#8221;off&#8221; global_colors_info=&#8221;{}&#8221; theme_builder_area=&#8221;post_content&#8221;]<h3>Kontaktdaten<\/h3>[\/et_pb_text][et_pb_blurb title=&#8221;Adresse: Br\u00fcder Weg 9, 44135 Dortmund&#8221; icon_placement=&#8221;left&#8221; image_icon_width=&#8221;15px&#8221; _builder_version=&#8221;4.22.1&#8243; _module_preset=&#8221;default&#8221; header_font=&#8221;Mulish||||||||&#8221; header_text_color=&#8221;#666666&#8243; header_font_size=&#8221;14px&#8221; body_line_height=&#8221;1em&#8221; custom_margin=&#8221;||10px|5px|false|false&#8221; hover_enabled=&#8221;0&#8243; custom_css_blurb_title=&#8221;margin-left: -20px !important;&#8221; global_colors_info=&#8221;{}&#8221; theme_builder_area=&#8221;post_content&#8221; sticky_enabled=&#8221;0&#8243;][\/et_pb_blurb][et_pb_divider color=&#8221;rgba(102,102,102,0.1)&#8221; _builder_version=&#8221;4.16&#8243; _module_preset=&#8221;default&#8221; custom_margin=&#8221;||10px||false|false&#8221; locked=&#8221;off&#8221; global_colors_info=&#8221;{}&#8221; theme_builder_area=&#8221;post_content&#8221;][\/et_pb_divider][\/et_pb_column][\/et_pb_row][\/et_pb_section]\n","protected":false},"excerpt":{"rendered":"<p>R\u00f6dl GmbHDr. Dr. Astrid Windels-Pietzsch Zur Person geboren 1960 Studium der Zahnmedizin an der Westf\u00e4lischen\u00a0Wilhelms-Universit\u00e4t M\u00fcnster (1979 \u2013 1984) Studium der Rechtswissenschaften an der Ruhr-Universit\u00e4t\u00a0Bochum (1998 \u2013 2002) Rechtsreferendariat am Landgericht Bochum (2003 \u2013 2004) Rechtsanw\u00e4ltin seit 2005 Dissertationen zu den Themen\u00a0\u201eEpidemiologie und Struktur schwerer und t\u00f6dlicher Verkehrsunf\u00e4lle\u201c, 1984, Prof. Dr. Brinkmann, Institut f\u00fcr Rechtsmedizin, [&hellip;]<\/p>\n","protected":false},"author":8,"featured_media":23418836,"comment_status":"open","ping_status":"closed","template":"","meta":{"_et_pb_use_builder":"on","_et_pb_old_content":"","_et_gb_content_width":"","footnotes":""},"project_category":[],"project_tag":[],"class_list":["post-23418824","project","type-project","status-publish","has-post-thumbnail","hentry"],"yoast_head":"<!-- This site is optimized with the Yoast SEO plugin v27.4 - https:\/\/yoast.com\/product\/yoast-seo-wordpress\/ -->\n<title>Dr. Dr. Astrid Windels-Pietzsch - DMS Deutsche Mundgesundheitsstiftung<\/title>\n<meta name=\"robots\" content=\"index, follow, max-snippet:-1, max-image-preview:large, max-video-preview:-1\" \/>\n<link rel=\"canonical\" href=\"https:\/\/die-mundgesundheitsstiftung.de\/en\/project\/dr-dr-astrid-windels-pietzsch\/\" \/>\n<meta property=\"og:locale\" content=\"en_US\" \/>\n<meta property=\"og:type\" content=\"article\" \/>\n<meta property=\"og:title\" content=\"Dr. Dr. Astrid Windels-Pietzsch - DMS Deutsche Mundgesundheitsstiftung\" \/>\n<meta property=\"og:description\" content=\"R\u00f6dl GmbHDr. Dr. Astrid Windels-Pietzsch Zur Person geboren 1960 Studium der Zahnmedizin an der Westf\u00e4lischen\u00a0Wilhelms-Universit\u00e4t M\u00fcnster (1979 \u2013 1984) Studium der Rechtswissenschaften an der Ruhr-Universit\u00e4t\u00a0Bochum (1998 \u2013 2002) Rechtsreferendariat am Landgericht Bochum (2003 \u2013 2004) Rechtsanw\u00e4ltin seit 2005 Dissertationen zu den Themen\u00a0\u201eEpidemiologie und Struktur schwerer und t\u00f6dlicher Verkehrsunf\u00e4lle\u201c, 1984, Prof. Dr. Brinkmann, Institut f\u00fcr Rechtsmedizin, [&hellip;]\" \/>\n<meta property=\"og:url\" content=\"https:\/\/die-mundgesundheitsstiftung.de\/en\/project\/dr-dr-astrid-windels-pietzsch\/\" \/>\n<meta property=\"og:site_name\" content=\"DMS Deutsche Mundgesundheitsstiftung\" \/>\n<meta property=\"article:modified_time\" content=\"2025-11-07T09:16:34+00:00\" \/>\n<meta property=\"og:image\" content=\"https:\/\/die-mundgesundheitsstiftung.de\/media\/2023\/11\/Dr.-Dr.-Astrid-Windels-Pietzsch.png\" \/>\n\t<meta property=\"og:image:width\" content=\"250\" \/>\n\t<meta property=\"og:image:height\" content=\"250\" \/>\n\t<meta property=\"og:image:type\" content=\"image\/png\" \/>\n<meta name=\"twitter:card\" content=\"summary_large_image\" \/>\n<meta name=\"twitter:label1\" content=\"Est. reading time\" \/>\n\t<meta name=\"twitter:data1\" content=\"1 minute\" \/>\n<script type=\"application\/ld+json\" class=\"yoast-schema-graph\">{\"@context\":\"https:\\\/\\\/schema.org\",\"@graph\":[{\"@type\":\"WebPage\",\"@id\":\"https:\\\/\\\/die-mundgesundheitsstiftung.de\\\/project\\\/dr-dr-astrid-windels-pietzsch\\\/\",\"url\":\"https:\\\/\\\/die-mundgesundheitsstiftung.de\\\/project\\\/dr-dr-astrid-windels-pietzsch\\\/\",\"name\":\"Dr. Dr. Astrid Windels-Pietzsch - DMS Deutsche Mundgesundheitsstiftung\",\"isPartOf\":{\"@id\":\"https:\\\/\\\/die-mundgesundheitsstiftung.de\\\/#website\"},\"primaryImageOfPage\":{\"@id\":\"https:\\\/\\\/die-mundgesundheitsstiftung.de\\\/project\\\/dr-dr-astrid-windels-pietzsch\\\/#primaryimage\"},\"image\":{\"@id\":\"https:\\\/\\\/die-mundgesundheitsstiftung.de\\\/project\\\/dr-dr-astrid-windels-pietzsch\\\/#primaryimage\"},\"thumbnailUrl\":\"https:\\\/\\\/die-mundgesundheitsstiftung.de\\\/wp-content\\\/uploads\\\/2023\\\/11\\\/Dr.-Dr.-Astrid-Windels-Pietzsch.png\",\"datePublished\":\"2023-11-07T11:16:08+00:00\",\"dateModified\":\"2025-11-07T09:16:34+00:00\",\"breadcrumb\":{\"@id\":\"https:\\\/\\\/die-mundgesundheitsstiftung.de\\\/project\\\/dr-dr-astrid-windels-pietzsch\\\/#breadcrumb\"},\"inLanguage\":\"en-US\",\"potentialAction\":[{\"@type\":\"ReadAction\",\"target\":[\"https:\\\/\\\/die-mundgesundheitsstiftung.de\\\/project\\\/dr-dr-astrid-windels-pietzsch\\\/\"]}]},{\"@type\":\"ImageObject\",\"inLanguage\":\"en-US\",\"@id\":\"https:\\\/\\\/die-mundgesundheitsstiftung.de\\\/project\\\/dr-dr-astrid-windels-pietzsch\\\/#primaryimage\",\"url\":\"https:\\\/\\\/die-mundgesundheitsstiftung.de\\\/wp-content\\\/uploads\\\/2023\\\/11\\\/Dr.-Dr.-Astrid-Windels-Pietzsch.png\",\"contentUrl\":\"https:\\\/\\\/die-mundgesundheitsstiftung.de\\\/wp-content\\\/uploads\\\/2023\\\/11\\\/Dr.-Dr.-Astrid-Windels-Pietzsch.png\",\"width\":250,\"height\":250,\"caption\":\"Dr. Dr. Astrid Windels-Pietzsch\"},{\"@type\":\"BreadcrumbList\",\"@id\":\"https:\\\/\\\/die-mundgesundheitsstiftung.de\\\/project\\\/dr-dr-astrid-windels-pietzsch\\\/#breadcrumb\",\"itemListElement\":[{\"@type\":\"ListItem\",\"position\":1,\"name\":\"Startseite\",\"item\":\"https:\\\/\\\/die-mundgesundheitsstiftung.de\\\/\"},{\"@type\":\"ListItem\",\"position\":2,\"name\":\"Projekte\",\"item\":\"https:\\\/\\\/die-mundgesundheitsstiftung.de\\\/project\\\/\"},{\"@type\":\"ListItem\",\"position\":3,\"name\":\"Dr. Dr. Astrid Windels-Pietzsch\"}]},{\"@type\":\"WebSite\",\"@id\":\"https:\\\/\\\/die-mundgesundheitsstiftung.de\\\/#website\",\"url\":\"https:\\\/\\\/die-mundgesundheitsstiftung.de\\\/\",\"name\":\"DMS Deutsche Mundgesundheitsstiftung\",\"description\":\"DMS Deutsche Mundgesundheitsstiftung\",\"potentialAction\":[{\"@type\":\"SearchAction\",\"target\":{\"@type\":\"EntryPoint\",\"urlTemplate\":\"https:\\\/\\\/die-mundgesundheitsstiftung.de\\\/?s={search_term_string}\"},\"query-input\":{\"@type\":\"PropertyValueSpecification\",\"valueRequired\":true,\"valueName\":\"search_term_string\"}}],\"inLanguage\":\"en-US\"}]}<\/script>\n<!-- \/ Yoast SEO plugin. -->","yoast_head_json":{"title":"Dr. Dr. Astrid Windels-Pietzsch - DMS Deutsche Mundgesundheitsstiftung","robots":{"index":"index","follow":"follow","max-snippet":"max-snippet:-1","max-image-preview":"max-image-preview:large","max-video-preview":"max-video-preview:-1"},"canonical":"https:\/\/die-mundgesundheitsstiftung.de\/en\/project\/dr-dr-astrid-windels-pietzsch\/","og_locale":"en_US","og_type":"article","og_title":"Dr. Dr. Astrid Windels-Pietzsch - DMS Deutsche Mundgesundheitsstiftung","og_description":"R\u00f6dl GmbHDr. Dr. Astrid Windels-Pietzsch Zur Person geboren 1960 Studium der Zahnmedizin an der Westf\u00e4lischen\u00a0Wilhelms-Universit\u00e4t M\u00fcnster (1979 \u2013 1984) Studium der Rechtswissenschaften an der Ruhr-Universit\u00e4t\u00a0Bochum (1998 \u2013 2002) Rechtsreferendariat am Landgericht Bochum (2003 \u2013 2004) Rechtsanw\u00e4ltin seit 2005 Dissertationen zu den Themen\u00a0\u201eEpidemiologie und Struktur schwerer und t\u00f6dlicher Verkehrsunf\u00e4lle\u201c, 1984, Prof. Dr. Brinkmann, Institut f\u00fcr Rechtsmedizin, [&hellip;]","og_url":"https:\/\/die-mundgesundheitsstiftung.de\/en\/project\/dr-dr-astrid-windels-pietzsch\/","og_site_name":"DMS Deutsche Mundgesundheitsstiftung","article_modified_time":"2025-11-07T09:16:34+00:00","og_image":[{"width":250,"height":250,"url":"https:\/\/die-mundgesundheitsstiftung.de\/media\/2023\/11\/Dr.-Dr.-Astrid-Windels-Pietzsch.png","type":"image\/png"}],"twitter_card":"summary_large_image","twitter_misc":{"Est. reading time":"1 minute"},"schema":{"@context":"https:\/\/schema.org","@graph":[{"@type":"WebPage","@id":"https:\/\/die-mundgesundheitsstiftung.de\/project\/dr-dr-astrid-windels-pietzsch\/","url":"https:\/\/die-mundgesundheitsstiftung.de\/project\/dr-dr-astrid-windels-pietzsch\/","name":"Dr. Dr. Astrid Windels-Pietzsch - DMS Deutsche Mundgesundheitsstiftung","isPartOf":{"@id":"https:\/\/die-mundgesundheitsstiftung.de\/#website"},"primaryImageOfPage":{"@id":"https:\/\/die-mundgesundheitsstiftung.de\/project\/dr-dr-astrid-windels-pietzsch\/#primaryimage"},"image":{"@id":"https:\/\/die-mundgesundheitsstiftung.de\/project\/dr-dr-astrid-windels-pietzsch\/#primaryimage"},"thumbnailUrl":"https:\/\/die-mundgesundheitsstiftung.de\/media\/2023\/11\/Dr.-Dr.-Astrid-Windels-Pietzsch.png","datePublished":"2023-11-07T11:16:08+00:00","dateModified":"2025-11-07T09:16:34+00:00","breadcrumb":{"@id":"https:\/\/die-mundgesundheitsstiftung.de\/project\/dr-dr-astrid-windels-pietzsch\/#breadcrumb"},"inLanguage":"en-US","potentialAction":[{"@type":"ReadAction","target":["https:\/\/die-mundgesundheitsstiftung.de\/project\/dr-dr-astrid-windels-pietzsch\/"]}]},{"@type":"ImageObject","inLanguage":"en-US","@id":"https:\/\/die-mundgesundheitsstiftung.de\/project\/dr-dr-astrid-windels-pietzsch\/#primaryimage","url":"https:\/\/die-mundgesundheitsstiftung.de\/media\/2023\/11\/Dr.-Dr.-Astrid-Windels-Pietzsch.png","contentUrl":"https:\/\/die-mundgesundheitsstiftung.de\/media\/2023\/11\/Dr.-Dr.-Astrid-Windels-Pietzsch.png","width":250,"height":250,"caption":"Dr. Dr. Astrid Windels-Pietzsch"},{"@type":"BreadcrumbList","@id":"https:\/\/die-mundgesundheitsstiftung.de\/project\/dr-dr-astrid-windels-pietzsch\/#breadcrumb","itemListElement":[{"@type":"ListItem","position":1,"name":"Startseite","item":"https:\/\/die-mundgesundheitsstiftung.de\/"},{"@type":"ListItem","position":2,"name":"Projekte","item":"https:\/\/die-mundgesundheitsstiftung.de\/project\/"},{"@type":"ListItem","position":3,"name":"Dr. Dr. Astrid Windels-Pietzsch"}]},{"@type":"WebSite","@id":"https:\/\/die-mundgesundheitsstiftung.de\/#website","url":"https:\/\/die-mundgesundheitsstiftung.de\/","name":"DMS Deutsche Mundgesundheitsstiftung","description":"DMS Deutsche Mundgesundheitsstiftung","potentialAction":[{"@type":"SearchAction","target":{"@type":"EntryPoint","urlTemplate":"https:\/\/die-mundgesundheitsstiftung.de\/?s={search_term_string}"},"query-input":{"@type":"PropertyValueSpecification","valueRequired":true,"valueName":"search_term_string"}}],"inLanguage":"en-US"}]}},"_links":{"self":[{"href":"https:\/\/die-mundgesundheitsstiftung.de\/en\/wp-json\/wp\/v2\/project\/23418824","targetHints":{"allow":["GET"]}}],"collection":[{"href":"https:\/\/die-mundgesundheitsstiftung.de\/en\/wp-json\/wp\/v2\/project"}],"about":[{"href":"https:\/\/die-mundgesundheitsstiftung.de\/en\/wp-json\/wp\/v2\/types\/project"}],"author":[{"embeddable":true,"href":"https:\/\/die-mundgesundheitsstiftung.de\/en\/wp-json\/wp\/v2\/users\/8"}],"replies":[{"embeddable":true,"href":"https:\/\/die-mundgesundheitsstiftung.de\/en\/wp-json\/wp\/v2\/comments?post=23418824"}],"version-history":[{"count":1,"href":"https:\/\/die-mundgesundheitsstiftung.de\/en\/wp-json\/wp\/v2\/project\/23418824\/revisions"}],"predecessor-version":[{"id":27585175,"href":"https:\/\/die-mundgesundheitsstiftung.de\/en\/wp-json\/wp\/v2\/project\/23418824\/revisions\/27585175"}],"wp:featuredmedia":[{"embeddable":true,"href":"https:\/\/die-mundgesundheitsstiftung.de\/en\/wp-json\/wp\/v2\/media\/23418836"}],"wp:attachment":[{"href":"https:\/\/die-mundgesundheitsstiftung.de\/en\/wp-json\/wp\/v2\/media?parent=23418824"}],"wp:term":[{"taxonomy":"project_category","embeddable":true,"href":"https:\/\/die-mundgesundheitsstiftung.de\/en\/wp-json\/wp\/v2\/project_category?post=23418824"},{"taxonomy":"project_tag","embeddable":true,"href":"https:\/\/die-mundgesundheitsstiftung.de\/en\/wp-json\/wp\/v2\/project_tag?post=23418824"}],"curies":[{"name":"wp","href":"https:\/\/api.w.org\/{rel}","templated":true}]}}