{"id":23419058,"date":"2024-01-09T12:56:49","date_gmt":"2024-01-09T10:56:49","guid":{"rendered":"https:\/\/die-mundgesundheitsstiftung.de\/?post_type=project&#038;p=23419058"},"modified":"2024-04-04T09:21:05","modified_gmt":"2024-04-04T07:21:05","slug":"dr-med-dent-gerard-preuss","status":"publish","type":"project","link":"https:\/\/die-mundgesundheitsstiftung.de\/en\/project\/dr-med-dent-gerard-preuss\/","title":{"rendered":"Dr. med. dent. Gerard Preuss"},"content":{"rendered":"<p>[et_pb_section fb_built=&#8221;1&#8243; _builder_version=&#8221;4.16&#8243; _module_preset=&#8221;default&#8221; custom_padding=&#8221;105px|||||&#8221; global_colors_info=&#8221;{}&#8221;][et_pb_row column_structure=&#8221;2_3,1_3&#8243; module_id=&#8221;scroll&#8221; _builder_version=&#8221;4.21.0&#8243; _module_preset=&#8221;default&#8221; global_colors_info=&#8221;{}&#8221;][et_pb_column type=&#8221;2_3&#8243; _builder_version=&#8221;4.16&#8243; _module_preset=&#8221;default&#8221; global_colors_info=&#8221;{}&#8221;][et_pb_text _builder_version=&#8221;4.23.1&#8243; _module_preset=&#8221;default&#8221; text_font=&#8221;|||on|||||&#8221; text_text_color=&#8221;#ffab45&#8243; text_font_size=&#8221;15px&#8221; text_letter_spacing=&#8221;3px&#8221; custom_margin=&#8221;33px||15px||false|false&#8221; locked=&#8221;off&#8221; global_colors_info=&#8221;{}&#8221;]<\/p>\n<p><strong>Praxis f\u00fcr Zahngesundheit Horw,\u00a0Dr. med. dent. Gerard Preuss<\/strong><\/p>\n<p>[\/et_pb_text][et_pb_text _builder_version=&#8221;4.24.2&#8243; _module_preset=&#8221;default&#8221; header_2_font=&#8221;|600|||||||&#8221; header_2_text_align=&#8221;left&#8221; header_2_font_size=&#8221;35px&#8221; header_2_line_height=&#8221;1.3em&#8221; hover_enabled=&#8221;0&#8243; header_2_font_size_tablet=&#8221;35px&#8221; header_2_font_size_phone=&#8221;25px&#8221; header_2_font_size_last_edited=&#8221;on|phone&#8221; global_colors_info=&#8221;{}&#8221; sticky_enabled=&#8221;0&#8243;]<\/p>\n<h2><strong>Dr. med. dent. Gerard Preuss, Zahnarzt<\/strong><\/h2>\n<p>[\/et_pb_text][et_pb_image src=&#8221;https:\/\/die-mundgesundheitsstiftung.de\/media\/2024\/01\/Design-ohne-Titel-2024-01-09T114707.106.png&#8221; title_text=&#8221;Design ohne Titel &#8211; 2024-01-09T114707.106&#8243; _builder_version=&#8221;4.23.1&#8243; _module_preset=&#8221;default&#8221; border_radii=&#8221;on|10px|10px|10px|10px&#8221; global_colors_info=&#8221;{}&#8221;][\/et_pb_image][et_pb_text _builder_version=&#8221;4.23.1&#8243; _module_preset=&#8221;default&#8221; global_colors_info=&#8221;{}&#8221;]<\/p>\n<h4 class=\"cvStyleH2\">Studium<\/h4>\n<p><strong>1994 \u2013 2001: <\/strong><span><\/span><span class=\"serifStyle cvText\">Studium der Zahnmedizin an der Friedrich-Alexander-Universit\u00e4t Erlangen-N\u00fcrnberg Staatsexamen<\/span><\/p>\n<p><span class=\"serifStyle cvText\"><\/span><\/p>\n<h4>Promotion<\/h4>\n<p class=\"cvStyleH3\"><strong>1999 \u2013 2004: <\/strong><span><\/span><span class=\"serifStyle cvText\">Promotion auf dem Gebiet der Augenheilkunde (Prof. Dr. med. h.c. Naumann)<\/span><span>\u2028<\/span><\/p>\n<p class=\"cvStyleH3\"><span><\/span><\/p>\n<h4 class=\"cvStyleH2\">Beruflicher Werdegang<\/h4>\n<p class=\"cvStyleH3\"><strong>09.2001 \u2013 04.2004: <\/strong><span><\/span><span class=\"serifStyle cvText\">Anstellung als Assistenzzahnarzt bei Dr. M\u00e4nnl in Erlangen<\/span><\/p>\n<p class=\"cvStyleH3\"><strong>05.2004 \u2013 08.2004: <\/strong><span><\/span><span class=\"serifStyle cvText\">Anstellung als Zahnarzt in Z\u00fcrich<\/span><\/p>\n<p class=\"cvStyleH3\"><strong>09.2004 \u2013 12.2005:<\/strong> <span><\/span><span class=\"serifStyle cvText\">Anstellung als Zahnarzt in Luzern<\/span><\/p>\n<p class=\"cvStyleH3\"><strong>seit 04.2006:<\/strong> <span><\/span><span class=\"serifStyle cvText\">Zahnarztpraxis in Horw<\/span><\/p>\n<p class=\"cvStyleH3\"><span class=\"serifStyle cvText\"><\/span><\/p>\n<h4 class=\"cvStyleH2\">Fortbildungen<\/h4>\n<p><span class=\"serifStyle cvText\">Zahlreiche nationale und internationale Fortbildungen auf dem Gebiet der Endodontie, Implantologie, Prothetik, Vollkeramik und Funktionsdiagnostik. Zertifiziert f\u00fcr Invisalign (Unsichtbare Kieferorthop\u00e4die). Zertifiziert f\u00fcr Nobelguide (Computergest\u00fctzte Implantologie). Schulzahnarzt von Horw f\u00fcr das aktuelle Schuljahr.<\/span><\/p>\n<p class=\"cvStyleH3\"><strong>2016:<\/strong> <span><\/span><span class=\"serifStyle cvText\">Notfallkurs<\/span><\/p>\n<p class=\"cvStyleH3\"><span class=\"serifStyle cvText\"><\/span><\/p>\n<h4 class=\"cvStyleH2\">Mitgliedschaften\u00a0<\/h4>\n<p><span class=\"serifStyle cvText\">SSO, LZG, DGPARO<\/span><\/p>\n<p>[\/et_pb_text][\/et_pb_column][et_pb_column type=&#8221;1_3&#8243; _builder_version=&#8221;4.21.0&#8243; _module_preset=&#8221;default&#8221; background_color=&#8221;#F5F5F5&#8243; custom_padding=&#8221;40px|30px|40px|30px|true|true&#8221; border_radii=&#8221;on|5px|5px|5px|5px&#8221; global_colors_info=&#8221;{}&#8221;][et_pb_divider color=&#8221;rgba(102,102,102,0.1)&#8221; _builder_version=&#8221;4.16&#8243; _module_preset=&#8221;default&#8221; custom_margin=&#8221;||10px||false|false&#8221; locked=&#8221;off&#8221; global_colors_info=&#8221;{}&#8221;][\/et_pb_divider][et_pb_text _builder_version=&#8221;4.20.4&#8243; _module_preset=&#8221;default&#8221; text_text_color=&#8221;#FE5E15&#8243; header_text_color=&#8221;#FE5E15&#8243; header_3_font=&#8221;|600|||||||&#8221; custom_margin=&#8221;||14px|0px|false|false&#8221; locked=&#8221;off&#8221; global_colors_info=&#8221;{}&#8221;]<\/p>\n<h3>Ihr zertifizierter Profi<\/h3>\n<p>[\/et_pb_text][et_pb_image src=&#8221;https:\/\/die-mundgesundheitsstiftung.de\/media\/2024\/01\/Dr.-med.-dent.-Gerard-Preuss.png&#8221; alt=&#8221;Dr. med. dent. Gerard Preuss&#8221; title_text=&#8221;Dr. med. dent. Gerard Preuss&#8221; _builder_version=&#8221;4.23.1&#8243; _module_preset=&#8221;default&#8221; max_width=&#8221;59%&#8221; module_alignment=&#8221;left&#8221; border_radii=&#8221;on|123px|123px|123px|123px&#8221; global_colors_info=&#8221;{}&#8221;][\/et_pb_image][et_pb_blurb title=&#8221;Dr. Gerard Preuss&#8221; icon_placement=&#8221;left&#8221; image_icon_width=&#8221;15px&#8221; _builder_version=&#8221;4.23.1&#8243; _module_preset=&#8221;default&#8221; header_font=&#8221;Montez|700|||||||&#8221; header_text_color=&#8221;#666666&#8243; header_font_size=&#8221;38px&#8221; body_line_height=&#8221;1em&#8221; custom_margin=&#8221;||10px|5px|false|false&#8221; custom_css_blurb_title=&#8221;margin-left: -20px !important;&#8221; global_colors_info=&#8221;{}&#8221;][\/et_pb_blurb][et_pb_divider color=&#8221;rgba(102,102,102,0.1)&#8221; _builder_version=&#8221;4.16&#8243; _module_preset=&#8221;default&#8221; custom_margin=&#8221;||10px||false|false&#8221; locked=&#8221;off&#8221; global_colors_info=&#8221;{}&#8221;][\/et_pb_divider][et_pb_text _builder_version=&#8221;4.20.4&#8243; _module_preset=&#8221;default&#8221; text_text_color=&#8221;#FE5E15&#8243; header_text_color=&#8221;#FE5E15&#8243; header_3_font=&#8221;|600|||||||&#8221; custom_margin=&#8221;||14px|0px|false|false&#8221; locked=&#8221;off&#8221; global_colors_info=&#8221;{}&#8221;]<\/p>\n<h3>Kontaktdaten<\/h3>\n<p>[\/et_pb_text][et_pb_blurb title=&#8221;Tel.: 041 342 24 25&#8243; icon_placement=&#8221;left&#8221; image_icon_width=&#8221;15px&#8221; _builder_version=&#8221;4.23.1&#8243; _module_preset=&#8221;default&#8221; header_font=&#8221;Mulish||||||||&#8221; header_text_color=&#8221;#666666&#8243; header_font_size=&#8221;14px&#8221; body_line_height=&#8221;1em&#8221; custom_margin=&#8221;||10px|5px|false|false&#8221; custom_css_blurb_title=&#8221;margin-left: -20px !important;&#8221; locked=&#8221;off&#8221; global_colors_info=&#8221;{}&#8221;][\/et_pb_blurb][et_pb_blurb title=&#8221;Fax: 041 342 24 26&#8243; icon_placement=&#8221;left&#8221; image_icon_width=&#8221;15px&#8221; _builder_version=&#8221;4.23.1&#8243; _module_preset=&#8221;default&#8221; header_font=&#8221;Mulish||||||||&#8221; header_text_color=&#8221;#666666&#8243; header_font_size=&#8221;14px&#8221; body_line_height=&#8221;1em&#8221; custom_margin=&#8221;||10px|5px|false|false&#8221; custom_css_blurb_title=&#8221;margin-left: -20px !important;&#8221; global_colors_info=&#8221;{}&#8221;][\/et_pb_blurb][et_pb_blurb title=&#8221;E-Mail: info@zahngesundheit-horw.ch&#8221; icon_placement=&#8221;left&#8221; image_icon_width=&#8221;15px&#8221; _builder_version=&#8221;4.23.1&#8243; _module_preset=&#8221;default&#8221; header_font=&#8221;Mulish||||||||&#8221; header_text_color=&#8221;#666666&#8243; header_font_size=&#8221;14px&#8221; body_line_height=&#8221;1em&#8221; custom_margin=&#8221;||10px|5px|false|false&#8221; custom_css_blurb_title=&#8221;margin-left: -20px !important;&#8221; global_colors_info=&#8221;{}&#8221;][\/et_pb_blurb][et_pb_blurb title=&#8221;Web: www.zahngesundheit-horw.ch&#8221; icon_placement=&#8221;left&#8221; image_icon_width=&#8221;15px&#8221; _builder_version=&#8221;4.23.1&#8243; _module_preset=&#8221;default&#8221; header_font=&#8221;Mulish||||||||&#8221; header_text_color=&#8221;#666666&#8243; header_font_size=&#8221;14px&#8221; body_line_height=&#8221;1em&#8221; custom_margin=&#8221;||10px|5px|false|false&#8221; custom_css_blurb_title=&#8221;margin-left: -20px !important;&#8221; global_colors_info=&#8221;{}&#8221;][\/et_pb_blurb][et_pb_blurb title=&#8221;Adresse: Kantonsstrasse 100, 6048 Horw, Schweiz&#8221; icon_placement=&#8221;left&#8221; image_icon_width=&#8221;15px&#8221; _builder_version=&#8221;4.23.1&#8243; _module_preset=&#8221;default&#8221; header_font=&#8221;Mulish||||||||&#8221; header_text_color=&#8221;#666666&#8243; header_font_size=&#8221;14px&#8221; body_line_height=&#8221;1em&#8221; custom_margin=&#8221;||10px|5px|false|false&#8221; custom_css_blurb_title=&#8221;margin-left: -20px !important;&#8221; global_colors_info=&#8221;{}&#8221;][\/et_pb_blurb][et_pb_divider color=&#8221;rgba(102,102,102,0.1)&#8221; _builder_version=&#8221;4.16&#8243; _module_preset=&#8221;default&#8221; custom_margin=&#8221;||10px||false|false&#8221; locked=&#8221;off&#8221; global_colors_info=&#8221;{}&#8221;][\/et_pb_divider][et_pb_image src=&#8221;https:\/\/die-mundgesundheitsstiftung.de\/media\/2024\/01\/OFC-removebg-preview-1.png&#8221; title_text=&#8221;OFC-removebg-preview&#8221; align=&#8221;center&#8221; _builder_version=&#8221;4.23.1&#8243; _module_preset=&#8221;default&#8221; max_width=&#8221;55%&#8221; global_colors_info=&#8221;{}&#8221;][\/et_pb_image][\/et_pb_column][\/et_pb_row][et_pb_row _builder_version=&#8221;4.16&#8243; _module_preset=&#8221;default&#8221; custom_padding=&#8221;||0px||false|false&#8221; locked=&#8221;off&#8221; global_colors_info=&#8221;{}&#8221;][et_pb_column type=&#8221;4_4&#8243; _builder_version=&#8221;4.16&#8243; _module_preset=&#8221;default&#8221; global_colors_info=&#8221;{}&#8221;][et_pb_text _builder_version=&#8221;4.20.4&#8243; _module_preset=&#8221;default&#8221; header_2_font=&#8221;|600|||||||&#8221; header_2_text_align=&#8221;center&#8221; header_2_font_size=&#8221;35px&#8221; header_2_line_height=&#8221;1.3em&#8221; width_tablet=&#8221;450px&#8221; width_phone=&#8221;100%&#8221; width_last_edited=&#8221;on|tablet&#8221; module_alignment=&#8221;center&#8221; header_2_font_size_tablet=&#8221;35px&#8221; header_2_font_size_phone=&#8221;25px&#8221; header_2_font_size_last_edited=&#8221;on|desktop&#8221; locked=&#8221;off&#8221; global_colors_info=&#8221;{}&#8221;]<\/p>\n<h2>Impressionen aus der Praxis<\/h2>\n<p>[\/et_pb_text][\/et_pb_column][\/et_pb_row][et_pb_row column_structure=&#8221;1_3,1_3,1_3&#8243; _builder_version=&#8221;4.20.4&#8243; _module_preset=&#8221;default&#8221; global_colors_info=&#8221;{}&#8221;][et_pb_column type=&#8221;1_3&#8243; _builder_version=&#8221;4.20.4&#8243; _module_preset=&#8221;default&#8221; global_colors_info=&#8221;{}&#8221;][et_pb_image src=&#8221;https:\/\/die-mundgesundheitsstiftung.de\/media\/2024\/01\/Design-ohne-Titel-2024-01-09T114400.962.png&#8221; title_text=&#8221;Design ohne Titel &#8211; 2024-01-09T114400.962&#8243; _builder_version=&#8221;4.23.1&#8243; _module_preset=&#8221;default&#8221; global_colors_info=&#8221;{}&#8221;][\/et_pb_image][\/et_pb_column][et_pb_column type=&#8221;1_3&#8243; _builder_version=&#8221;4.20.4&#8243; _module_preset=&#8221;default&#8221; global_colors_info=&#8221;{}&#8221;][et_pb_image src=&#8221;https:\/\/die-mundgesundheitsstiftung.de\/media\/2024\/01\/Design-ohne-Titel-2024-01-09T114354.326.png&#8221; title_text=&#8221;Design ohne Titel &#8211; 2024-01-09T114354.326&#8243; _builder_version=&#8221;4.23.1&#8243; _module_preset=&#8221;default&#8221; global_colors_info=&#8221;{}&#8221;][\/et_pb_image][\/et_pb_column][et_pb_column type=&#8221;1_3&#8243; _builder_version=&#8221;4.20.4&#8243; _module_preset=&#8221;default&#8221; global_colors_info=&#8221;{}&#8221;][et_pb_image src=&#8221;https:\/\/die-mundgesundheitsstiftung.de\/media\/2024\/01\/Design-ohne-Titel-2024-01-09T114347.235.png&#8221; title_text=&#8221;Design ohne Titel &#8211; 2024-01-09T114347.235&#8243; _builder_version=&#8221;4.23.1&#8243; _module_preset=&#8221;default&#8221; global_colors_info=&#8221;{}&#8221;][\/et_pb_image][\/et_pb_column][\/et_pb_row][\/et_pb_section]<\/p>\n","protected":false},"excerpt":{"rendered":"<p>Praxis f\u00fcr Zahngesundheit Horw,\u00a0Dr. med. dent. Gerard PreussDr. med. dent. Gerard Preuss, ZahnarztStudium 1994 \u2013 2001: Studium der Zahnmedizin an der Friedrich-Alexander-Universit\u00e4t Erlangen-N\u00fcrnberg Staatsexamen Promotion 1999 \u2013 2004: Promotion auf dem Gebiet der Augenheilkunde (Prof. Dr. med. h.c. Naumann)\u2028 Beruflicher Werdegang 09.2001 \u2013 04.2004: Anstellung als Assistenzzahnarzt bei Dr. M\u00e4nnl in Erlangen 05.2004 \u2013 08.2004: [&hellip;]<\/p>\n","protected":false},"author":8,"featured_media":23419059,"comment_status":"open","ping_status":"closed","template":"","meta":{"_et_pb_use_builder":"on","_et_pb_old_content":"","_et_gb_content_width":"","footnotes":""},"project_category":[],"project_tag":[],"class_list":["post-23419058","project","type-project","status-publish","has-post-thumbnail","hentry"],"yoast_head":"<!-- This site is optimized with the Yoast SEO plugin v27.4 - https:\/\/yoast.com\/product\/yoast-seo-wordpress\/ -->\n<title>Dr. med. dent. Gerard Preuss - DMS Deutsche Mundgesundheitsstiftung<\/title>\n<meta name=\"robots\" content=\"index, follow, max-snippet:-1, max-image-preview:large, max-video-preview:-1\" \/>\n<link rel=\"canonical\" href=\"https:\/\/die-mundgesundheitsstiftung.de\/en\/project\/dr-med-dent-gerard-preuss\/\" \/>\n<meta property=\"og:locale\" content=\"en_US\" \/>\n<meta property=\"og:type\" content=\"article\" \/>\n<meta property=\"og:title\" content=\"Dr. med. dent. Gerard Preuss - DMS Deutsche Mundgesundheitsstiftung\" \/>\n<meta property=\"og:description\" content=\"Praxis f\u00fcr Zahngesundheit Horw,\u00a0Dr. med. dent. Gerard PreussDr. med. dent. Gerard Preuss, ZahnarztStudium 1994 \u2013 2001: Studium der Zahnmedizin an der Friedrich-Alexander-Universit\u00e4t Erlangen-N\u00fcrnberg Staatsexamen Promotion 1999 \u2013 2004: Promotion auf dem Gebiet der Augenheilkunde (Prof. Dr. med. h.c. Naumann)\u2028 Beruflicher Werdegang 09.2001 \u2013 04.2004: Anstellung als Assistenzzahnarzt bei Dr. M\u00e4nnl in Erlangen 05.2004 \u2013 08.2004: [&hellip;]\" \/>\n<meta property=\"og:url\" content=\"https:\/\/die-mundgesundheitsstiftung.de\/en\/project\/dr-med-dent-gerard-preuss\/\" \/>\n<meta property=\"og:site_name\" content=\"DMS Deutsche Mundgesundheitsstiftung\" \/>\n<meta property=\"article:modified_time\" content=\"2024-04-04T07:21:05+00:00\" \/>\n<meta property=\"og:image\" content=\"https:\/\/die-mundgesundheitsstiftung.de\/media\/2024\/01\/Dr.-med.-dent.-Gerard-Preuss.png\" \/>\n\t<meta property=\"og:image:width\" content=\"250\" \/>\n\t<meta property=\"og:image:height\" content=\"250\" \/>\n\t<meta property=\"og:image:type\" content=\"image\/png\" \/>\n<meta name=\"twitter:card\" content=\"summary_large_image\" \/>\n<meta name=\"twitter:label1\" content=\"Est. reading time\" \/>\n\t<meta name=\"twitter:data1\" content=\"3 minutes\" \/>\n<script type=\"application\/ld+json\" class=\"yoast-schema-graph\">{\"@context\":\"https:\\\/\\\/schema.org\",\"@graph\":[{\"@type\":\"WebPage\",\"@id\":\"https:\\\/\\\/die-mundgesundheitsstiftung.de\\\/project\\\/dr-med-dent-gerard-preuss\\\/\",\"url\":\"https:\\\/\\\/die-mundgesundheitsstiftung.de\\\/project\\\/dr-med-dent-gerard-preuss\\\/\",\"name\":\"Dr. med. dent. Gerard Preuss - DMS Deutsche Mundgesundheitsstiftung\",\"isPartOf\":{\"@id\":\"https:\\\/\\\/die-mundgesundheitsstiftung.de\\\/#website\"},\"primaryImageOfPage\":{\"@id\":\"https:\\\/\\\/die-mundgesundheitsstiftung.de\\\/project\\\/dr-med-dent-gerard-preuss\\\/#primaryimage\"},\"image\":{\"@id\":\"https:\\\/\\\/die-mundgesundheitsstiftung.de\\\/project\\\/dr-med-dent-gerard-preuss\\\/#primaryimage\"},\"thumbnailUrl\":\"https:\\\/\\\/die-mundgesundheitsstiftung.de\\\/wp-content\\\/uploads\\\/2024\\\/01\\\/Dr.-med.-dent.-Gerard-Preuss.png\",\"datePublished\":\"2024-01-09T10:56:49+00:00\",\"dateModified\":\"2024-04-04T07:21:05+00:00\",\"breadcrumb\":{\"@id\":\"https:\\\/\\\/die-mundgesundheitsstiftung.de\\\/project\\\/dr-med-dent-gerard-preuss\\\/#breadcrumb\"},\"inLanguage\":\"en-US\",\"potentialAction\":[{\"@type\":\"ReadAction\",\"target\":[\"https:\\\/\\\/die-mundgesundheitsstiftung.de\\\/project\\\/dr-med-dent-gerard-preuss\\\/\"]}]},{\"@type\":\"ImageObject\",\"inLanguage\":\"en-US\",\"@id\":\"https:\\\/\\\/die-mundgesundheitsstiftung.de\\\/project\\\/dr-med-dent-gerard-preuss\\\/#primaryimage\",\"url\":\"https:\\\/\\\/die-mundgesundheitsstiftung.de\\\/wp-content\\\/uploads\\\/2024\\\/01\\\/Dr.-med.-dent.-Gerard-Preuss.png\",\"contentUrl\":\"https:\\\/\\\/die-mundgesundheitsstiftung.de\\\/wp-content\\\/uploads\\\/2024\\\/01\\\/Dr.-med.-dent.-Gerard-Preuss.png\",\"width\":250,\"height\":250,\"caption\":\"Dr. med. dent. Gerard Preuss\"},{\"@type\":\"BreadcrumbList\",\"@id\":\"https:\\\/\\\/die-mundgesundheitsstiftung.de\\\/project\\\/dr-med-dent-gerard-preuss\\\/#breadcrumb\",\"itemListElement\":[{\"@type\":\"ListItem\",\"position\":1,\"name\":\"Startseite\",\"item\":\"https:\\\/\\\/die-mundgesundheitsstiftung.de\\\/\"},{\"@type\":\"ListItem\",\"position\":2,\"name\":\"Projekte\",\"item\":\"https:\\\/\\\/die-mundgesundheitsstiftung.de\\\/project\\\/\"},{\"@type\":\"ListItem\",\"position\":3,\"name\":\"Dr. med. dent. Gerard Preuss\"}]},{\"@type\":\"WebSite\",\"@id\":\"https:\\\/\\\/die-mundgesundheitsstiftung.de\\\/#website\",\"url\":\"https:\\\/\\\/die-mundgesundheitsstiftung.de\\\/\",\"name\":\"DMS Deutsche Mundgesundheitsstiftung\",\"description\":\"DMS Deutsche Mundgesundheitsstiftung\",\"potentialAction\":[{\"@type\":\"SearchAction\",\"target\":{\"@type\":\"EntryPoint\",\"urlTemplate\":\"https:\\\/\\\/die-mundgesundheitsstiftung.de\\\/?s={search_term_string}\"},\"query-input\":{\"@type\":\"PropertyValueSpecification\",\"valueRequired\":true,\"valueName\":\"search_term_string\"}}],\"inLanguage\":\"en-US\"}]}<\/script>\n<!-- \/ Yoast SEO plugin. -->","yoast_head_json":{"title":"Dr. med. dent. Gerard Preuss - DMS Deutsche Mundgesundheitsstiftung","robots":{"index":"index","follow":"follow","max-snippet":"max-snippet:-1","max-image-preview":"max-image-preview:large","max-video-preview":"max-video-preview:-1"},"canonical":"https:\/\/die-mundgesundheitsstiftung.de\/en\/project\/dr-med-dent-gerard-preuss\/","og_locale":"en_US","og_type":"article","og_title":"Dr. med. dent. Gerard Preuss - DMS Deutsche Mundgesundheitsstiftung","og_description":"Praxis f\u00fcr Zahngesundheit Horw,\u00a0Dr. med. dent. Gerard PreussDr. med. dent. Gerard Preuss, ZahnarztStudium 1994 \u2013 2001: Studium der Zahnmedizin an der Friedrich-Alexander-Universit\u00e4t Erlangen-N\u00fcrnberg Staatsexamen Promotion 1999 \u2013 2004: Promotion auf dem Gebiet der Augenheilkunde (Prof. Dr. med. h.c. Naumann)\u2028 Beruflicher Werdegang 09.2001 \u2013 04.2004: Anstellung als Assistenzzahnarzt bei Dr. M\u00e4nnl in Erlangen 05.2004 \u2013 08.2004: [&hellip;]","og_url":"https:\/\/die-mundgesundheitsstiftung.de\/en\/project\/dr-med-dent-gerard-preuss\/","og_site_name":"DMS Deutsche Mundgesundheitsstiftung","article_modified_time":"2024-04-04T07:21:05+00:00","og_image":[{"width":250,"height":250,"url":"https:\/\/die-mundgesundheitsstiftung.de\/media\/2024\/01\/Dr.-med.-dent.-Gerard-Preuss.png","type":"image\/png"}],"twitter_card":"summary_large_image","twitter_misc":{"Est. reading time":"3 minutes"},"schema":{"@context":"https:\/\/schema.org","@graph":[{"@type":"WebPage","@id":"https:\/\/die-mundgesundheitsstiftung.de\/project\/dr-med-dent-gerard-preuss\/","url":"https:\/\/die-mundgesundheitsstiftung.de\/project\/dr-med-dent-gerard-preuss\/","name":"Dr. med. dent. Gerard Preuss - DMS Deutsche Mundgesundheitsstiftung","isPartOf":{"@id":"https:\/\/die-mundgesundheitsstiftung.de\/#website"},"primaryImageOfPage":{"@id":"https:\/\/die-mundgesundheitsstiftung.de\/project\/dr-med-dent-gerard-preuss\/#primaryimage"},"image":{"@id":"https:\/\/die-mundgesundheitsstiftung.de\/project\/dr-med-dent-gerard-preuss\/#primaryimage"},"thumbnailUrl":"https:\/\/die-mundgesundheitsstiftung.de\/media\/2024\/01\/Dr.-med.-dent.-Gerard-Preuss.png","datePublished":"2024-01-09T10:56:49+00:00","dateModified":"2024-04-04T07:21:05+00:00","breadcrumb":{"@id":"https:\/\/die-mundgesundheitsstiftung.de\/project\/dr-med-dent-gerard-preuss\/#breadcrumb"},"inLanguage":"en-US","potentialAction":[{"@type":"ReadAction","target":["https:\/\/die-mundgesundheitsstiftung.de\/project\/dr-med-dent-gerard-preuss\/"]}]},{"@type":"ImageObject","inLanguage":"en-US","@id":"https:\/\/die-mundgesundheitsstiftung.de\/project\/dr-med-dent-gerard-preuss\/#primaryimage","url":"https:\/\/die-mundgesundheitsstiftung.de\/media\/2024\/01\/Dr.-med.-dent.-Gerard-Preuss.png","contentUrl":"https:\/\/die-mundgesundheitsstiftung.de\/media\/2024\/01\/Dr.-med.-dent.-Gerard-Preuss.png","width":250,"height":250,"caption":"Dr. med. dent. Gerard Preuss"},{"@type":"BreadcrumbList","@id":"https:\/\/die-mundgesundheitsstiftung.de\/project\/dr-med-dent-gerard-preuss\/#breadcrumb","itemListElement":[{"@type":"ListItem","position":1,"name":"Startseite","item":"https:\/\/die-mundgesundheitsstiftung.de\/"},{"@type":"ListItem","position":2,"name":"Projekte","item":"https:\/\/die-mundgesundheitsstiftung.de\/project\/"},{"@type":"ListItem","position":3,"name":"Dr. med. dent. Gerard Preuss"}]},{"@type":"WebSite","@id":"https:\/\/die-mundgesundheitsstiftung.de\/#website","url":"https:\/\/die-mundgesundheitsstiftung.de\/","name":"DMS Deutsche Mundgesundheitsstiftung","description":"DMS Deutsche Mundgesundheitsstiftung","potentialAction":[{"@type":"SearchAction","target":{"@type":"EntryPoint","urlTemplate":"https:\/\/die-mundgesundheitsstiftung.de\/?s={search_term_string}"},"query-input":{"@type":"PropertyValueSpecification","valueRequired":true,"valueName":"search_term_string"}}],"inLanguage":"en-US"}]}},"_links":{"self":[{"href":"https:\/\/die-mundgesundheitsstiftung.de\/en\/wp-json\/wp\/v2\/project\/23419058","targetHints":{"allow":["GET"]}}],"collection":[{"href":"https:\/\/die-mundgesundheitsstiftung.de\/en\/wp-json\/wp\/v2\/project"}],"about":[{"href":"https:\/\/die-mundgesundheitsstiftung.de\/en\/wp-json\/wp\/v2\/types\/project"}],"author":[{"embeddable":true,"href":"https:\/\/die-mundgesundheitsstiftung.de\/en\/wp-json\/wp\/v2\/users\/8"}],"replies":[{"embeddable":true,"href":"https:\/\/die-mundgesundheitsstiftung.de\/en\/wp-json\/wp\/v2\/comments?post=23419058"}],"version-history":[{"count":0,"href":"https:\/\/die-mundgesundheitsstiftung.de\/en\/wp-json\/wp\/v2\/project\/23419058\/revisions"}],"wp:featuredmedia":[{"embeddable":true,"href":"https:\/\/die-mundgesundheitsstiftung.de\/en\/wp-json\/wp\/v2\/media\/23419059"}],"wp:attachment":[{"href":"https:\/\/die-mundgesundheitsstiftung.de\/en\/wp-json\/wp\/v2\/media?parent=23419058"}],"wp:term":[{"taxonomy":"project_category","embeddable":true,"href":"https:\/\/die-mundgesundheitsstiftung.de\/en\/wp-json\/wp\/v2\/project_category?post=23419058"},{"taxonomy":"project_tag","embeddable":true,"href":"https:\/\/die-mundgesundheitsstiftung.de\/en\/wp-json\/wp\/v2\/project_tag?post=23419058"}],"curies":[{"name":"wp","href":"https:\/\/api.w.org\/{rel}","templated":true}]}}