{"id":23420394,"date":"2024-07-05T14:01:13","date_gmt":"2024-07-05T12:01:13","guid":{"rendered":"https:\/\/die-mundgesundheitsstiftung.de\/?post_type=project&#038;p=23420394"},"modified":"2025-12-11T09:56:27","modified_gmt":"2025-12-11T07:56:27","slug":"dr-dr-phd-ucn-johann-lechner","status":"publish","type":"project","link":"https:\/\/die-mundgesundheitsstiftung.de\/en\/project\/dr-dr-phd-ucn-johann-lechner\/","title":{"rendered":"Senator Dr. Dr. (Phd-UCN) Johann Lechner"},"content":{"rendered":"\n[et_pb_section fb_built=&#8221;1&#8243; _builder_version=&#8221;4.16&#8243; _module_preset=&#8221;default&#8221; custom_padding=&#8221;105px|||||&#8221; global_colors_info=&#8221;{}&#8221;][et_pb_row column_structure=&#8221;2_3,1_3&#8243; module_id=&#8221;scroll&#8221; _builder_version=&#8221;4.21.0&#8243; _module_preset=&#8221;default&#8221; global_colors_info=&#8221;{}&#8221;][et_pb_column type=&#8221;2_3&#8243; _builder_version=&#8221;4.16&#8243; _module_preset=&#8221;default&#8221; global_colors_info=&#8221;{}&#8221;][et_pb_text _builder_version=&#8221;4.27.4&#8243; _module_preset=&#8221;default&#8221; text_font=&#8221;|||on|||||&#8221; text_text_color=&#8221;#ffab45&#8243; text_font_size=&#8221;22px&#8221; text_letter_spacing=&#8221;3px&#8221; custom_margin=&#8221;33px||15px||false|false&#8221; text_font_size_tablet=&#8221;20px&#8221; text_font_size_phone=&#8221;15px&#8221; text_font_size_last_edited=&#8221;on|tablet&#8221; locked=&#8221;off&#8221; global_colors_info=&#8221;{}&#8221;]<p><b>Senator im Gesundheitssenat<\/b><\/p>[\/et_pb_text][et_pb_text _builder_version=&#8221;4.27.4&#8243; _module_preset=&#8221;default&#8221; header_2_font=&#8221;|600|||||||&#8221; header_2_text_align=&#8221;left&#8221; header_2_font_size=&#8221;35px&#8221; header_2_line_height=&#8221;1.3em&#8221; hover_enabled=&#8221;0&#8243; header_2_font_size_tablet=&#8221;35px&#8221; header_2_font_size_phone=&#8221;25px&#8221; header_2_font_size_last_edited=&#8221;on|phone&#8221; global_colors_info=&#8221;{}&#8221; custom_margin=&#8221;||0px||false|false&#8221; custom_margin_last_edited=&#8221;on|phone&#8221; sticky_enabled=&#8221;0&#8243; custom_margin_phone=&#8221;||15px||false|false&#8221; custom_margin_tablet=&#8221;||0px||false|false&#8221;]<h2>Dr. Dr. (Phd-UCN) Johann Lechner<\/h2>[\/et_pb_text][et_pb_text _builder_version=&#8221;4.27.4&#8243; _module_preset=&#8221;default&#8221; text_font=&#8221;|||on|||||&#8221; text_text_color=&#8221;#ffab45&#8243; text_font_size=&#8221;15px&#8221; text_letter_spacing=&#8221;3px&#8221; custom_margin=&#8221;||15px||false|false&#8221; hover_enabled=&#8221;0&#8243; locked=&#8221;off&#8221; global_colors_info=&#8221;{}&#8221; sticky_enabled=&#8221;0&#8243;]<p>Praxisklinik f\u00fcr Ganzheitliche ZahnMedizin<\/p>[\/et_pb_text][et_pb_image src=&#8221;https:\/\/die-mundgesundheitsstiftung.de\/media\/2024\/07\/Dr.-Dr.-Phd-UCN-Johann-Lechner-4.png&#8221; title_text=&#8221;Dr. Dr. (Phd-UCN) Johann Lechner (4)&#8221; _builder_version=&#8221;4.24.3&#8243; _module_preset=&#8221;default&#8221; border_radii=&#8221;on|10px|10px|10px|10px&#8221; global_colors_info=&#8221;{}&#8221;][\/et_pb_image][et_pb_text _builder_version=&#8221;4.24.3&#8243; _module_preset=&#8221;default&#8221; global_colors_info=&#8221;{}&#8221;]<table width=\"100%\">\n<thead>\n<tr>\n<th align=\"left\">VITA<\/th>\n<th align=\"left\"><\/th>\n<\/tr>\n<\/thead>\n<tbody>\n<tr>\n<td align=\"left\">1949<\/td>\n<td align=\"left\">verheiratet, 2 Kinder<\/td>\n<\/tr>\n<tr>\n<td align=\"left\"><\/td>\n<td align=\"left\">Studium der Zahnheilkunde in M\u00fcnchen<\/td>\n<\/tr>\n<tr>\n<td align=\"left\">Seit 1980<\/td>\n<td align=\"left\">\n<p>Eigene Praxis in M\u00fcnchen \u2013 T\u00e4tigkeitsschwerpunkt: Integrative, biologische, ganzheitliche Zahnheilkunde.<\/p>\n<p>&nbsp;<\/p>\n<p>Darunter fallen:<\/p>\n<ul>\n<li><b>Zahn\u00e4rztliche St\u00f6rfelddiagnostik<\/b><\/li>\n<li><b>Zahn\u00e4rztliche St\u00f6rfeldsanierung<\/b><\/li>\n<li><b>Metallfreie Vollkeramik-Versorgung und Keramik-Implantate<\/b><\/li>\n<li><b>Amalgamsanierung<\/b><\/li>\n<\/ul>\n<\/td>\n<\/tr>\n<tr>\n<td align=\"left\"><\/td>\n<td align=\"left\">Mehrj\u00e4hriges Vorstandsmitglied in der DAH (Deutsche Arbeitsgemeinschaft f\u00fcr Herd- und Regulationsforschung) und in der GZM (Internationale Gesellschaft f\u00fcr Ganzheitliche Zahnheilkunde). Mehrsprachige Vortrags- und Seminart\u00e4tigkeit (deutsch und englisch) im europ\u00e4ischen In- und Ausland, sowie \u00dcbersee \u00fcber Ganzheitliche Zahnheilkunde.<\/td>\n<\/tr>\n<tr>\n<td align=\"left\">Ab 1996<\/td>\n<td align=\"left\">Einf\u00fchrung des ACCU-Liner<sup>\u00ae<\/sup><span>\u00a0<\/span>Systems zur orthocranialen Prothetik aus den USA nach Deutschland<\/td>\n<\/tr>\n<tr>\n<td align=\"left\">1998<\/td>\n<td align=\"left\">Einf\u00fchrung der Zirkonoxid-CAD\/CAM Technik in Deutschland zur Herstellung und klinischen Anwendung von metallfreien Zahnersatz<\/td>\n<\/tr>\n<tr>\n<td align=\"left\">2002<\/td>\n<td align=\"left\">Verleihung des \u00d6sterreichischen \u00c4rztediploms f\u00fcr Ganzheitliche Zahnmedizin<\/td>\n<\/tr>\n<tr>\n<td align=\"left\">2002<\/td>\n<td align=\"left\">Gastdozent der Capital University of Washington DC<\/td>\n<\/tr>\n<tr>\n<td align=\"left\">2003<\/td>\n<td align=\"left\">Verleihung des Forschungspreises der GZM<\/td>\n<\/tr>\n<tr>\n<td align=\"left\">2003<\/td>\n<td align=\"left\">Berufung zur Lehrt\u00e4tigkeit an der Donau Universit\u00e4t Krems<\/td>\n<\/tr>\n<tr>\n<td align=\"left\"><\/td>\n<td align=\"left\">Bisher sind 13 B\u00fccher und zahlreiche Fachartikel von Dr. J. Lechner erschienen<\/td>\n<\/tr>\n<tr>\n<td align=\"left\"><\/td>\n<td align=\"left\">Der Heilpraktiker\u00a0Dr. J. Lechner<br \/>unter FocoDENT betreut den organischen, psychischen und systemischen Teil der medizinischen Ganzheitsdiagnostik und \u2013therapie<\/td>\n<\/tr>\n<tr>\n<td align=\"left\">12\/2004<\/td>\n<td align=\"left\">Berechtigung zur Aus\u00fcbung der Heilkunde als Heilpraktiker<\/td>\n<\/tr>\n<tr>\n<td align=\"left\">03\/2005<\/td>\n<td align=\"left\">\n<p>Gr\u00fcndung von FocoDent mit den T\u00e4tigkeitschwerpunkten:<\/p>\n<p>&nbsp;<\/p>\n<ul>\n<li>Systemische St\u00f6rfelddiagnose<\/li>\n<li>Ausleitungstherapie und -infusionen\/Detox-Infusionen<\/li>\n<li>Antibiotikafreie Immunmodulation mit\u00a0Ozontherapie<\/li>\n<li>AntiAging-Infusionstherapie<\/li>\n<li>Psycho-emotionales Coaching<\/li>\n<\/ul>\n<\/td>\n<\/tr>\n<tr>\n<td align=\"left\">2008<\/td>\n<td align=\"left\">Patenterteilung auf\u00a0 die ber\u00fchrungslose Informations\u00fcbertragung, die die Basis der Testsysteme MindLINK TEST\u00ae und PrevenTEST\u00ae bilden.\u00a0<\/td>\n<\/tr>\n<\/tbody>\n<\/table>[\/et_pb_text][\/et_pb_column][et_pb_column type=&#8221;1_3&#8243; _builder_version=&#8221;4.21.0&#8243; _module_preset=&#8221;default&#8221; background_color=&#8221;#F5F5F5&#8243; custom_padding=&#8221;40px|30px|40px|30px|true|true&#8221; border_radii=&#8221;on|5px|5px|5px|5px&#8221; global_colors_info=&#8221;{}&#8221;][et_pb_image src=&#8221;https:\/\/die-mundgesundheitsstiftung.de\/media\/2024\/07\/DrLechner_Logo_RGB_NEU.png&#8221; title_text=&#8221;DrLechner_Logo_RGB_NEU&#8221; _builder_version=&#8221;4.24.3&#8243; _module_preset=&#8221;default&#8221; max_width=&#8221;50%&#8221; module_alignment=&#8221;left&#8221; custom_margin=&#8221;-9px|||||&#8221; global_colors_info=&#8221;{}&#8221;][\/et_pb_image][et_pb_divider color=&#8221;rgba(102,102,102,0.1)&#8221; _builder_version=&#8221;4.16&#8243; _module_preset=&#8221;default&#8221; custom_margin=&#8221;||10px||false|false&#8221; locked=&#8221;off&#8221; global_colors_info=&#8221;{}&#8221;][\/et_pb_divider][et_pb_text _builder_version=&#8221;4.20.4&#8243; _module_preset=&#8221;default&#8221; text_text_color=&#8221;#FE5E15&#8243; header_text_color=&#8221;#FE5E15&#8243; header_3_font=&#8221;|600|||||||&#8221; custom_margin=&#8221;||14px|0px|false|false&#8221; locked=&#8221;off&#8221; global_colors_info=&#8221;{}&#8221;]<h3>Ihr zertifizierter Profi<\/h3>[\/et_pb_text][et_pb_image src=&#8221;https:\/\/die-mundgesundheitsstiftung.de\/media\/2024\/07\/Dr.-Dr.-Phd-UCN-Johann-Lechner-.png&#8221; title_text=&#8221;Dr. Dr. (Phd-UCN) Johann Lechner&#8221; _builder_version=&#8221;4.24.3&#8243; _module_preset=&#8221;default&#8221; max_width=&#8221;59%&#8221; module_alignment=&#8221;left&#8221; border_radii=&#8221;on|123px|123px|123px|123px&#8221; global_colors_info=&#8221;{}&#8221;][\/et_pb_image][et_pb_blurb title=&#8221;Dr. Dr. (Phd-UCN) Johann Lechner&#8221; icon_placement=&#8221;left&#8221; image_icon_width=&#8221;15px&#8221; _builder_version=&#8221;4.24.3&#8243; _module_preset=&#8221;default&#8221; header_font=&#8221;Allison|700|||||||&#8221; header_text_color=&#8221;#666666&#8243; header_font_size=&#8221;42px&#8221; body_line_height=&#8221;1em&#8221; custom_margin=&#8221;||10px|5px|false|false&#8221; custom_css_blurb_title=&#8221;margin-left: -20px !important;&#8221; global_colors_info=&#8221;{}&#8221;][\/et_pb_blurb][et_pb_divider color=&#8221;rgba(102,102,102,0.1)&#8221; _builder_version=&#8221;4.16&#8243; _module_preset=&#8221;default&#8221; custom_margin=&#8221;||10px||false|false&#8221; locked=&#8221;off&#8221; global_colors_info=&#8221;{}&#8221;][\/et_pb_divider][et_pb_text _builder_version=&#8221;4.20.4&#8243; _module_preset=&#8221;default&#8221; text_text_color=&#8221;#FE5E15&#8243; header_text_color=&#8221;#FE5E15&#8243; header_3_font=&#8221;|600|||||||&#8221; custom_margin=&#8221;||14px|0px|false|false&#8221; locked=&#8221;off&#8221; global_colors_info=&#8221;{}&#8221;]<h3>Kontaktdaten<\/h3>[\/et_pb_text][et_pb_blurb title=&#8221;Tel.: +49 89 697 00 55&#8243; icon_placement=&#8221;left&#8221; image_icon_width=&#8221;15px&#8221; _builder_version=&#8221;4.24.3&#8243; _module_preset=&#8221;default&#8221; header_font=&#8221;Mulish||||||||&#8221; header_text_color=&#8221;#666666&#8243; header_font_size=&#8221;14px&#8221; body_line_height=&#8221;1em&#8221; custom_margin=&#8221;||10px|5px|false|false&#8221; custom_css_blurb_title=&#8221;margin-left: -20px !important;&#8221; locked=&#8221;off&#8221; global_colors_info=&#8221;{}&#8221;][\/et_pb_blurb][et_pb_blurb title=&#8221;E-Mail: praxis@dr-lechner.de&#8221; icon_placement=&#8221;left&#8221; image_icon_width=&#8221;15px&#8221; _builder_version=&#8221;4.24.3&#8243; _module_preset=&#8221;default&#8221; header_font=&#8221;Mulish||||||||&#8221; header_text_color=&#8221;#666666&#8243; header_font_size=&#8221;14px&#8221; body_line_height=&#8221;1em&#8221; custom_margin=&#8221;||10px|5px|false|false&#8221; custom_css_blurb_title=&#8221;margin-left: -20px !important;&#8221; global_colors_info=&#8221;{}&#8221;][\/et_pb_blurb][et_pb_blurb title=&#8221;Web: www.dr-lechner.de&#8221; icon_placement=&#8221;left&#8221; image_icon_width=&#8221;15px&#8221; _builder_version=&#8221;4.24.3&#8243; _module_preset=&#8221;default&#8221; header_font=&#8221;Mulish||||||||&#8221; header_text_color=&#8221;#666666&#8243; header_font_size=&#8221;14px&#8221; body_line_height=&#8221;1em&#8221; custom_margin=&#8221;||10px|5px|false|false&#8221; custom_css_blurb_title=&#8221;margin-left: -20px !important;&#8221; global_colors_info=&#8221;{}&#8221;][\/et_pb_blurb][et_pb_blurb title=&#8221;Adresse: Gr\u00fcnwalder Stra\u00dfe 10a, 81547 M\u00fcnchen&#8221; icon_placement=&#8221;left&#8221; image_icon_width=&#8221;15px&#8221; _builder_version=&#8221;4.24.3&#8243; _module_preset=&#8221;default&#8221; header_font=&#8221;Mulish||||||||&#8221; header_text_color=&#8221;#666666&#8243; header_font_size=&#8221;14px&#8221; body_line_height=&#8221;1em&#8221; custom_margin=&#8221;||10px|5px|false|false&#8221; custom_css_blurb_title=&#8221;margin-left: -20px !important;&#8221; global_colors_info=&#8221;{}&#8221;][\/et_pb_blurb][et_pb_divider color=&#8221;rgba(102,102,102,0.1)&#8221; _builder_version=&#8221;4.16&#8243; _module_preset=&#8221;default&#8221; custom_margin=&#8221;||10px||false|false&#8221; locked=&#8221;off&#8221; global_colors_info=&#8221;{}&#8221;][\/et_pb_divider][\/et_pb_column][\/et_pb_row][et_pb_row _builder_version=&#8221;4.16&#8243; _module_preset=&#8221;default&#8221; custom_padding=&#8221;||0px||false|false&#8221; locked=&#8221;off&#8221; global_colors_info=&#8221;{}&#8221;][et_pb_column type=&#8221;4_4&#8243; _builder_version=&#8221;4.16&#8243; _module_preset=&#8221;default&#8221; global_colors_info=&#8221;{}&#8221;][et_pb_text _builder_version=&#8221;4.20.4&#8243; _module_preset=&#8221;default&#8221; header_2_font=&#8221;|600|||||||&#8221; header_2_text_align=&#8221;center&#8221; header_2_font_size=&#8221;35px&#8221; header_2_line_height=&#8221;1.3em&#8221; width_tablet=&#8221;450px&#8221; width_phone=&#8221;100%&#8221; width_last_edited=&#8221;on|tablet&#8221; module_alignment=&#8221;center&#8221; header_2_font_size_tablet=&#8221;35px&#8221; header_2_font_size_phone=&#8221;25px&#8221; header_2_font_size_last_edited=&#8221;on|desktop&#8221; locked=&#8221;off&#8221; global_colors_info=&#8221;{}&#8221;]<h2>Impressionen aus der Praxis<\/h2>[\/et_pb_text][\/et_pb_column][\/et_pb_row][et_pb_row column_structure=&#8221;1_3,1_3,1_3&#8243; _builder_version=&#8221;4.20.4&#8243; _module_preset=&#8221;default&#8221; global_colors_info=&#8221;{}&#8221;][et_pb_column type=&#8221;1_3&#8243; _builder_version=&#8221;4.20.4&#8243; _module_preset=&#8221;default&#8221; global_colors_info=&#8221;{}&#8221;][et_pb_image src=&#8221;https:\/\/die-mundgesundheitsstiftung.de\/media\/2024\/07\/Dr.-Dr.-Phd-UCN-Johann-Lechner-3.png&#8221; title_text=&#8221;Dr. Dr. (Phd-UCN) Johann Lechner (3)&#8221; _builder_version=&#8221;4.24.3&#8243; _module_preset=&#8221;default&#8221; global_colors_info=&#8221;{}&#8221;][\/et_pb_image][\/et_pb_column][et_pb_column type=&#8221;1_3&#8243; _builder_version=&#8221;4.20.4&#8243; _module_preset=&#8221;default&#8221; global_colors_info=&#8221;{}&#8221;][et_pb_image src=&#8221;https:\/\/die-mundgesundheitsstiftung.de\/media\/2024\/07\/Dr.-Dr.-Phd-UCN-Johann-Lechner-1.png&#8221; title_text=&#8221;Dr. Dr. (Phd-UCN) Johann Lechner (1)&#8221; _builder_version=&#8221;4.24.3&#8243; _module_preset=&#8221;default&#8221; global_colors_info=&#8221;{}&#8221;][\/et_pb_image][\/et_pb_column][et_pb_column type=&#8221;1_3&#8243; _builder_version=&#8221;4.20.4&#8243; _module_preset=&#8221;default&#8221; global_colors_info=&#8221;{}&#8221;][et_pb_image src=&#8221;https:\/\/die-mundgesundheitsstiftung.de\/media\/2024\/07\/Dr.-Dr.-Phd-UCN-Johann-Lechner-2.png&#8221; title_text=&#8221;Dr. Dr. (Phd-UCN) Johann Lechner (2)&#8221; _builder_version=&#8221;4.24.3&#8243; _module_preset=&#8221;default&#8221; global_colors_info=&#8221;{}&#8221;][\/et_pb_image][\/et_pb_column][\/et_pb_row][\/et_pb_section]\n","protected":false},"excerpt":{"rendered":"<p>Senator im GesundheitssenatDr. Dr. (Phd-UCN) Johann LechnerPraxisklinik f\u00fcr Ganzheitliche ZahnMedizin VITA 1949 verheiratet, 2 Kinder Studium der Zahnheilkunde in M\u00fcnchen Seit 1980 Eigene Praxis in M\u00fcnchen \u2013 T\u00e4tigkeitsschwerpunkt: Integrative, biologische, ganzheitliche Zahnheilkunde. &nbsp; Darunter fallen: Zahn\u00e4rztliche St\u00f6rfelddiagnostik Zahn\u00e4rztliche St\u00f6rfeldsanierung Metallfreie Vollkeramik-Versorgung und Keramik-Implantate Amalgamsanierung Mehrj\u00e4hriges Vorstandsmitglied in der DAH (Deutsche Arbeitsgemeinschaft f\u00fcr Herd- und Regulationsforschung) [&hellip;]<\/p>\n","protected":false},"author":8,"featured_media":23420395,"comment_status":"open","ping_status":"closed","template":"","meta":{"_et_pb_use_builder":"on","_et_pb_old_content":"","_et_gb_content_width":"","footnotes":""},"project_category":[75],"project_tag":[],"class_list":["post-23420394","project","type-project","status-publish","has-post-thumbnail","hentry","project_category-senatoren"],"yoast_head":"<!-- This site is optimized with the Yoast SEO plugin v27.4 - https:\/\/yoast.com\/product\/yoast-seo-wordpress\/ -->\n<title>Senator Dr. Dr. (Phd-UCN) Johann Lechner - DMS Deutsche Mundgesundheitsstiftung<\/title>\n<meta name=\"robots\" content=\"index, follow, max-snippet:-1, max-image-preview:large, max-video-preview:-1\" \/>\n<link rel=\"canonical\" href=\"https:\/\/die-mundgesundheitsstiftung.de\/en\/project\/dr-dr-phd-ucn-johann-lechner\/\" \/>\n<meta property=\"og:locale\" content=\"en_US\" \/>\n<meta property=\"og:type\" content=\"article\" \/>\n<meta property=\"og:title\" content=\"Senator Dr. Dr. (Phd-UCN) Johann Lechner - DMS Deutsche Mundgesundheitsstiftung\" \/>\n<meta property=\"og:description\" content=\"Senator im GesundheitssenatDr. Dr. (Phd-UCN) Johann LechnerPraxisklinik f\u00fcr Ganzheitliche ZahnMedizin VITA 1949 verheiratet, 2 Kinder Studium der Zahnheilkunde in M\u00fcnchen Seit 1980 Eigene Praxis in M\u00fcnchen \u2013 T\u00e4tigkeitsschwerpunkt: Integrative, biologische, ganzheitliche Zahnheilkunde. &nbsp; Darunter fallen: Zahn\u00e4rztliche St\u00f6rfelddiagnostik Zahn\u00e4rztliche St\u00f6rfeldsanierung Metallfreie Vollkeramik-Versorgung und Keramik-Implantate Amalgamsanierung Mehrj\u00e4hriges Vorstandsmitglied in der DAH (Deutsche Arbeitsgemeinschaft f\u00fcr Herd- und Regulationsforschung) [&hellip;]\" \/>\n<meta property=\"og:url\" content=\"https:\/\/die-mundgesundheitsstiftung.de\/en\/project\/dr-dr-phd-ucn-johann-lechner\/\" \/>\n<meta property=\"og:site_name\" content=\"DMS Deutsche Mundgesundheitsstiftung\" \/>\n<meta property=\"article:modified_time\" content=\"2025-12-11T07:56:27+00:00\" \/>\n<meta property=\"og:image\" content=\"https:\/\/die-mundgesundheitsstiftung.de\/media\/2024\/07\/Dr.-Dr.-Phd-UCN-Johann-Lechner-.png\" \/>\n\t<meta property=\"og:image:width\" content=\"250\" \/>\n\t<meta property=\"og:image:height\" content=\"250\" \/>\n\t<meta property=\"og:image:type\" content=\"image\/png\" \/>\n<meta name=\"twitter:card\" content=\"summary_large_image\" \/>\n<meta name=\"twitter:label1\" content=\"Est. reading time\" \/>\n\t<meta name=\"twitter:data1\" content=\"3 minutes\" \/>\n<script type=\"application\/ld+json\" class=\"yoast-schema-graph\">{\"@context\":\"https:\\\/\\\/schema.org\",\"@graph\":[{\"@type\":\"WebPage\",\"@id\":\"https:\\\/\\\/die-mundgesundheitsstiftung.de\\\/project\\\/dr-dr-phd-ucn-johann-lechner\\\/\",\"url\":\"https:\\\/\\\/die-mundgesundheitsstiftung.de\\\/project\\\/dr-dr-phd-ucn-johann-lechner\\\/\",\"name\":\"Senator Dr. Dr. (Phd-UCN) Johann Lechner - DMS Deutsche Mundgesundheitsstiftung\",\"isPartOf\":{\"@id\":\"https:\\\/\\\/die-mundgesundheitsstiftung.de\\\/#website\"},\"primaryImageOfPage\":{\"@id\":\"https:\\\/\\\/die-mundgesundheitsstiftung.de\\\/project\\\/dr-dr-phd-ucn-johann-lechner\\\/#primaryimage\"},\"image\":{\"@id\":\"https:\\\/\\\/die-mundgesundheitsstiftung.de\\\/project\\\/dr-dr-phd-ucn-johann-lechner\\\/#primaryimage\"},\"thumbnailUrl\":\"https:\\\/\\\/die-mundgesundheitsstiftung.de\\\/wp-content\\\/uploads\\\/2024\\\/07\\\/Dr.-Dr.-Phd-UCN-Johann-Lechner-.png\",\"datePublished\":\"2024-07-05T12:01:13+00:00\",\"dateModified\":\"2025-12-11T07:56:27+00:00\",\"breadcrumb\":{\"@id\":\"https:\\\/\\\/die-mundgesundheitsstiftung.de\\\/project\\\/dr-dr-phd-ucn-johann-lechner\\\/#breadcrumb\"},\"inLanguage\":\"en-US\",\"potentialAction\":[{\"@type\":\"ReadAction\",\"target\":[\"https:\\\/\\\/die-mundgesundheitsstiftung.de\\\/project\\\/dr-dr-phd-ucn-johann-lechner\\\/\"]}]},{\"@type\":\"ImageObject\",\"inLanguage\":\"en-US\",\"@id\":\"https:\\\/\\\/die-mundgesundheitsstiftung.de\\\/project\\\/dr-dr-phd-ucn-johann-lechner\\\/#primaryimage\",\"url\":\"https:\\\/\\\/die-mundgesundheitsstiftung.de\\\/wp-content\\\/uploads\\\/2024\\\/07\\\/Dr.-Dr.-Phd-UCN-Johann-Lechner-.png\",\"contentUrl\":\"https:\\\/\\\/die-mundgesundheitsstiftung.de\\\/wp-content\\\/uploads\\\/2024\\\/07\\\/Dr.-Dr.-Phd-UCN-Johann-Lechner-.png\",\"width\":250,\"height\":250,\"caption\":\"Dr. Dr. (Phd-UCN) Johann Lechner\"},{\"@type\":\"BreadcrumbList\",\"@id\":\"https:\\\/\\\/die-mundgesundheitsstiftung.de\\\/project\\\/dr-dr-phd-ucn-johann-lechner\\\/#breadcrumb\",\"itemListElement\":[{\"@type\":\"ListItem\",\"position\":1,\"name\":\"Startseite\",\"item\":\"https:\\\/\\\/die-mundgesundheitsstiftung.de\\\/\"},{\"@type\":\"ListItem\",\"position\":2,\"name\":\"Projekte\",\"item\":\"https:\\\/\\\/die-mundgesundheitsstiftung.de\\\/project\\\/\"},{\"@type\":\"ListItem\",\"position\":3,\"name\":\"Senator Dr. Dr. (Phd-UCN) Johann Lechner\"}]},{\"@type\":\"WebSite\",\"@id\":\"https:\\\/\\\/die-mundgesundheitsstiftung.de\\\/#website\",\"url\":\"https:\\\/\\\/die-mundgesundheitsstiftung.de\\\/\",\"name\":\"DMS Deutsche Mundgesundheitsstiftung\",\"description\":\"DMS Deutsche Mundgesundheitsstiftung\",\"potentialAction\":[{\"@type\":\"SearchAction\",\"target\":{\"@type\":\"EntryPoint\",\"urlTemplate\":\"https:\\\/\\\/die-mundgesundheitsstiftung.de\\\/?s={search_term_string}\"},\"query-input\":{\"@type\":\"PropertyValueSpecification\",\"valueRequired\":true,\"valueName\":\"search_term_string\"}}],\"inLanguage\":\"en-US\"}]}<\/script>\n<!-- \/ Yoast SEO plugin. -->","yoast_head_json":{"title":"Senator Dr. Dr. (Phd-UCN) Johann Lechner - DMS Deutsche Mundgesundheitsstiftung","robots":{"index":"index","follow":"follow","max-snippet":"max-snippet:-1","max-image-preview":"max-image-preview:large","max-video-preview":"max-video-preview:-1"},"canonical":"https:\/\/die-mundgesundheitsstiftung.de\/en\/project\/dr-dr-phd-ucn-johann-lechner\/","og_locale":"en_US","og_type":"article","og_title":"Senator Dr. Dr. (Phd-UCN) Johann Lechner - DMS Deutsche Mundgesundheitsstiftung","og_description":"Senator im GesundheitssenatDr. Dr. (Phd-UCN) Johann LechnerPraxisklinik f\u00fcr Ganzheitliche ZahnMedizin VITA 1949 verheiratet, 2 Kinder Studium der Zahnheilkunde in M\u00fcnchen Seit 1980 Eigene Praxis in M\u00fcnchen \u2013 T\u00e4tigkeitsschwerpunkt: Integrative, biologische, ganzheitliche Zahnheilkunde. &nbsp; Darunter fallen: Zahn\u00e4rztliche St\u00f6rfelddiagnostik Zahn\u00e4rztliche St\u00f6rfeldsanierung Metallfreie Vollkeramik-Versorgung und Keramik-Implantate Amalgamsanierung Mehrj\u00e4hriges Vorstandsmitglied in der DAH (Deutsche Arbeitsgemeinschaft f\u00fcr Herd- und Regulationsforschung) [&hellip;]","og_url":"https:\/\/die-mundgesundheitsstiftung.de\/en\/project\/dr-dr-phd-ucn-johann-lechner\/","og_site_name":"DMS Deutsche Mundgesundheitsstiftung","article_modified_time":"2025-12-11T07:56:27+00:00","og_image":[{"width":250,"height":250,"url":"https:\/\/die-mundgesundheitsstiftung.de\/media\/2024\/07\/Dr.-Dr.-Phd-UCN-Johann-Lechner-.png","type":"image\/png"}],"twitter_card":"summary_large_image","twitter_misc":{"Est. reading time":"3 minutes"},"schema":{"@context":"https:\/\/schema.org","@graph":[{"@type":"WebPage","@id":"https:\/\/die-mundgesundheitsstiftung.de\/project\/dr-dr-phd-ucn-johann-lechner\/","url":"https:\/\/die-mundgesundheitsstiftung.de\/project\/dr-dr-phd-ucn-johann-lechner\/","name":"Senator Dr. Dr. (Phd-UCN) Johann Lechner - DMS Deutsche Mundgesundheitsstiftung","isPartOf":{"@id":"https:\/\/die-mundgesundheitsstiftung.de\/#website"},"primaryImageOfPage":{"@id":"https:\/\/die-mundgesundheitsstiftung.de\/project\/dr-dr-phd-ucn-johann-lechner\/#primaryimage"},"image":{"@id":"https:\/\/die-mundgesundheitsstiftung.de\/project\/dr-dr-phd-ucn-johann-lechner\/#primaryimage"},"thumbnailUrl":"https:\/\/die-mundgesundheitsstiftung.de\/media\/2024\/07\/Dr.-Dr.-Phd-UCN-Johann-Lechner-.png","datePublished":"2024-07-05T12:01:13+00:00","dateModified":"2025-12-11T07:56:27+00:00","breadcrumb":{"@id":"https:\/\/die-mundgesundheitsstiftung.de\/project\/dr-dr-phd-ucn-johann-lechner\/#breadcrumb"},"inLanguage":"en-US","potentialAction":[{"@type":"ReadAction","target":["https:\/\/die-mundgesundheitsstiftung.de\/project\/dr-dr-phd-ucn-johann-lechner\/"]}]},{"@type":"ImageObject","inLanguage":"en-US","@id":"https:\/\/die-mundgesundheitsstiftung.de\/project\/dr-dr-phd-ucn-johann-lechner\/#primaryimage","url":"https:\/\/die-mundgesundheitsstiftung.de\/media\/2024\/07\/Dr.-Dr.-Phd-UCN-Johann-Lechner-.png","contentUrl":"https:\/\/die-mundgesundheitsstiftung.de\/media\/2024\/07\/Dr.-Dr.-Phd-UCN-Johann-Lechner-.png","width":250,"height":250,"caption":"Dr. Dr. (Phd-UCN) Johann Lechner"},{"@type":"BreadcrumbList","@id":"https:\/\/die-mundgesundheitsstiftung.de\/project\/dr-dr-phd-ucn-johann-lechner\/#breadcrumb","itemListElement":[{"@type":"ListItem","position":1,"name":"Startseite","item":"https:\/\/die-mundgesundheitsstiftung.de\/"},{"@type":"ListItem","position":2,"name":"Projekte","item":"https:\/\/die-mundgesundheitsstiftung.de\/project\/"},{"@type":"ListItem","position":3,"name":"Senator Dr. Dr. (Phd-UCN) Johann Lechner"}]},{"@type":"WebSite","@id":"https:\/\/die-mundgesundheitsstiftung.de\/#website","url":"https:\/\/die-mundgesundheitsstiftung.de\/","name":"DMS Deutsche Mundgesundheitsstiftung","description":"DMS Deutsche Mundgesundheitsstiftung","potentialAction":[{"@type":"SearchAction","target":{"@type":"EntryPoint","urlTemplate":"https:\/\/die-mundgesundheitsstiftung.de\/?s={search_term_string}"},"query-input":{"@type":"PropertyValueSpecification","valueRequired":true,"valueName":"search_term_string"}}],"inLanguage":"en-US"}]}},"_links":{"self":[{"href":"https:\/\/die-mundgesundheitsstiftung.de\/en\/wp-json\/wp\/v2\/project\/23420394","targetHints":{"allow":["GET"]}}],"collection":[{"href":"https:\/\/die-mundgesundheitsstiftung.de\/en\/wp-json\/wp\/v2\/project"}],"about":[{"href":"https:\/\/die-mundgesundheitsstiftung.de\/en\/wp-json\/wp\/v2\/types\/project"}],"author":[{"embeddable":true,"href":"https:\/\/die-mundgesundheitsstiftung.de\/en\/wp-json\/wp\/v2\/users\/8"}],"replies":[{"embeddable":true,"href":"https:\/\/die-mundgesundheitsstiftung.de\/en\/wp-json\/wp\/v2\/comments?post=23420394"}],"version-history":[{"count":8,"href":"https:\/\/die-mundgesundheitsstiftung.de\/en\/wp-json\/wp\/v2\/project\/23420394\/revisions"}],"predecessor-version":[{"id":27587213,"href":"https:\/\/die-mundgesundheitsstiftung.de\/en\/wp-json\/wp\/v2\/project\/23420394\/revisions\/27587213"}],"wp:featuredmedia":[{"embeddable":true,"href":"https:\/\/die-mundgesundheitsstiftung.de\/en\/wp-json\/wp\/v2\/media\/23420395"}],"wp:attachment":[{"href":"https:\/\/die-mundgesundheitsstiftung.de\/en\/wp-json\/wp\/v2\/media?parent=23420394"}],"wp:term":[{"taxonomy":"project_category","embeddable":true,"href":"https:\/\/die-mundgesundheitsstiftung.de\/en\/wp-json\/wp\/v2\/project_category?post=23420394"},{"taxonomy":"project_tag","embeddable":true,"href":"https:\/\/die-mundgesundheitsstiftung.de\/en\/wp-json\/wp\/v2\/project_tag?post=23420394"}],"curies":[{"name":"wp","href":"https:\/\/api.w.org\/{rel}","templated":true}]}}