{"id":23420430,"date":"2024-07-08T16:15:40","date_gmt":"2024-07-08T14:15:40","guid":{"rendered":"https:\/\/die-mundgesundheitsstiftung.de\/?post_type=project&#038;p=23420430"},"modified":"2025-12-11T09:55:24","modified_gmt":"2025-12-11T07:55:24","slug":"dr-carmen-veronika-gaebler-wolfrum","status":"publish","type":"project","link":"https:\/\/die-mundgesundheitsstiftung.de\/en\/project\/dr-carmen-veronika-gaebler-wolfrum\/","title":{"rendered":"Senatorin Dr. Carmen-Veronika Gaebler-Wolfrum"},"content":{"rendered":"\n[et_pb_section fb_built=&#8221;1&#8243; _builder_version=&#8221;4.16&#8243; _module_preset=&#8221;default&#8221; custom_padding=&#8221;105px|||||&#8221; global_colors_info=&#8221;{}&#8221;][et_pb_row column_structure=&#8221;2_3,1_3&#8243; module_id=&#8221;scroll&#8221; _builder_version=&#8221;4.21.0&#8243; _module_preset=&#8221;default&#8221; global_colors_info=&#8221;{}&#8221;][et_pb_column type=&#8221;2_3&#8243; _builder_version=&#8221;4.16&#8243; _module_preset=&#8221;default&#8221; global_colors_info=&#8221;{}&#8221;][et_pb_text _builder_version=&#8221;4.27.4&#8243; _module_preset=&#8221;default&#8221; text_font=&#8221;|||on|||||&#8221; text_text_color=&#8221;#ffab45&#8243; text_font_size=&#8221;22px&#8221; text_letter_spacing=&#8221;3px&#8221; custom_margin=&#8221;33px||15px||false|false&#8221; hover_enabled=&#8221;0&#8243; text_font_size_tablet=&#8221;20px&#8221; text_font_size_phone=&#8221;15px&#8221; text_font_size_last_edited=&#8221;on|tablet&#8221; locked=&#8221;off&#8221; global_colors_info=&#8221;{}&#8221; sticky_enabled=&#8221;0&#8243;]<p><b>Senatorin im Gesundheitssenat<\/b><\/p>[\/et_pb_text][et_pb_text _builder_version=&#8221;4.27.4&#8243; _module_preset=&#8221;default&#8221; header_2_font=&#8221;|600|||||||&#8221; header_2_text_align=&#8221;left&#8221; header_2_font_size=&#8221;35px&#8221; header_2_line_height=&#8221;1.3em&#8221; hover_enabled=&#8221;0&#8243; header_2_font_size_tablet=&#8221;35px&#8221; header_2_font_size_phone=&#8221;25px&#8221; header_2_font_size_last_edited=&#8221;on|phone&#8221; global_colors_info=&#8221;{}&#8221; custom_margin=&#8221;||0px||false|false&#8221; custom_margin_last_edited=&#8221;on|phone&#8221; sticky_enabled=&#8221;0&#8243; custom_margin_phone=&#8221;||15px||false|false&#8221; custom_margin_tablet=&#8221;||0px||false|false&#8221;]<h2>Dr. med. dent. Carmen-Veronika Gaebler-Wolfrum<\/h2>[\/et_pb_text][et_pb_text _builder_version=&#8221;4.27.4&#8243; _module_preset=&#8221;default&#8221; text_font=&#8221;|||on|||||&#8221; text_text_color=&#8221;#ffab45&#8243; text_font_size=&#8221;15px&#8221; text_letter_spacing=&#8221;3px&#8221; custom_margin=&#8221;||15px||false|false&#8221; hover_enabled=&#8221;0&#8243; locked=&#8221;off&#8221; global_colors_info=&#8221;{}&#8221; sticky_enabled=&#8221;0&#8243;]<p>Art &amp; Dentistry Zahnarztpraxis<\/p>[\/et_pb_text][et_pb_image src=&#8221;https:\/\/die-mundgesundheitsstiftung.de\/media\/2024\/07\/Dr.-med.-dent.-Carmen-Veronika-Gaebler-Wolfrum-3.png&#8221; title_text=&#8221;Dr. med. dent. Carmen-Veronika Gaebler-Wolfrum (3)&#8221; disabled_on=&#8221;on|on|on&#8221; _builder_version=&#8221;4.24.3&#8243; _module_preset=&#8221;default&#8221; border_radii=&#8221;on|10px|10px|10px|10px&#8221; disabled=&#8221;on&#8221; global_colors_info=&#8221;{}&#8221;][\/et_pb_image][et_pb_text _builder_version=&#8221;4.27.0&#8243; _module_preset=&#8221;default&#8221; global_colors_info=&#8221;{}&#8221;]<p><strong>Vita<\/strong><\/p>\n<p>Langj\u00e4hrige Erfahrung (35 Jahre Zahnheilkunde), ein breites Wissensspektrum und umfassende Expertise in den Bereichen sanfte Laserzahnheilkunde und \u00c4sthetik gew\u00e4hrleisten Ihnen hochprofessionelle zahnmedizinische L\u00f6sungen und bestm\u00f6glichen Therapieerfolg.<\/p>\n<p>Dr. med. dent. Carmen Gaebler-Wolfrum<\/p>\n<p>Spezialistin f\u00fcr sanfte Laserzahnheilkunde und \u00c4sthetik<br \/>Mastership of Lasers in Dentistry<br \/>Praxisinhaberin<\/p>\n<p>2013 \u2013 2014 Mastership of Lasers in Dentistry (Berufsbegleitender Masterstudiengang \u201cLasers in Dentistry\u201d RWTH Aachen University)<br \/>Bis heute Absolvierung umfangreicher Fortbildungen auf allen Gebieten der Zahnheilkunde<br \/>Kurse bei namhaften Kollegen wie Prof. Dr. Moritz, Prof. Dr. Gutknecht, Dr. Lang, Dr. Lindhe, Dr. Hoffmann und Prof. Dr. Gutowski<\/p>\n<p>Seit 2000 Spezialisierung im Bereich \u00c4sthetik<br \/>Seit 1996 Spezialisierung im Bereich sanfte Lasertherapie<\/p>\n<p>1981: Niederlassung in eigener Praxis<br \/>1978 \u2013 1980 Assistenz\u00e4rztin in F\u00fcrth<br \/>1978: Promotion zum Dr. med. dent<br \/>1972 \u2013 1978 : Zahnmedizinisches Studium an der Universit\u00e4t Erlangen<\/p>\n<p>Mitglied in wissenschaftlichen Fachgesellschaften:<\/p>\n<p>\u00a7<span>\u00a0<\/span><a href=\"https:\/\/www.dgcz.org\/\">DGCZ<\/a><span>\u00a0<\/span>(Deutsche Gesellschaft f\u00fcr computergesteuerte Zahnmedizin), Mitgliedschaft seit 2010<\/p>\n<p>\u00a7<span>\u00a0<\/span><a href=\"https:\/\/www.dgzmk.de\/\">DGZMK<span>\u00a0<\/span><\/a>(Deutsche Gesellschaft f\u00fcr Zahn-, Mund- und Kieferheilkunde)<\/p>\n<p>\u00a7<span>\u00a0<\/span><a href=\"https:\/\/dgl-online.de\/\">DGL<\/a><span>\u00a0<\/span>(Deutsche Gesellschaft f\u00fcr Laserzahnheilkunde)<\/p>\n<p>\u00a7<span>\u00a0<\/span><a href=\"https:\/\/www.dgpzm.de\/\">DGPZM<\/a><span>\u00a0<\/span>(Deutsche Gesellschaft f\u00fcr Pr\u00e4ventivzahnmedizin e.V.)<\/p>\n<p>\u00a7<span>\u00a0<\/span><a href=\"https:\/\/www.dgaez.de\/\">DG\u00c4Z<\/a><span>\u00a0<\/span>(Deutsche Gesellschaft\u00a0f\u00fcr \u00c4sthetische Zahnmedizin e. V.)<\/p>\n<p>Zahlreiche Fortbildungsaufenthalte im In- und Ausland seit 2003<\/p>[\/et_pb_text][\/et_pb_column][et_pb_column type=&#8221;1_3&#8243; _builder_version=&#8221;4.21.0&#8243; _module_preset=&#8221;default&#8221; background_color=&#8221;#F5F5F5&#8243; custom_padding=&#8221;40px|30px|40px|30px|true|true&#8221; border_radii=&#8221;on|5px|5px|5px|5px&#8221; global_colors_info=&#8221;{}&#8221;][et_pb_image src=&#8221;https:\/\/die-mundgesundheitsstiftung.de\/media\/2024\/07\/Screenshot-2024-07-08-162131.png&#8221; title_text=&#8221;Screenshot 2024-07-08 162131&#8243; _builder_version=&#8221;4.27.0&#8243; _module_preset=&#8221;default&#8221; max_width=&#8221;68%&#8221; module_alignment=&#8221;left&#8221; custom_margin=&#8221;-9px|||||&#8221; global_colors_info=&#8221;{}&#8221;][\/et_pb_image][et_pb_divider color=&#8221;rgba(102,102,102,0.1)&#8221; _builder_version=&#8221;4.16&#8243; _module_preset=&#8221;default&#8221; custom_margin=&#8221;||10px||false|false&#8221; locked=&#8221;off&#8221; global_colors_info=&#8221;{}&#8221;][\/et_pb_divider][et_pb_text _builder_version=&#8221;4.20.4&#8243; _module_preset=&#8221;default&#8221; text_text_color=&#8221;#FE5E15&#8243; header_text_color=&#8221;#FE5E15&#8243; header_3_font=&#8221;|600|||||||&#8221; custom_margin=&#8221;||14px|0px|false|false&#8221; locked=&#8221;off&#8221; global_colors_info=&#8221;{}&#8221;]<h3>Ihr zertifizierter Profi<\/h3>[\/et_pb_text][et_pb_image src=&#8221;https:\/\/die-mundgesundheitsstiftung.de\/media\/2024\/07\/Dr.-med.-dent.-Carmen-Veronika-Gaebler-Wolfrum.png&#8221; title_text=&#8221;Dr. med. dent. Carmen-Veronika Gaebler-Wolfrum&#8221; _builder_version=&#8221;4.24.3&#8243; _module_preset=&#8221;default&#8221; max_width=&#8221;59%&#8221; module_alignment=&#8221;left&#8221; border_radii=&#8221;on|123px|123px|123px|123px&#8221; global_colors_info=&#8221;{}&#8221;][\/et_pb_image][et_pb_blurb title=&#8221;Dr. med. dent. Carmen-Veronika Gaebler-Wolfrum&#8221; icon_placement=&#8221;left&#8221; image_icon_width=&#8221;15px&#8221; _builder_version=&#8221;4.27.0&#8243; _module_preset=&#8221;default&#8221; header_font=&#8221;|700|||||||&#8221; header_text_color=&#8221;#666666&#8243; header_font_size=&#8221;26px&#8221; body_line_height=&#8221;1em&#8221; custom_margin=&#8221;||10px|5px|false|false&#8221; custom_css_blurb_title=&#8221;margin-left: -20px !important;&#8221; global_colors_info=&#8221;{}&#8221;][\/et_pb_blurb][et_pb_divider color=&#8221;rgba(102,102,102,0.1)&#8221; _builder_version=&#8221;4.16&#8243; _module_preset=&#8221;default&#8221; custom_margin=&#8221;||10px||false|false&#8221; locked=&#8221;off&#8221; global_colors_info=&#8221;{}&#8221;][\/et_pb_divider][et_pb_text _builder_version=&#8221;4.20.4&#8243; _module_preset=&#8221;default&#8221; text_text_color=&#8221;#FE5E15&#8243; header_text_color=&#8221;#FE5E15&#8243; header_3_font=&#8221;|600|||||||&#8221; custom_margin=&#8221;||14px|0px|false|false&#8221; locked=&#8221;off&#8221; global_colors_info=&#8221;{}&#8221;]<h3>Kontaktdaten<\/h3>[\/et_pb_text][et_pb_blurb title=&#8221;Tel.: 09270 5333&#8243; url=&#8221;tel:+499270%205333&#8243; icon_placement=&#8221;left&#8221; image_icon_width=&#8221;15px&#8221; _builder_version=&#8221;4.27.0&#8243; _module_preset=&#8221;default&#8221; header_font=&#8221;Mulish||||||||&#8221; header_text_color=&#8221;#666666&#8243; header_font_size=&#8221;14px&#8221; body_line_height=&#8221;1em&#8221; custom_margin=&#8221;||10px|5px|false|false&#8221; custom_css_blurb_title=&#8221;margin-left: -20px !important;&#8221; locked=&#8221;off&#8221; global_colors_info=&#8221;{}&#8221;][\/et_pb_blurb][et_pb_blurb title=&#8221;E-Mail: info@zahnarztpraxis-dr-wolfrum.de &#8221; icon_placement=&#8221;left&#8221; image_icon_width=&#8221;15px&#8221; _builder_version=&#8221;4.27.0&#8243; _module_preset=&#8221;default&#8221; header_font=&#8221;Mulish||||||||&#8221; header_text_color=&#8221;#666666&#8243; header_font_size=&#8221;14px&#8221; body_line_height=&#8221;1em&#8221; custom_margin=&#8221;||10px|5px|false|false&#8221; link_option_url=&#8221;mailto:info@zahnarztpraxis-dr-wolfrum.de &#8221; custom_css_blurb_title=&#8221;margin-left: -20px !important;&#8221; global_colors_info=&#8221;{}&#8221;][\/et_pb_blurb][et_pb_blurb title=&#8221;Web: www.zahnarzt-creussen.de&#8221; url=&#8221;https:\/\/www.zahnarzt-creussen.de\/&#8221; url_new_window=&#8221;on&#8221; icon_placement=&#8221;left&#8221; image_icon_width=&#8221;15px&#8221; _builder_version=&#8221;4.27.0&#8243; _module_preset=&#8221;default&#8221; header_font=&#8221;Mulish||||||||&#8221; header_text_color=&#8221;#666666&#8243; header_font_size=&#8221;14px&#8221; body_line_height=&#8221;1em&#8221; custom_margin=&#8221;||10px|5px|false|false&#8221; custom_css_blurb_title=&#8221;margin-left: -20px !important;&#8221; global_colors_info=&#8221;{}&#8221;][\/et_pb_blurb][et_pb_blurb title=&#8221;Adresse: Bahnhofstra\u00dfe 13, 95473 Creu\u00dfen&#8221; url=&#8221;https:\/\/maps.app.goo.gl\/aVNQ6SE7sutf4Hkb8&#8243; url_new_window=&#8221;on&#8221; icon_placement=&#8221;left&#8221; image_icon_width=&#8221;15px&#8221; _builder_version=&#8221;4.27.0&#8243; _module_preset=&#8221;default&#8221; header_font=&#8221;Mulish||||||||&#8221; header_text_color=&#8221;#666666&#8243; header_font_size=&#8221;14px&#8221; body_line_height=&#8221;1em&#8221; custom_margin=&#8221;||10px|5px|false|false&#8221; link_option_url=&#8221;https:\/\/maps.app.goo.gl\/aVNQ6SE7sutf4Hkb8&#8243; link_option_url_new_window=&#8221;on&#8221; custom_css_blurb_title=&#8221;margin-left: -20px !important;&#8221; global_colors_info=&#8221;{}&#8221;][\/et_pb_blurb][et_pb_divider color=&#8221;rgba(102,102,102,0.1)&#8221; _builder_version=&#8221;4.16&#8243; _module_preset=&#8221;default&#8221; custom_margin=&#8221;||10px||false|false&#8221; locked=&#8221;off&#8221; global_colors_info=&#8221;{}&#8221;][\/et_pb_divider][et_pb_image src=&#8221;https:\/\/die-mundgesundheitsstiftung.de\/media\/2024\/11\/Design-ohne-Titel-2024-11-13T183629.982.png&#8221; title_text=&#8221;Design ohne Titel &#8211; 2024-11-13T183629.982&#8243; align_tablet=&#8221;left&#8221; align_phone=&#8221;left&#8221; align_last_edited=&#8221;on|tablet&#8221; _builder_version=&#8221;4.27.4&#8243; _module_preset=&#8221;default&#8221; max_width=&#8221;45%&#8221; custom_margin=&#8221;-40px||0px||false|false&#8221; global_colors_info=&#8221;{}&#8221;][\/et_pb_image][et_pb_divider color=&#8221;rgba(102,102,102,0.1)&#8221; _builder_version=&#8221;4.16&#8243; _module_preset=&#8221;default&#8221; custom_margin=&#8221;||10px||false|false&#8221; locked=&#8221;off&#8221; global_colors_info=&#8221;{}&#8221;][\/et_pb_divider][et_pb_button button_url=&#8221;https:\/\/www.zahnarzt-creussen.de\/termine\/&#8221; url_new_window=&#8221;on&#8221; button_text=&#8221;Termin buchen&#8221; button_alignment=&#8221;left&#8221; button_alignment_tablet=&#8221;left&#8221; button_alignment_phone=&#8221;left&#8221; button_alignment_last_edited=&#8221;on|tablet&#8221; _builder_version=&#8221;4.27.0&#8243; _module_preset=&#8221;default&#8221; custom_button=&#8221;on&#8221; button_text_size=&#8221;15px&#8221; button_text_color=&#8221;#FFFFFF&#8221; button_bg_color=&#8221;#FE5E15&#8243; button_border_width=&#8221;1px&#8221; button_border_color=&#8221;#FE5E15&#8243; button_border_radius=&#8221;27px&#8221; button_font=&#8221;Poppins|||on|||||&#8221; custom_padding=&#8221;10px|25px|10px|25px|false|false&#8221; locked=&#8221;off&#8221; global_colors_info=&#8221;{}&#8221; button_text_color__hover_enabled=&#8221;off|hover&#8221; button_text_color__hover=&#8221;#FE5E15&#8243; button_bg_color__hover_enabled=&#8221;off|hover&#8221; button_bg_color__hover=&#8221;#FFFFFF&#8221; button_bg_enable_color__hover=&#8221;on&#8221; button_border_color__hover_enabled=&#8221;off|hover&#8221;][\/et_pb_button][\/et_pb_column][\/et_pb_row][et_pb_row _builder_version=&#8221;4.16&#8243; _module_preset=&#8221;default&#8221; custom_padding=&#8221;||0px||false|false&#8221; locked=&#8221;off&#8221; global_colors_info=&#8221;{}&#8221;][et_pb_column type=&#8221;4_4&#8243; _builder_version=&#8221;4.16&#8243; _module_preset=&#8221;default&#8221; global_colors_info=&#8221;{}&#8221;][et_pb_text _builder_version=&#8221;4.20.4&#8243; _module_preset=&#8221;default&#8221; header_2_font=&#8221;|600|||||||&#8221; header_2_text_align=&#8221;center&#8221; header_2_font_size=&#8221;35px&#8221; header_2_line_height=&#8221;1.3em&#8221; width_tablet=&#8221;450px&#8221; width_phone=&#8221;100%&#8221; width_last_edited=&#8221;on|tablet&#8221; module_alignment=&#8221;center&#8221; header_2_font_size_tablet=&#8221;35px&#8221; header_2_font_size_phone=&#8221;25px&#8221; header_2_font_size_last_edited=&#8221;on|desktop&#8221; locked=&#8221;off&#8221; global_colors_info=&#8221;{}&#8221;]<h2>Impressionen aus der Praxis<\/h2>[\/et_pb_text][\/et_pb_column][\/et_pb_row][et_pb_row column_structure=&#8221;1_3,1_3,1_3&#8243; _builder_version=&#8221;4.20.4&#8243; _module_preset=&#8221;default&#8221; global_colors_info=&#8221;{}&#8221;][et_pb_column type=&#8221;1_3&#8243; _builder_version=&#8221;4.20.4&#8243; _module_preset=&#8221;default&#8221; global_colors_info=&#8221;{}&#8221;][et_pb_image src=&#8221;https:\/\/die-mundgesundheitsstiftung.de\/media\/2024\/08\/Dr.-med.-dent.-Carmen-Veronika-Gaebler-Wolfrum-5.png&#8221; title_text=&#8221;Dr. med. dent. Carmen-Veronika Gaebler-Wolfrum (5)&#8221; _builder_version=&#8221;4.27.0&#8243; _module_preset=&#8221;default&#8221; global_colors_info=&#8221;{}&#8221;][\/et_pb_image][\/et_pb_column][et_pb_column type=&#8221;1_3&#8243; _builder_version=&#8221;4.20.4&#8243; _module_preset=&#8221;default&#8221; global_colors_info=&#8221;{}&#8221;][et_pb_image src=&#8221;https:\/\/die-mundgesundheitsstiftung.de\/media\/2024\/07\/Dr.-med.-dent.-Carmen-Veronika-Gaebler-Wolfrum-4.png&#8221; title_text=&#8221;Dr. med. dent. Carmen-Veronika Gaebler-Wolfrum (4)&#8221; _builder_version=&#8221;4.24.3&#8243; _module_preset=&#8221;default&#8221; global_colors_info=&#8221;{}&#8221;][\/et_pb_image][\/et_pb_column][et_pb_column type=&#8221;1_3&#8243; _builder_version=&#8221;4.20.4&#8243; _module_preset=&#8221;default&#8221; global_colors_info=&#8221;{}&#8221;][et_pb_image src=&#8221;https:\/\/die-mundgesundheitsstiftung.de\/media\/2024\/07\/Dr.-med.-dent.-Carmen-Veronika-Gaebler-Wolfrum-1.png&#8221; title_text=&#8221;Dr. med. dent. Carmen-Veronika Gaebler-Wolfrum (1)&#8221; _builder_version=&#8221;4.24.3&#8243; _module_preset=&#8221;default&#8221; global_colors_info=&#8221;{}&#8221;][\/et_pb_image][\/et_pb_column][\/et_pb_row][\/et_pb_section]\n","protected":false},"excerpt":{"rendered":"<p>Senatorin im GesundheitssenatDr. med. dent. Carmen-Veronika Gaebler-WolfrumArt &amp; Dentistry ZahnarztpraxisVita Langj\u00e4hrige Erfahrung (35 Jahre Zahnheilkunde), ein breites Wissensspektrum und umfassende Expertise in den Bereichen sanfte Laserzahnheilkunde und \u00c4sthetik gew\u00e4hrleisten Ihnen hochprofessionelle zahnmedizinische L\u00f6sungen und bestm\u00f6glichen Therapieerfolg. Dr. med. dent. Carmen Gaebler-Wolfrum Spezialistin f\u00fcr sanfte Laserzahnheilkunde und \u00c4sthetikMastership of Lasers in DentistryPraxisinhaberin 2013 \u2013 2014 Mastership [&hellip;]<\/p>\n","protected":false},"author":8,"featured_media":23420431,"comment_status":"open","ping_status":"closed","template":"","meta":{"_et_pb_use_builder":"on","_et_pb_old_content":"","_et_gb_content_width":"","footnotes":""},"project_category":[75],"project_tag":[],"class_list":["post-23420430","project","type-project","status-publish","has-post-thumbnail","hentry","project_category-senatoren"],"yoast_head":"<!-- This site is optimized with the Yoast SEO plugin v27.4 - https:\/\/yoast.com\/product\/yoast-seo-wordpress\/ -->\n<title>Senatorin Dr. Carmen-Veronika Gaebler-Wolfrum - DMS Deutsche Mundgesundheitsstiftung<\/title>\n<meta name=\"robots\" content=\"index, follow, max-snippet:-1, max-image-preview:large, max-video-preview:-1\" \/>\n<link rel=\"canonical\" href=\"https:\/\/die-mundgesundheitsstiftung.de\/en\/project\/dr-carmen-veronika-gaebler-wolfrum\/\" \/>\n<meta property=\"og:locale\" content=\"en_US\" \/>\n<meta property=\"og:type\" content=\"article\" \/>\n<meta property=\"og:title\" content=\"Senatorin Dr. Carmen-Veronika Gaebler-Wolfrum - DMS Deutsche Mundgesundheitsstiftung\" \/>\n<meta property=\"og:description\" content=\"Senatorin im GesundheitssenatDr. med. dent. Carmen-Veronika Gaebler-WolfrumArt &amp; Dentistry ZahnarztpraxisVita Langj\u00e4hrige Erfahrung (35 Jahre Zahnheilkunde), ein breites Wissensspektrum und umfassende Expertise in den Bereichen sanfte Laserzahnheilkunde und \u00c4sthetik gew\u00e4hrleisten Ihnen hochprofessionelle zahnmedizinische L\u00f6sungen und bestm\u00f6glichen Therapieerfolg. Dr. med. dent. Carmen Gaebler-Wolfrum Spezialistin f\u00fcr sanfte Laserzahnheilkunde und \u00c4sthetikMastership of Lasers in DentistryPraxisinhaberin 2013 \u2013 2014 Mastership [&hellip;]\" \/>\n<meta property=\"og:url\" content=\"https:\/\/die-mundgesundheitsstiftung.de\/en\/project\/dr-carmen-veronika-gaebler-wolfrum\/\" \/>\n<meta property=\"og:site_name\" content=\"DMS Deutsche Mundgesundheitsstiftung\" \/>\n<meta property=\"article:modified_time\" content=\"2025-12-11T07:55:24+00:00\" \/>\n<meta property=\"og:image\" content=\"https:\/\/die-mundgesundheitsstiftung.de\/media\/2024\/07\/Dr.-med.-dent.-Carmen-Veronika-Gaebler-Wolfrum.png\" \/>\n\t<meta property=\"og:image:width\" content=\"250\" \/>\n\t<meta property=\"og:image:height\" content=\"250\" \/>\n\t<meta property=\"og:image:type\" content=\"image\/png\" \/>\n<meta name=\"twitter:card\" content=\"summary_large_image\" \/>\n<meta name=\"twitter:label1\" content=\"Est. reading time\" \/>\n\t<meta name=\"twitter:data1\" content=\"3 minutes\" \/>\n<script type=\"application\/ld+json\" class=\"yoast-schema-graph\">{\"@context\":\"https:\\\/\\\/schema.org\",\"@graph\":[{\"@type\":\"WebPage\",\"@id\":\"https:\\\/\\\/die-mundgesundheitsstiftung.de\\\/project\\\/dr-carmen-veronika-gaebler-wolfrum\\\/\",\"url\":\"https:\\\/\\\/die-mundgesundheitsstiftung.de\\\/project\\\/dr-carmen-veronika-gaebler-wolfrum\\\/\",\"name\":\"Senatorin Dr. Carmen-Veronika Gaebler-Wolfrum - DMS Deutsche Mundgesundheitsstiftung\",\"isPartOf\":{\"@id\":\"https:\\\/\\\/die-mundgesundheitsstiftung.de\\\/#website\"},\"primaryImageOfPage\":{\"@id\":\"https:\\\/\\\/die-mundgesundheitsstiftung.de\\\/project\\\/dr-carmen-veronika-gaebler-wolfrum\\\/#primaryimage\"},\"image\":{\"@id\":\"https:\\\/\\\/die-mundgesundheitsstiftung.de\\\/project\\\/dr-carmen-veronika-gaebler-wolfrum\\\/#primaryimage\"},\"thumbnailUrl\":\"https:\\\/\\\/die-mundgesundheitsstiftung.de\\\/wp-content\\\/uploads\\\/2024\\\/07\\\/Dr.-med.-dent.-Carmen-Veronika-Gaebler-Wolfrum.png\",\"datePublished\":\"2024-07-08T14:15:40+00:00\",\"dateModified\":\"2025-12-11T07:55:24+00:00\",\"breadcrumb\":{\"@id\":\"https:\\\/\\\/die-mundgesundheitsstiftung.de\\\/project\\\/dr-carmen-veronika-gaebler-wolfrum\\\/#breadcrumb\"},\"inLanguage\":\"en-US\",\"potentialAction\":[{\"@type\":\"ReadAction\",\"target\":[\"https:\\\/\\\/die-mundgesundheitsstiftung.de\\\/project\\\/dr-carmen-veronika-gaebler-wolfrum\\\/\"]}]},{\"@type\":\"ImageObject\",\"inLanguage\":\"en-US\",\"@id\":\"https:\\\/\\\/die-mundgesundheitsstiftung.de\\\/project\\\/dr-carmen-veronika-gaebler-wolfrum\\\/#primaryimage\",\"url\":\"https:\\\/\\\/die-mundgesundheitsstiftung.de\\\/wp-content\\\/uploads\\\/2024\\\/07\\\/Dr.-med.-dent.-Carmen-Veronika-Gaebler-Wolfrum.png\",\"contentUrl\":\"https:\\\/\\\/die-mundgesundheitsstiftung.de\\\/wp-content\\\/uploads\\\/2024\\\/07\\\/Dr.-med.-dent.-Carmen-Veronika-Gaebler-Wolfrum.png\",\"width\":250,\"height\":250,\"caption\":\"Dr. med. dent. Carmen-Veronika Gaebler-Wolfrum\"},{\"@type\":\"BreadcrumbList\",\"@id\":\"https:\\\/\\\/die-mundgesundheitsstiftung.de\\\/project\\\/dr-carmen-veronika-gaebler-wolfrum\\\/#breadcrumb\",\"itemListElement\":[{\"@type\":\"ListItem\",\"position\":1,\"name\":\"Startseite\",\"item\":\"https:\\\/\\\/die-mundgesundheitsstiftung.de\\\/\"},{\"@type\":\"ListItem\",\"position\":2,\"name\":\"Projekte\",\"item\":\"https:\\\/\\\/die-mundgesundheitsstiftung.de\\\/project\\\/\"},{\"@type\":\"ListItem\",\"position\":3,\"name\":\"Senatorin Dr. Carmen-Veronika Gaebler-Wolfrum\"}]},{\"@type\":\"WebSite\",\"@id\":\"https:\\\/\\\/die-mundgesundheitsstiftung.de\\\/#website\",\"url\":\"https:\\\/\\\/die-mundgesundheitsstiftung.de\\\/\",\"name\":\"DMS Deutsche Mundgesundheitsstiftung\",\"description\":\"DMS Deutsche Mundgesundheitsstiftung\",\"potentialAction\":[{\"@type\":\"SearchAction\",\"target\":{\"@type\":\"EntryPoint\",\"urlTemplate\":\"https:\\\/\\\/die-mundgesundheitsstiftung.de\\\/?s={search_term_string}\"},\"query-input\":{\"@type\":\"PropertyValueSpecification\",\"valueRequired\":true,\"valueName\":\"search_term_string\"}}],\"inLanguage\":\"en-US\"}]}<\/script>\n<!-- \/ Yoast SEO plugin. -->","yoast_head_json":{"title":"Senatorin Dr. Carmen-Veronika Gaebler-Wolfrum - DMS Deutsche Mundgesundheitsstiftung","robots":{"index":"index","follow":"follow","max-snippet":"max-snippet:-1","max-image-preview":"max-image-preview:large","max-video-preview":"max-video-preview:-1"},"canonical":"https:\/\/die-mundgesundheitsstiftung.de\/en\/project\/dr-carmen-veronika-gaebler-wolfrum\/","og_locale":"en_US","og_type":"article","og_title":"Senatorin Dr. Carmen-Veronika Gaebler-Wolfrum - DMS Deutsche Mundgesundheitsstiftung","og_description":"Senatorin im GesundheitssenatDr. med. dent. Carmen-Veronika Gaebler-WolfrumArt &amp; Dentistry ZahnarztpraxisVita Langj\u00e4hrige Erfahrung (35 Jahre Zahnheilkunde), ein breites Wissensspektrum und umfassende Expertise in den Bereichen sanfte Laserzahnheilkunde und \u00c4sthetik gew\u00e4hrleisten Ihnen hochprofessionelle zahnmedizinische L\u00f6sungen und bestm\u00f6glichen Therapieerfolg. Dr. med. dent. Carmen Gaebler-Wolfrum Spezialistin f\u00fcr sanfte Laserzahnheilkunde und \u00c4sthetikMastership of Lasers in DentistryPraxisinhaberin 2013 \u2013 2014 Mastership [&hellip;]","og_url":"https:\/\/die-mundgesundheitsstiftung.de\/en\/project\/dr-carmen-veronika-gaebler-wolfrum\/","og_site_name":"DMS Deutsche Mundgesundheitsstiftung","article_modified_time":"2025-12-11T07:55:24+00:00","og_image":[{"width":250,"height":250,"url":"https:\/\/die-mundgesundheitsstiftung.de\/media\/2024\/07\/Dr.-med.-dent.-Carmen-Veronika-Gaebler-Wolfrum.png","type":"image\/png"}],"twitter_card":"summary_large_image","twitter_misc":{"Est. reading time":"3 minutes"},"schema":{"@context":"https:\/\/schema.org","@graph":[{"@type":"WebPage","@id":"https:\/\/die-mundgesundheitsstiftung.de\/project\/dr-carmen-veronika-gaebler-wolfrum\/","url":"https:\/\/die-mundgesundheitsstiftung.de\/project\/dr-carmen-veronika-gaebler-wolfrum\/","name":"Senatorin Dr. Carmen-Veronika Gaebler-Wolfrum - DMS Deutsche Mundgesundheitsstiftung","isPartOf":{"@id":"https:\/\/die-mundgesundheitsstiftung.de\/#website"},"primaryImageOfPage":{"@id":"https:\/\/die-mundgesundheitsstiftung.de\/project\/dr-carmen-veronika-gaebler-wolfrum\/#primaryimage"},"image":{"@id":"https:\/\/die-mundgesundheitsstiftung.de\/project\/dr-carmen-veronika-gaebler-wolfrum\/#primaryimage"},"thumbnailUrl":"https:\/\/die-mundgesundheitsstiftung.de\/media\/2024\/07\/Dr.-med.-dent.-Carmen-Veronika-Gaebler-Wolfrum.png","datePublished":"2024-07-08T14:15:40+00:00","dateModified":"2025-12-11T07:55:24+00:00","breadcrumb":{"@id":"https:\/\/die-mundgesundheitsstiftung.de\/project\/dr-carmen-veronika-gaebler-wolfrum\/#breadcrumb"},"inLanguage":"en-US","potentialAction":[{"@type":"ReadAction","target":["https:\/\/die-mundgesundheitsstiftung.de\/project\/dr-carmen-veronika-gaebler-wolfrum\/"]}]},{"@type":"ImageObject","inLanguage":"en-US","@id":"https:\/\/die-mundgesundheitsstiftung.de\/project\/dr-carmen-veronika-gaebler-wolfrum\/#primaryimage","url":"https:\/\/die-mundgesundheitsstiftung.de\/media\/2024\/07\/Dr.-med.-dent.-Carmen-Veronika-Gaebler-Wolfrum.png","contentUrl":"https:\/\/die-mundgesundheitsstiftung.de\/media\/2024\/07\/Dr.-med.-dent.-Carmen-Veronika-Gaebler-Wolfrum.png","width":250,"height":250,"caption":"Dr. med. dent. Carmen-Veronika Gaebler-Wolfrum"},{"@type":"BreadcrumbList","@id":"https:\/\/die-mundgesundheitsstiftung.de\/project\/dr-carmen-veronika-gaebler-wolfrum\/#breadcrumb","itemListElement":[{"@type":"ListItem","position":1,"name":"Startseite","item":"https:\/\/die-mundgesundheitsstiftung.de\/"},{"@type":"ListItem","position":2,"name":"Projekte","item":"https:\/\/die-mundgesundheitsstiftung.de\/project\/"},{"@type":"ListItem","position":3,"name":"Senatorin Dr. Carmen-Veronika Gaebler-Wolfrum"}]},{"@type":"WebSite","@id":"https:\/\/die-mundgesundheitsstiftung.de\/#website","url":"https:\/\/die-mundgesundheitsstiftung.de\/","name":"DMS Deutsche Mundgesundheitsstiftung","description":"DMS Deutsche Mundgesundheitsstiftung","potentialAction":[{"@type":"SearchAction","target":{"@type":"EntryPoint","urlTemplate":"https:\/\/die-mundgesundheitsstiftung.de\/?s={search_term_string}"},"query-input":{"@type":"PropertyValueSpecification","valueRequired":true,"valueName":"search_term_string"}}],"inLanguage":"en-US"}]}},"_links":{"self":[{"href":"https:\/\/die-mundgesundheitsstiftung.de\/en\/wp-json\/wp\/v2\/project\/23420430","targetHints":{"allow":["GET"]}}],"collection":[{"href":"https:\/\/die-mundgesundheitsstiftung.de\/en\/wp-json\/wp\/v2\/project"}],"about":[{"href":"https:\/\/die-mundgesundheitsstiftung.de\/en\/wp-json\/wp\/v2\/types\/project"}],"author":[{"embeddable":true,"href":"https:\/\/die-mundgesundheitsstiftung.de\/en\/wp-json\/wp\/v2\/users\/8"}],"replies":[{"embeddable":true,"href":"https:\/\/die-mundgesundheitsstiftung.de\/en\/wp-json\/wp\/v2\/comments?post=23420430"}],"version-history":[{"count":22,"href":"https:\/\/die-mundgesundheitsstiftung.de\/en\/wp-json\/wp\/v2\/project\/23420430\/revisions"}],"predecessor-version":[{"id":27587208,"href":"https:\/\/die-mundgesundheitsstiftung.de\/en\/wp-json\/wp\/v2\/project\/23420430\/revisions\/27587208"}],"wp:featuredmedia":[{"embeddable":true,"href":"https:\/\/die-mundgesundheitsstiftung.de\/en\/wp-json\/wp\/v2\/media\/23420431"}],"wp:attachment":[{"href":"https:\/\/die-mundgesundheitsstiftung.de\/en\/wp-json\/wp\/v2\/media?parent=23420430"}],"wp:term":[{"taxonomy":"project_category","embeddable":true,"href":"https:\/\/die-mundgesundheitsstiftung.de\/en\/wp-json\/wp\/v2\/project_category?post=23420430"},{"taxonomy":"project_tag","embeddable":true,"href":"https:\/\/die-mundgesundheitsstiftung.de\/en\/wp-json\/wp\/v2\/project_tag?post=23420430"}],"curies":[{"name":"wp","href":"https:\/\/api.w.org\/{rel}","templated":true}]}}