{"id":27004326,"date":"2025-06-24T11:43:47","date_gmt":"2025-06-24T09:43:47","guid":{"rendered":"https:\/\/die-mundgesundheitsstiftung.de\/?post_type=project&#038;p=27004326"},"modified":"2025-11-07T10:19:05","modified_gmt":"2025-11-07T08:19:05","slug":"dr-robert-kirchner","status":"publish","type":"project","link":"https:\/\/die-mundgesundheitsstiftung.de\/en\/project\/dr-robert-kirchner\/","title":{"rendered":"Dr. Robert Kirchner"},"content":{"rendered":"\n[et_pb_section fb_built=&#8221;1&#8243; _builder_version=&#8221;4.16&#8243; _module_preset=&#8221;default&#8221; custom_padding=&#8221;105px|||||&#8221; global_colors_info=&#8221;{}&#8221;][et_pb_row column_structure=&#8221;2_3,1_3&#8243; module_id=&#8221;scroll&#8221; _builder_version=&#8221;4.21.0&#8243; _module_preset=&#8221;default&#8221; global_colors_info=&#8221;{}&#8221;][et_pb_column type=&#8221;2_3&#8243; _builder_version=&#8221;4.16&#8243; _module_preset=&#8221;default&#8221; global_colors_info=&#8221;{}&#8221;][et_pb_text _builder_version=&#8221;4.27.4&#8243; _module_preset=&#8221;default&#8221; text_font=&#8221;|||on|||||&#8221; text_text_color=&#8221;#ffab45&#8243; text_font_size=&#8221;15px&#8221; text_letter_spacing=&#8221;3px&#8221; custom_margin=&#8221;33px||15px||false|false&#8221; locked=&#8221;off&#8221; global_colors_info=&#8221;{}&#8221;]<p><strong>Dr. Kirchner &amp; Kollegen<\/strong><\/p>[\/et_pb_text][et_pb_text _builder_version=&#8221;4.27.4&#8243; _module_preset=&#8221;default&#8221; header_2_font=&#8221;|600|||||||&#8221; header_2_text_align=&#8221;left&#8221; header_2_font_size=&#8221;35px&#8221; header_2_line_height=&#8221;1.3em&#8221; header_2_font_size_tablet=&#8221;35px&#8221; header_2_font_size_phone=&#8221;25px&#8221; header_2_font_size_last_edited=&#8221;on|phone&#8221; global_colors_info=&#8221;{}&#8221;]<h2>Dr. Robert Kirchner<\/h2>[\/et_pb_text][et_pb_image src=&#8221;https:\/\/die-mundgesundheitsstiftung.de\/media\/2025\/07\/Dr.-Robert-Kirchner-2.png&#8221; title_text=&#8221;Dr.-Robert-Kirchner-2&#8243; _builder_version=&#8221;4.27.4&#8243; _module_preset=&#8221;default&#8221; border_radii=&#8221;on|10px|10px|10px|10px&#8221; global_colors_info=&#8221;{}&#8221;][\/et_pb_image][et_pb_text _builder_version=&#8221;4.27.4&#8243; _module_preset=&#8221;default&#8221; global_colors_info=&#8221;{}&#8221;]<div id=\"c66\">\n<div id=\"mask_lebenslauf-66\" class=\"mask_lebenslauf mce mce-66\">\n<p><strong>Vita<\/strong><\/p>\n<ul>\n<li><strong><span class=\"year\">2000 &#8211; 2006:<\/span><\/strong><span>\u00a0<\/span><span class=\"work\">Studium der Zahnmedizin an der Universit\u00e4t zu Freiburg im Breisgau<\/span><\/li>\n<li><strong><span class=\"year\">2006 &#8211; 2008:<\/span><\/strong><span>\u00a0<\/span><span class=\"work\">Assistenzarzt in Praxis K\u00f6ln Deckstein<\/span><\/li>\n<li><strong><span class=\"year\">2008:<\/span><\/strong><span>\u00a0<\/span><span class=\"work\">Angestellter Zahnarzt in Spezialisten-Praxis in K\u00f6ln Lindenthal<\/span><\/li>\n<li><strong><span class=\"year\">2009:<\/span><\/strong><span>\u00a0<\/span><span class=\"work\">Promotion an der Universit\u00e4t zu K\u00f6ln<\/span><\/li>\n<li><strong><span class=\"year\">2010 &#8211; 2016:<\/span><\/strong><span>\u00a0<\/span><span class=\"work\">Selbstst\u00e4ndiger Zahnarzt in K\u00f6ln Lindenthal nach erfolgreicher Zulassungspr\u00fcfung durch die KZV Nordrhein<\/span><\/li>\n<li><strong><span class=\"year\">2010:<\/span><\/strong><span>\u00a0<\/span><span class=\"work\">Ausbilder- und Referentent\u00e4tigkeit im Fachgebiet Endodontie in S\u00fcdafrika<\/span><\/li>\n<li><strong><span class=\"year\">2010:<\/span><\/strong><span>\u00a0<\/span><span class=\"work\">Forschungsaufenthalt an der Harvard School of Dental Medicine\/USA<\/span><\/li>\n<li><strong><span class=\"year\">2011 &#8211; 2013:<\/span><\/strong><span>\u00a0<\/span><span class=\"work\">Spezialisiertes Masterstudium im Fachbereich \u201e\u00c4sthetische und rekonstruktive Zahnheilkunde\u201d an der Universit\u00e4t Bonn und Krems\/\u00d6sterreich<\/span><\/li>\n<li><strong><span class=\"year\">2016:<\/span><\/strong><span>\u00a0<\/span><span class=\"work\">Soziales Engagement und Arbeit f\u00fcr Hilfsorganisation \u201eDentists &amp; Friends\u201c in Bolivien<\/span><\/li>\n<li><strong><span class=\"year\">2016:<\/span><\/strong><span>\u00a0<\/span><span class=\"work\">Einstieg in die Gemeinschaftspraxis Dr. Kirchner und Kollegen in K\u00f6ln<\/span><\/li>\n<li><strong><span class=\"year\">2022:<\/span><\/strong><span>\u00a0<\/span><span class=\"work\">Ausbildung und Ernennung zum \u201eSportzahnarzt\u201c durch die DGSZM<\/span><\/li>\n<li><strong><span class=\"year\">2023:<\/span><\/strong><span>\u00a0<\/span><span class=\"work\">3-j\u00e4hriges Curriculum Funktion, Dysfunktion, CMD und Schmerz durch die Deutsche Gesellschaft f\u00fcr Funktionsdiagnostik- und Therapie (DGFDT\/ APW)<\/span><\/li>\n<\/ul>\n<\/div>\n<\/div>\n<div id=\"c702\" class=\"frame frame-default frame-type-text frame-layout-0\">\n<p><strong>T\u00e4tigkeitsschwerpunkte<\/strong><\/p>\n<ul>\n<li>\u00c4sthetische und rekonstruktive Zahnmedizin<\/li>\n<li>Endodontie<\/li>\n<li>Sportzahnmedizin<\/li>\n<\/ul>\n<\/div>[\/et_pb_text][\/et_pb_column][et_pb_column type=&#8221;1_3&#8243; _builder_version=&#8221;4.21.0&#8243; _module_preset=&#8221;default&#8221; background_color=&#8221;#F5F5F5&#8243; custom_padding=&#8221;40px|30px|40px|30px|true|true&#8221; border_radii=&#8221;on|5px|5px|5px|5px&#8221; global_colors_info=&#8221;{}&#8221;][et_pb_image src=&#8221;https:\/\/die-mundgesundheitsstiftung.de\/media\/2025\/07\/Dr_Kirchner_Zahnearzte_Kollegen_Logo-1.png&#8221; title_text=&#8221;Dr_Kirchner_Zahnearzte_Kollegen_Logo (1)&#8221; _builder_version=&#8221;4.27.4&#8243; _module_preset=&#8221;default&#8221; max_width=&#8221;65%&#8221; max_width_tablet=&#8221;45%&#8221; max_width_phone=&#8221;60%&#8221; max_width_last_edited=&#8221;on|phone&#8221; module_alignment=&#8221;left&#8221; custom_margin=&#8221;-9px|||||&#8221; global_colors_info=&#8221;{}&#8221;][\/et_pb_image][et_pb_divider color=&#8221;rgba(102,102,102,0.1)&#8221; _builder_version=&#8221;4.16&#8243; _module_preset=&#8221;default&#8221; custom_margin=&#8221;||10px||false|false&#8221; locked=&#8221;off&#8221; global_colors_info=&#8221;{}&#8221;][\/et_pb_divider][et_pb_text _builder_version=&#8221;4.20.4&#8243; _module_preset=&#8221;default&#8221; text_text_color=&#8221;#FE5E15&#8243; header_text_color=&#8221;#FE5E15&#8243; header_3_font=&#8221;|600|||||||&#8221; custom_margin=&#8221;||14px|0px|false|false&#8221; locked=&#8221;off&#8221; global_colors_info=&#8221;{}&#8221;]<h3>Ihr zertifizierter Profi<\/h3>[\/et_pb_text][et_pb_image src=&#8221;https:\/\/die-mundgesundheitsstiftung.de\/media\/2025\/06\/Dr.-Robert-Kirchner.png&#8221; alt=&#8221;Dr. Robert Kirchner&#8221; title_text=&#8221;Dr. Robert Kirchner&#8221; _builder_version=&#8221;4.27.4&#8243; _module_preset=&#8221;default&#8221; max_width=&#8221;59%&#8221; module_alignment=&#8221;left&#8221; border_radii=&#8221;on|123px|123px|123px|123px&#8221; global_colors_info=&#8221;{}&#8221;][\/et_pb_image][et_pb_blurb title=&#8221;Dr. Robert Kirchner&#8221; icon_placement=&#8221;left&#8221; image_icon_width=&#8221;15px&#8221; _builder_version=&#8221;4.27.4&#8243; _module_preset=&#8221;default&#8221; header_font=&#8221;Allison|700|||||||&#8221; header_text_color=&#8221;#666666&#8243; header_font_size=&#8221;42px&#8221; body_line_height=&#8221;1em&#8221; custom_margin=&#8221;||10px|5px|false|false&#8221; custom_css_blurb_title=&#8221;margin-left: -20px !important;&#8221; global_colors_info=&#8221;{}&#8221;][\/et_pb_blurb][et_pb_divider color=&#8221;rgba(102,102,102,0.1)&#8221; _builder_version=&#8221;4.16&#8243; _module_preset=&#8221;default&#8221; custom_margin=&#8221;||10px||false|false&#8221; locked=&#8221;off&#8221; global_colors_info=&#8221;{}&#8221;][\/et_pb_divider][et_pb_text _builder_version=&#8221;4.20.4&#8243; _module_preset=&#8221;default&#8221; text_text_color=&#8221;#FE5E15&#8243; header_text_color=&#8221;#FE5E15&#8243; header_3_font=&#8221;|600|||||||&#8221; custom_margin=&#8221;||14px|0px|false|false&#8221; locked=&#8221;off&#8221; global_colors_info=&#8221;{}&#8221;]<h3>Kontaktdaten<\/h3>[\/et_pb_text][et_pb_blurb title=&#8221;Tel.: 0221 | 132384&#8243; icon_placement=&#8221;left&#8221; image_icon_width=&#8221;15px&#8221; _builder_version=&#8221;4.27.4&#8243; _module_preset=&#8221;default&#8221; header_font=&#8221;Mulish||||||||&#8221; header_text_color=&#8221;#666666&#8243; header_font_size=&#8221;14px&#8221; body_line_height=&#8221;1em&#8221; custom_margin=&#8221;||10px|5px|false|false&#8221; custom_css_blurb_title=&#8221;margin-left: -20px !important;&#8221; locked=&#8221;off&#8221; global_colors_info=&#8221;{}&#8221;][\/et_pb_blurb][et_pb_blurb title=&#8221;E-Mail: praxis@zahnarzt-kirchner.net&#8221; icon_placement=&#8221;left&#8221; image_icon_width=&#8221;15px&#8221; _builder_version=&#8221;4.27.4&#8243; _module_preset=&#8221;default&#8221; header_font=&#8221;Mulish||||||||&#8221; header_text_color=&#8221;#666666&#8243; header_font_size=&#8221;14px&#8221; body_line_height=&#8221;1em&#8221; custom_margin=&#8221;||10px|5px|false|false&#8221; hover_enabled=&#8221;0&#8243; custom_css_blurb_title=&#8221;margin-left: -20px !important;&#8221; global_colors_info=&#8221;{}&#8221; sticky_enabled=&#8221;0&#8243;][\/et_pb_blurb][et_pb_blurb title=&#8221;Web: www.zahnarzt-kirchner.net&#8221; icon_placement=&#8221;left&#8221; image_icon_width=&#8221;15px&#8221; _builder_version=&#8221;4.27.4&#8243; _module_preset=&#8221;default&#8221; header_font=&#8221;Mulish||||||||&#8221; header_text_color=&#8221;#666666&#8243; header_font_size=&#8221;14px&#8221; body_line_height=&#8221;1em&#8221; custom_margin=&#8221;||10px|5px|false|false&#8221; custom_css_blurb_title=&#8221;margin-left: -20px !important;&#8221; global_colors_info=&#8221;{}&#8221;][\/et_pb_blurb][et_pb_blurb title=&#8221;Adresse: Christophstra\u00dfe 50-52, 50670 K\u00f6ln&#8221; icon_placement=&#8221;left&#8221; image_icon_width=&#8221;15px&#8221; _builder_version=&#8221;4.27.4&#8243; _module_preset=&#8221;default&#8221; header_font=&#8221;Mulish||||||||&#8221; header_text_color=&#8221;#666666&#8243; header_font_size=&#8221;14px&#8221; body_line_height=&#8221;1em&#8221; custom_margin=&#8221;||10px|5px|false|false&#8221; custom_css_blurb_title=&#8221;margin-left: -20px !important;&#8221; global_colors_info=&#8221;{}&#8221;][\/et_pb_blurb][et_pb_divider color=&#8221;rgba(102,102,102,0.1)&#8221; _builder_version=&#8221;4.16&#8243; _module_preset=&#8221;default&#8221; custom_margin=&#8221;||10px||false|false&#8221; locked=&#8221;off&#8221; global_colors_info=&#8221;{}&#8221;][\/et_pb_divider][et_pb_image src=&#8221;https:\/\/die-mundgesundheitsstiftung.de\/media\/2024\/11\/Design-ohne-Titel-2024-11-13T183629.982.png&#8221; title_text=&#8221;OralFitness Center&#8221; _builder_version=&#8221;4.27.4&#8243; _module_preset=&#8221;default&#8221; max_width=&#8221;45%&#8221; custom_margin=&#8221;-40px||-40px||false|false&#8221; global_colors_info=&#8221;{}&#8221;][\/et_pb_image][\/et_pb_column][\/et_pb_row][et_pb_row _builder_version=&#8221;4.16&#8243; _module_preset=&#8221;default&#8221; custom_padding=&#8221;||0px||false|false&#8221; locked=&#8221;off&#8221; global_colors_info=&#8221;{}&#8221;][et_pb_column type=&#8221;4_4&#8243; _builder_version=&#8221;4.16&#8243; _module_preset=&#8221;default&#8221; global_colors_info=&#8221;{}&#8221;][et_pb_text _builder_version=&#8221;4.20.4&#8243; _module_preset=&#8221;default&#8221; header_2_font=&#8221;|600|||||||&#8221; header_2_text_align=&#8221;center&#8221; header_2_font_size=&#8221;35px&#8221; header_2_line_height=&#8221;1.3em&#8221; width_tablet=&#8221;450px&#8221; width_phone=&#8221;100%&#8221; width_last_edited=&#8221;on|tablet&#8221; module_alignment=&#8221;center&#8221; header_2_font_size_tablet=&#8221;35px&#8221; header_2_font_size_phone=&#8221;25px&#8221; header_2_font_size_last_edited=&#8221;on|desktop&#8221; locked=&#8221;off&#8221; global_colors_info=&#8221;{}&#8221;]<h2>Impressionen aus der Praxis<\/h2>[\/et_pb_text][\/et_pb_column][\/et_pb_row][et_pb_row column_structure=&#8221;1_3,1_3,1_3&#8243; _builder_version=&#8221;4.20.4&#8243; _module_preset=&#8221;default&#8221; locked=&#8221;off&#8221; global_colors_info=&#8221;{}&#8221;][et_pb_column type=&#8221;1_3&#8243; _builder_version=&#8221;4.20.4&#8243; _module_preset=&#8221;default&#8221; global_colors_info=&#8221;{}&#8221;][et_pb_image src=&#8221;https:\/\/die-mundgesundheitsstiftung.de\/media\/2025\/07\/Dr.-Robert-Kirchner-5.png&#8221; title_text=&#8221;Dr.-Robert-Kirchner-5&#8243; _builder_version=&#8221;4.27.4&#8243; _module_preset=&#8221;default&#8221; global_colors_info=&#8221;{}&#8221;][\/et_pb_image][\/et_pb_column][et_pb_column type=&#8221;1_3&#8243; _builder_version=&#8221;4.20.4&#8243; _module_preset=&#8221;default&#8221; global_colors_info=&#8221;{}&#8221;][et_pb_image src=&#8221;https:\/\/die-mundgesundheitsstiftung.de\/media\/2025\/07\/Dr.-Robert-Kirchner-3.png&#8221; title_text=&#8221;Dr.-Robert-Kirchner-3&#8243; _builder_version=&#8221;4.27.4&#8243; _module_preset=&#8221;default&#8221; global_colors_info=&#8221;{}&#8221;][\/et_pb_image][\/et_pb_column][et_pb_column type=&#8221;1_3&#8243; _builder_version=&#8221;4.20.4&#8243; _module_preset=&#8221;default&#8221; global_colors_info=&#8221;{}&#8221;][et_pb_image src=&#8221;https:\/\/die-mundgesundheitsstiftung.de\/media\/2025\/07\/Dr.-Robert-Kirchner-4.png&#8221; title_text=&#8221;Dr.-Robert-Kirchner-4&#8243; _builder_version=&#8221;4.27.4&#8243; _module_preset=&#8221;default&#8221; global_colors_info=&#8221;{}&#8221;][\/et_pb_image][\/et_pb_column][\/et_pb_row][\/et_pb_section]\n","protected":false},"excerpt":{"rendered":"<p>Dr. Kirchner &amp; KollegenDr. Robert Kirchner Vita 2000 &#8211; 2006:\u00a0Studium der Zahnmedizin an der Universit\u00e4t zu Freiburg im Breisgau 2006 &#8211; 2008:\u00a0Assistenzarzt in Praxis K\u00f6ln Deckstein 2008:\u00a0Angestellter Zahnarzt in Spezialisten-Praxis in K\u00f6ln Lindenthal 2009:\u00a0Promotion an der Universit\u00e4t zu K\u00f6ln 2010 &#8211; 2016:\u00a0Selbstst\u00e4ndiger Zahnarzt in K\u00f6ln Lindenthal nach erfolgreicher Zulassungspr\u00fcfung durch die KZV Nordrhein 2010:\u00a0Ausbilder- und [&hellip;]<\/p>\n","protected":false},"author":8,"featured_media":27004327,"comment_status":"open","ping_status":"closed","template":"","meta":{"_et_pb_use_builder":"on","_et_pb_old_content":"","_et_gb_content_width":"","footnotes":""},"project_category":[],"project_tag":[],"class_list":["post-27004326","project","type-project","status-publish","has-post-thumbnail","hentry"],"yoast_head":"<!-- This site is optimized with the Yoast SEO plugin v27.4 - https:\/\/yoast.com\/product\/yoast-seo-wordpress\/ -->\n<title>Dr. Robert Kirchner - DMS Deutsche Mundgesundheitsstiftung<\/title>\n<meta name=\"robots\" content=\"index, follow, max-snippet:-1, max-image-preview:large, max-video-preview:-1\" \/>\n<link rel=\"canonical\" href=\"https:\/\/die-mundgesundheitsstiftung.de\/en\/project\/dr-robert-kirchner\/\" \/>\n<meta property=\"og:locale\" content=\"en_US\" \/>\n<meta property=\"og:type\" content=\"article\" \/>\n<meta property=\"og:title\" content=\"Dr. Robert Kirchner - DMS Deutsche Mundgesundheitsstiftung\" \/>\n<meta property=\"og:description\" content=\"Dr. Kirchner &amp; KollegenDr. Robert Kirchner Vita 2000 - 2006:\u00a0Studium der Zahnmedizin an der Universit\u00e4t zu Freiburg im Breisgau 2006 - 2008:\u00a0Assistenzarzt in Praxis K\u00f6ln Deckstein 2008:\u00a0Angestellter Zahnarzt in Spezialisten-Praxis in K\u00f6ln Lindenthal 2009:\u00a0Promotion an der Universit\u00e4t zu K\u00f6ln 2010 - 2016:\u00a0Selbstst\u00e4ndiger Zahnarzt in K\u00f6ln Lindenthal nach erfolgreicher Zulassungspr\u00fcfung durch die KZV Nordrhein 2010:\u00a0Ausbilder- und [&hellip;]\" \/>\n<meta property=\"og:url\" content=\"https:\/\/die-mundgesundheitsstiftung.de\/en\/project\/dr-robert-kirchner\/\" \/>\n<meta property=\"og:site_name\" content=\"DMS Deutsche Mundgesundheitsstiftung\" \/>\n<meta property=\"article:modified_time\" content=\"2025-11-07T08:19:05+00:00\" \/>\n<meta property=\"og:image\" content=\"https:\/\/die-mundgesundheitsstiftung.de\/media\/2025\/06\/Dr.-Robert-Kirchner.png\" \/>\n\t<meta property=\"og:image:width\" content=\"250\" \/>\n\t<meta property=\"og:image:height\" content=\"250\" \/>\n\t<meta property=\"og:image:type\" content=\"image\/png\" \/>\n<meta name=\"twitter:card\" content=\"summary_large_image\" \/>\n<meta name=\"twitter:label1\" content=\"Est. reading time\" \/>\n\t<meta name=\"twitter:data1\" content=\"3 minutes\" \/>\n<script type=\"application\/ld+json\" class=\"yoast-schema-graph\">{\"@context\":\"https:\\\/\\\/schema.org\",\"@graph\":[{\"@type\":\"WebPage\",\"@id\":\"https:\\\/\\\/die-mundgesundheitsstiftung.de\\\/project\\\/dr-robert-kirchner\\\/\",\"url\":\"https:\\\/\\\/die-mundgesundheitsstiftung.de\\\/project\\\/dr-robert-kirchner\\\/\",\"name\":\"Dr. Robert Kirchner - DMS Deutsche Mundgesundheitsstiftung\",\"isPartOf\":{\"@id\":\"https:\\\/\\\/die-mundgesundheitsstiftung.de\\\/#website\"},\"primaryImageOfPage\":{\"@id\":\"https:\\\/\\\/die-mundgesundheitsstiftung.de\\\/project\\\/dr-robert-kirchner\\\/#primaryimage\"},\"image\":{\"@id\":\"https:\\\/\\\/die-mundgesundheitsstiftung.de\\\/project\\\/dr-robert-kirchner\\\/#primaryimage\"},\"thumbnailUrl\":\"https:\\\/\\\/die-mundgesundheitsstiftung.de\\\/wp-content\\\/uploads\\\/2025\\\/06\\\/Dr.-Robert-Kirchner.png\",\"datePublished\":\"2025-06-24T09:43:47+00:00\",\"dateModified\":\"2025-11-07T08:19:05+00:00\",\"breadcrumb\":{\"@id\":\"https:\\\/\\\/die-mundgesundheitsstiftung.de\\\/project\\\/dr-robert-kirchner\\\/#breadcrumb\"},\"inLanguage\":\"en-US\",\"potentialAction\":[{\"@type\":\"ReadAction\",\"target\":[\"https:\\\/\\\/die-mundgesundheitsstiftung.de\\\/project\\\/dr-robert-kirchner\\\/\"]}]},{\"@type\":\"ImageObject\",\"inLanguage\":\"en-US\",\"@id\":\"https:\\\/\\\/die-mundgesundheitsstiftung.de\\\/project\\\/dr-robert-kirchner\\\/#primaryimage\",\"url\":\"https:\\\/\\\/die-mundgesundheitsstiftung.de\\\/wp-content\\\/uploads\\\/2025\\\/06\\\/Dr.-Robert-Kirchner.png\",\"contentUrl\":\"https:\\\/\\\/die-mundgesundheitsstiftung.de\\\/wp-content\\\/uploads\\\/2025\\\/06\\\/Dr.-Robert-Kirchner.png\",\"width\":250,\"height\":250,\"caption\":\"Dr. Robert Kirchner\"},{\"@type\":\"BreadcrumbList\",\"@id\":\"https:\\\/\\\/die-mundgesundheitsstiftung.de\\\/project\\\/dr-robert-kirchner\\\/#breadcrumb\",\"itemListElement\":[{\"@type\":\"ListItem\",\"position\":1,\"name\":\"Startseite\",\"item\":\"https:\\\/\\\/die-mundgesundheitsstiftung.de\\\/\"},{\"@type\":\"ListItem\",\"position\":2,\"name\":\"Projekte\",\"item\":\"https:\\\/\\\/die-mundgesundheitsstiftung.de\\\/project\\\/\"},{\"@type\":\"ListItem\",\"position\":3,\"name\":\"Dr. Robert Kirchner\"}]},{\"@type\":\"WebSite\",\"@id\":\"https:\\\/\\\/die-mundgesundheitsstiftung.de\\\/#website\",\"url\":\"https:\\\/\\\/die-mundgesundheitsstiftung.de\\\/\",\"name\":\"DMS Deutsche Mundgesundheitsstiftung\",\"description\":\"DMS Deutsche Mundgesundheitsstiftung\",\"potentialAction\":[{\"@type\":\"SearchAction\",\"target\":{\"@type\":\"EntryPoint\",\"urlTemplate\":\"https:\\\/\\\/die-mundgesundheitsstiftung.de\\\/?s={search_term_string}\"},\"query-input\":{\"@type\":\"PropertyValueSpecification\",\"valueRequired\":true,\"valueName\":\"search_term_string\"}}],\"inLanguage\":\"en-US\"}]}<\/script>\n<!-- \/ Yoast SEO plugin. -->","yoast_head_json":{"title":"Dr. Robert Kirchner - DMS Deutsche Mundgesundheitsstiftung","robots":{"index":"index","follow":"follow","max-snippet":"max-snippet:-1","max-image-preview":"max-image-preview:large","max-video-preview":"max-video-preview:-1"},"canonical":"https:\/\/die-mundgesundheitsstiftung.de\/en\/project\/dr-robert-kirchner\/","og_locale":"en_US","og_type":"article","og_title":"Dr. Robert Kirchner - DMS Deutsche Mundgesundheitsstiftung","og_description":"Dr. Kirchner &amp; KollegenDr. Robert Kirchner Vita 2000 - 2006:\u00a0Studium der Zahnmedizin an der Universit\u00e4t zu Freiburg im Breisgau 2006 - 2008:\u00a0Assistenzarzt in Praxis K\u00f6ln Deckstein 2008:\u00a0Angestellter Zahnarzt in Spezialisten-Praxis in K\u00f6ln Lindenthal 2009:\u00a0Promotion an der Universit\u00e4t zu K\u00f6ln 2010 - 2016:\u00a0Selbstst\u00e4ndiger Zahnarzt in K\u00f6ln Lindenthal nach erfolgreicher Zulassungspr\u00fcfung durch die KZV Nordrhein 2010:\u00a0Ausbilder- und [&hellip;]","og_url":"https:\/\/die-mundgesundheitsstiftung.de\/en\/project\/dr-robert-kirchner\/","og_site_name":"DMS Deutsche Mundgesundheitsstiftung","article_modified_time":"2025-11-07T08:19:05+00:00","og_image":[{"width":250,"height":250,"url":"https:\/\/die-mundgesundheitsstiftung.de\/media\/2025\/06\/Dr.-Robert-Kirchner.png","type":"image\/png"}],"twitter_card":"summary_large_image","twitter_misc":{"Est. reading time":"3 minutes"},"schema":{"@context":"https:\/\/schema.org","@graph":[{"@type":"WebPage","@id":"https:\/\/die-mundgesundheitsstiftung.de\/project\/dr-robert-kirchner\/","url":"https:\/\/die-mundgesundheitsstiftung.de\/project\/dr-robert-kirchner\/","name":"Dr. Robert Kirchner - DMS Deutsche Mundgesundheitsstiftung","isPartOf":{"@id":"https:\/\/die-mundgesundheitsstiftung.de\/#website"},"primaryImageOfPage":{"@id":"https:\/\/die-mundgesundheitsstiftung.de\/project\/dr-robert-kirchner\/#primaryimage"},"image":{"@id":"https:\/\/die-mundgesundheitsstiftung.de\/project\/dr-robert-kirchner\/#primaryimage"},"thumbnailUrl":"https:\/\/die-mundgesundheitsstiftung.de\/media\/2025\/06\/Dr.-Robert-Kirchner.png","datePublished":"2025-06-24T09:43:47+00:00","dateModified":"2025-11-07T08:19:05+00:00","breadcrumb":{"@id":"https:\/\/die-mundgesundheitsstiftung.de\/project\/dr-robert-kirchner\/#breadcrumb"},"inLanguage":"en-US","potentialAction":[{"@type":"ReadAction","target":["https:\/\/die-mundgesundheitsstiftung.de\/project\/dr-robert-kirchner\/"]}]},{"@type":"ImageObject","inLanguage":"en-US","@id":"https:\/\/die-mundgesundheitsstiftung.de\/project\/dr-robert-kirchner\/#primaryimage","url":"https:\/\/die-mundgesundheitsstiftung.de\/media\/2025\/06\/Dr.-Robert-Kirchner.png","contentUrl":"https:\/\/die-mundgesundheitsstiftung.de\/media\/2025\/06\/Dr.-Robert-Kirchner.png","width":250,"height":250,"caption":"Dr. Robert Kirchner"},{"@type":"BreadcrumbList","@id":"https:\/\/die-mundgesundheitsstiftung.de\/project\/dr-robert-kirchner\/#breadcrumb","itemListElement":[{"@type":"ListItem","position":1,"name":"Startseite","item":"https:\/\/die-mundgesundheitsstiftung.de\/"},{"@type":"ListItem","position":2,"name":"Projekte","item":"https:\/\/die-mundgesundheitsstiftung.de\/project\/"},{"@type":"ListItem","position":3,"name":"Dr. Robert Kirchner"}]},{"@type":"WebSite","@id":"https:\/\/die-mundgesundheitsstiftung.de\/#website","url":"https:\/\/die-mundgesundheitsstiftung.de\/","name":"DMS Deutsche Mundgesundheitsstiftung","description":"DMS Deutsche Mundgesundheitsstiftung","potentialAction":[{"@type":"SearchAction","target":{"@type":"EntryPoint","urlTemplate":"https:\/\/die-mundgesundheitsstiftung.de\/?s={search_term_string}"},"query-input":{"@type":"PropertyValueSpecification","valueRequired":true,"valueName":"search_term_string"}}],"inLanguage":"en-US"}]}},"_links":{"self":[{"href":"https:\/\/die-mundgesundheitsstiftung.de\/en\/wp-json\/wp\/v2\/project\/27004326","targetHints":{"allow":["GET"]}}],"collection":[{"href":"https:\/\/die-mundgesundheitsstiftung.de\/en\/wp-json\/wp\/v2\/project"}],"about":[{"href":"https:\/\/die-mundgesundheitsstiftung.de\/en\/wp-json\/wp\/v2\/types\/project"}],"author":[{"embeddable":true,"href":"https:\/\/die-mundgesundheitsstiftung.de\/en\/wp-json\/wp\/v2\/users\/8"}],"replies":[{"embeddable":true,"href":"https:\/\/die-mundgesundheitsstiftung.de\/en\/wp-json\/wp\/v2\/comments?post=27004326"}],"version-history":[{"count":5,"href":"https:\/\/die-mundgesundheitsstiftung.de\/en\/wp-json\/wp\/v2\/project\/27004326\/revisions"}],"predecessor-version":[{"id":27585167,"href":"https:\/\/die-mundgesundheitsstiftung.de\/en\/wp-json\/wp\/v2\/project\/27004326\/revisions\/27585167"}],"wp:featuredmedia":[{"embeddable":true,"href":"https:\/\/die-mundgesundheitsstiftung.de\/en\/wp-json\/wp\/v2\/media\/27004327"}],"wp:attachment":[{"href":"https:\/\/die-mundgesundheitsstiftung.de\/en\/wp-json\/wp\/v2\/media?parent=27004326"}],"wp:term":[{"taxonomy":"project_category","embeddable":true,"href":"https:\/\/die-mundgesundheitsstiftung.de\/en\/wp-json\/wp\/v2\/project_category?post=27004326"},{"taxonomy":"project_tag","embeddable":true,"href":"https:\/\/die-mundgesundheitsstiftung.de\/en\/wp-json\/wp\/v2\/project_tag?post=27004326"}],"curies":[{"name":"wp","href":"https:\/\/api.w.org\/{rel}","templated":true}]}}